{"id":1892,"date":"2021-03-29T14:54:10","date_gmt":"2021-03-29T14:54:10","guid":{"rendered":"https:\/\/racoon.network\/?page_id=1892"},"modified":"2021-11-03T20:04:18","modified_gmt":"2021-11-03T20:04:18","slug":"news","status":"publish","type":"page","link":"https:\/\/racoon.network\/?page_id=1892","title":{"rendered":"News"},"content":{"rendered":"\t\t<div data-elementor-type=\"wp-page\" data-elementor-id=\"1892\" class=\"elementor elementor-1892\">\n\t\t\t\t\t\t<section class=\"elementor-section elementor-top-section elementor-element elementor-element-a04fdc0 elementor-section-stretched elementor-section-boxed elementor-section-height-default elementor-section-height-default\" data-id=\"a04fdc0\" data-element_type=\"section\" data-e-type=\"section\" data-settings=\"{&quot;stretch_section&quot;:&quot;section-stretched&quot;,&quot;animation&quot;:&quot;none&quot;}\">\n\t\t\t\t\t\t<div class=\"elementor-container elementor-column-gap-default\">\n\t\t\t\t\t<div class=\"elementor-column elementor-col-100 elementor-top-column elementor-element elementor-element-ee0cf1d\" data-id=\"ee0cf1d\" data-element_type=\"column\" data-e-type=\"column\" data-settings=\"{&quot;animation&quot;:&quot;none&quot;}\">\n\t\t\t<div class=\"elementor-widget-wrap elementor-element-populated\">\n\t\t\t\t\t\t<div class=\"elementor-element elementor-element-215cf69 elementor-widget elementor-widget-heading\" data-id=\"215cf69\" data-element_type=\"widget\" data-e-type=\"widget\" data-widget_type=\"heading.default\">\n\t\t\t\t<div class=\"elementor-widget-container\">\n\t\t\t\t\t<h2 class=\"elementor-heading-title elementor-size-default\">Pressekonferenz 28.01.2021<\/h2>\t\t\t\t<\/div>\n\t\t\t\t<\/div>\n\t\t\t\t<div class=\"elementor-element elementor-element-8f35f88 elementor-widget elementor-widget-spacer\" data-id=\"8f35f88\" data-element_type=\"widget\" data-e-type=\"widget\" data-widget_type=\"spacer.default\">\n\t\t\t\t<div class=\"elementor-widget-container\">\n\t\t\t\t\t\t\t<div class=\"elementor-spacer\">\n\t\t\t<div class=\"elementor-spacer-inner\"><\/div>\n\t\t<\/div>\n\t\t\t\t\t\t<\/div>\n\t\t\t\t<\/div>\n\t\t\t\t<div class=\"elementor-element elementor-element-bb36823 elementor-widget elementor-widget-video\" data-id=\"bb36823\" data-element_type=\"widget\" data-e-type=\"widget\" data-settings=\"{&quot;video_type&quot;:&quot;hosted&quot;,&quot;controls&quot;:&quot;yes&quot;}\" data-widget_type=\"video.default\">\n\t\t\t\t<div class=\"elementor-widget-container\">\n\t\t\t\t\t\t\t<div class=\"e-hosted-video elementor-wrapper elementor-open-inline\">\n\t\t\t\t\t<video class=\"elementor-video\" src=\"https:\/\/static1.bmbfcluster.de\/4\/7\/4\/5\/2_79651fbc9ac3837\/47452_f3c8a801e773bf4_web_720p.mp4\" controls=\"\" preload=\"metadata\" controlsList=\"nodownload\"><\/video>\n\t\t\t\t<\/div>\n\t\t\t\t\t\t<\/div>\n\t\t\t\t<\/div>\n\t\t\t\t<div class=\"elementor-element elementor-element-c692108 elementor-widget elementor-widget-spacer\" data-id=\"c692108\" data-element_type=\"widget\" data-e-type=\"widget\" data-widget_type=\"spacer.default\">\n\t\t\t\t<div class=\"elementor-widget-container\">\n\t\t\t\t\t\t\t<div class=\"elementor-spacer\">\n\t\t\t<div class=\"elementor-spacer-inner\"><\/div>\n\t\t<\/div>\n\t\t\t\t\t\t<\/div>\n\t\t\t\t<\/div>\n\t\t\t\t<div class=\"elementor-element elementor-element-d719b44 elementor-widget-divider--view-line elementor-widget elementor-widget-divider\" data-id=\"d719b44\" data-element_type=\"widget\" data-e-type=\"widget\" data-widget_type=\"divider.default\">\n\t\t\t\t<div class=\"elementor-widget-container\">\n\t\t\t\t\t\t\t<div class=\"elementor-divider\">\n\t\t\t<span class=\"elementor-divider-separator\">\n\t\t\t\t\t\t<\/span>\n\t\t<\/div>\n\t\t\t\t\t\t<\/div>\n\t\t\t\t<\/div>\n\t\t\t\t<div class=\"elementor-element elementor-element-c40c4f1 elementor-widget elementor-widget-spacer\" data-id=\"c40c4f1\" data-element_type=\"widget\" data-e-type=\"widget\" data-widget_type=\"spacer.default\">\n\t\t\t\t<div class=\"elementor-widget-container\">\n\t\t\t\t\t\t\t<div class=\"elementor-spacer\">\n\t\t\t<div class=\"elementor-spacer-inner\"><\/div>\n\t\t<\/div>\n\t\t\t\t\t\t<\/div>\n\t\t\t\t<\/div>\n\t\t\t\t<div class=\"elementor-element elementor-element-f0bcde7 elementor-widget elementor-widget-text-editor\" data-id=\"f0bcde7\" data-element_type=\"widget\" data-e-type=\"widget\" data-widget_type=\"text-editor.default\">\n\t\t\t\t<div class=\"elementor-widget-container\">\n\t\t\t\t\t\t\t\t\t<p style=\"text-align: center;\"><b><i>&#8222;Wir leben nach wie vor in einer schwierigen Zeit\u201c<\/i><\/b>, sagte Forschungsministerin Anja Karliczek <br \/>rund ein Jahr nachdem der erste Corona-Fall in Deutschland bekannt wurde. Gerade die Wissenschaft sei es, die in dieser Phase <br \/>der Pandemie Hoffnung gebe. Dazu trage auch das vom BMBF gef\u00f6rderte Netzwerk Universit\u00e4tsmedizin ma\u00dfgeblich bei.<\/p><p><b><i><br \/>\u201eDieses Netzwerk ist ein wesentlicher Baustein in unseren Bem\u00fchungen in Deutschland, unsere Bev\u00f6lkerung bestm\u00f6glich zu sch\u00fctzen. <br \/>Es vereint in einmaliger Weise Forschung und Versorgung im Gesundheitsbereich\u201c<\/i><\/b>, so Karliczek.<\/p><p><b>Was ist das Netzwerk Universit\u00e4tsmedizin?<\/b><\/p><p>Das Ziel des Netzwerks ist, eine Grundlage zu schaffen, um \u00fcberall im Land Erkrankte bestm\u00f6glich versorgen zu k\u00f6nnen. <br \/>Hierf\u00fcr haben sich bis zum Fr\u00fchsommer 2020 alle 36 Universit\u00e4tskliniken in Deutschland zu einem nationalen Netzwerk zusammengeschlossen \u2013 <br \/>dem Netzwerk Universit\u00e4tsmedizin, kurz NUM. Ein einmaliges Ereignis.<\/p><p>Unterst\u00fctzt wird das Netzwerk vom BMBF mit bis zu 150 Millionen Euro. Denn die Medizinerinnen und Mediziner treiben <br \/>mittlerweile auch aus dem Netzwerk heraus Forschung an. 13 Projekte existieren bereits.<\/p><p><span style=\"font-size: 16px; font-style: normal; font-weight: 300;\">Finden Sie hier die ganze\u00a0<\/span><a style=\"font-size: 16px; font-weight: 300; font-style: normal; background-color: #fcfcfc;\" href=\"https:\/\/www.bmbf.de\/de\/aktueller-stand-beim-netzwerk-universitaetsmedizin-13653.html\">Pressemitteilung<\/a><span style=\"font-size: 16px; font-style: normal; font-weight: 300;\">.<\/span><\/p>\t\t\t\t\t\t\t\t<\/div>\n\t\t\t\t<\/div>\n\t\t\t\t<div class=\"elementor-element elementor-element-9b8000f elementor-widget elementor-widget-spacer\" data-id=\"9b8000f\" data-element_type=\"widget\" data-e-type=\"widget\" data-widget_type=\"spacer.default\">\n\t\t\t\t<div class=\"elementor-widget-container\">\n\t\t\t\t\t\t\t<div class=\"elementor-spacer\">\n\t\t\t<div class=\"elementor-spacer-inner\"><\/div>\n\t\t<\/div>\n\t\t\t\t\t\t<\/div>\n\t\t\t\t<\/div>\n\t\t\t\t<div class=\"elementor-element elementor-element-2775e38 elementor-widget-divider--view-line elementor-widget elementor-widget-divider\" data-id=\"2775e38\" data-element_type=\"widget\" data-e-type=\"widget\" data-widget_type=\"divider.default\">\n\t\t\t\t<div class=\"elementor-widget-container\">\n\t\t\t\t\t\t\t<div class=\"elementor-divider\">\n\t\t\t<span class=\"elementor-divider-separator\">\n\t\t\t\t\t\t<\/span>\n\t\t<\/div>\n\t\t\t\t\t\t<\/div>\n\t\t\t\t<\/div>\n\t\t\t\t\t<\/div>\n\t\t<\/div>\n\t\t\t\t\t<\/div>\n\t\t<\/section>\n\t\t\t\t<section class=\"elementor-section elementor-top-section elementor-element elementor-element-745474b elementor-section-stretched elementor-section-boxed elementor-section-height-default elementor-section-height-default\" data-id=\"745474b\" data-element_type=\"section\" data-e-type=\"section\" data-settings=\"{&quot;stretch_section&quot;:&quot;section-stretched&quot;,&quot;animation&quot;:&quot;none&quot;}\">\n\t\t\t\t\t\t<div class=\"elementor-container elementor-column-gap-default\">\n\t\t\t\t\t<div class=\"elementor-column elementor-col-100 elementor-top-column elementor-element elementor-element-c6a05f4\" data-id=\"c6a05f4\" data-element_type=\"column\" data-e-type=\"column\" data-settings=\"{&quot;animation&quot;:&quot;none&quot;}\">\n\t\t\t<div class=\"elementor-widget-wrap elementor-element-populated\">\n\t\t\t\t\t\t<div class=\"elementor-element elementor-element-d07bb55 elementor-widget elementor-widget-heading\" data-id=\"d07bb55\" data-element_type=\"widget\" data-e-type=\"widget\" data-widget_type=\"heading.default\">\n\t\t\t\t<div class=\"elementor-widget-container\">\n\t\t\t\t\t<h2 class=\"elementor-heading-title elementor-size-default\">Pressekonferenz 01.10.2020<\/h2>\t\t\t\t<\/div>\n\t\t\t\t<\/div>\n\t\t\t\t<div class=\"elementor-element elementor-element-8b99f5c elementor-widget elementor-widget-spacer\" data-id=\"8b99f5c\" data-element_type=\"widget\" data-e-type=\"widget\" data-widget_type=\"spacer.default\">\n\t\t\t\t<div class=\"elementor-widget-container\">\n\t\t\t\t\t\t\t<div class=\"elementor-spacer\">\n\t\t\t<div class=\"elementor-spacer-inner\"><\/div>\n\t\t<\/div>\n\t\t\t\t\t\t<\/div>\n\t\t\t\t<\/div>\n\t\t\t\t<div class=\"elementor-element elementor-element-4a8221c elementor-widget elementor-widget-video\" data-id=\"4a8221c\" data-element_type=\"widget\" data-e-type=\"widget\" data-settings=\"{&quot;video_type&quot;:&quot;hosted&quot;,&quot;controls&quot;:&quot;yes&quot;}\" data-widget_type=\"video.default\">\n\t\t\t\t<div class=\"elementor-widget-container\">\n\t\t\t\t\t\t\t<div class=\"e-hosted-video elementor-wrapper elementor-open-inline\">\n\t\t\t\t\t<video class=\"elementor-video\" src=\"https:\/\/static1.bmbfcluster.de\/4\/3\/3\/9\/0_1acd52ef42b8a00\/43390_4e9db56132ff982_web.mp4\" controls=\"\" preload=\"metadata\" controlsList=\"nodownload\"><\/video>\n\t\t\t\t<\/div>\n\t\t\t\t\t\t<\/div>\n\t\t\t\t<\/div>\n\t\t\t\t<div class=\"elementor-element elementor-element-14bf755 elementor-widget elementor-widget-spacer\" data-id=\"14bf755\" data-element_type=\"widget\" data-e-type=\"widget\" data-widget_type=\"spacer.default\">\n\t\t\t\t<div class=\"elementor-widget-container\">\n\t\t\t\t\t\t\t<div class=\"elementor-spacer\">\n\t\t\t<div class=\"elementor-spacer-inner\"><\/div>\n\t\t<\/div>\n\t\t\t\t\t\t<\/div>\n\t\t\t\t<\/div>\n\t\t\t\t<div class=\"elementor-element elementor-element-5a25183 elementor-widget-divider--view-line elementor-widget elementor-widget-divider\" data-id=\"5a25183\" data-element_type=\"widget\" data-e-type=\"widget\" data-widget_type=\"divider.default\">\n\t\t\t\t<div class=\"elementor-widget-container\">\n\t\t\t\t\t\t\t<div class=\"elementor-divider\">\n\t\t\t<span class=\"elementor-divider-separator\">\n\t\t\t\t\t\t<\/span>\n\t\t<\/div>\n\t\t\t\t\t\t<\/div>\n\t\t\t\t<\/div>\n\t\t\t\t<div class=\"elementor-element elementor-element-673cf45 elementor-widget elementor-widget-spacer\" data-id=\"673cf45\" data-element_type=\"widget\" data-e-type=\"widget\" data-widget_type=\"spacer.default\">\n\t\t\t\t<div class=\"elementor-widget-container\">\n\t\t\t\t\t\t\t<div class=\"elementor-spacer\">\n\t\t\t<div class=\"elementor-spacer-inner\"><\/div>\n\t\t<\/div>\n\t\t\t\t\t\t<\/div>\n\t\t\t\t<\/div>\n\t\t\t\t<div class=\"elementor-element elementor-element-68ce5a1 elementor-widget elementor-widget-text-editor\" data-id=\"68ce5a1\" data-element_type=\"widget\" data-e-type=\"widget\" data-widget_type=\"text-editor.default\">\n\t\t\t\t<div class=\"elementor-widget-container\">\n\t\t\t\t\t\t\t\t\t<p>Mit dem <b>\u201eNationalen Netzwerk der Universit\u00e4tsmedizin zu Covid-19\u201c<\/b> b\u00fcndelt und st\u00e4rkt das Bundesministerium f\u00fcr Bildung und Forschung (BMBF) die Forschungsaktivit\u00e4ten in den deutschen Universit\u00e4tskliniken zur Bew\u00e4ltigung der aktuellen Pandemie. F\u00fcr das Netzwerk Universit\u00e4tsmedizin stellt das BMBF insgesamt 150 Millionen Euro bereit. Das Netzwerk hat dreizehn vordringliche Themen festgelegt, zu denen nun klinik\u00fcbergreifende Forschungsprojekte starten.<\/p>\n<p><\/p>\n<p>Dazu erkl\u00e4rt Bundesforschungsministerin Anja Karliczek:<\/p>\t\t\t\t\t\t\t\t<\/div>\n\t\t\t\t<\/div>\n\t\t\t\t<div class=\"elementor-element elementor-element-66b0d41 elementor-widget elementor-widget-text-editor\" data-id=\"66b0d41\" data-element_type=\"widget\" data-e-type=\"widget\" data-widget_type=\"text-editor.default\">\n\t\t\t\t<div class=\"elementor-widget-container\">\n\t\t\t\t\t\t\t\t\t<p><b style=\"font-style: inherit;\"><i>\u201eWir brauchen wirkungsvolle Konzepte, um die Menschen, die an Covid-19 erkranken, bestm\u00f6glich behandeln zu k\u00f6nnen. Und wir m\u00fcssen die besten Strategien finden, um die Ausbreitung der Pandemie einzud\u00e4mmen. Ich bin \u00fcberzeugt davon, dass die heute vom Netzwerk Universit\u00e4tsmedizin vorgestellten Forschungsarbeiten hierzu einen wichtigen Beitrag leisten werden. Ich w\u00fcnsche den Wissenschaftlerinnen und Wissenschaftlern viel Erfolg bei ihrer Arbeit.<\/i><\/b><\/p><p><b><i>Das Netzwerk Universit\u00e4tsmedizin ist in dieser Form einmalig. Alle deutschen Universit\u00e4tskliniken sind Teil dieses Netzwerkes. Die Kliniken tauschen ihr Wissen und ihre Erfahrungen mit der Behandlung von Covid-19-Erkrankten aus und lernen so fortlaufend miteinander und voneinander. Gemeinsam l\u00f6sen sie dr\u00e4ngende Fragen f\u00fcr die Verbesserung der Behandlung und entwickeln Behandlungsstrategien und -konzepte, die eine bestm\u00f6gliche Versorgung der Patientinnen und Patienten sichern. Au\u00dferdem suchen sie nach den besten Wegen, die Pandemie unter Kontrolle zu halten. F\u00fcr diesen unerm\u00fcdlichen Einsatz danke ich allen beteiligten Akteuren.\u201c<\/i><\/b><\/p>\t\t\t\t\t\t\t\t<\/div>\n\t\t\t\t<\/div>\n\t\t\t\t<div class=\"elementor-element elementor-element-10f9267 elementor-widget elementor-widget-spacer\" data-id=\"10f9267\" data-element_type=\"widget\" data-e-type=\"widget\" data-widget_type=\"spacer.default\">\n\t\t\t\t<div class=\"elementor-widget-container\">\n\t\t\t\t\t\t\t<div class=\"elementor-spacer\">\n\t\t\t<div class=\"elementor-spacer-inner\"><\/div>\n\t\t<\/div>\n\t\t\t\t\t\t<\/div>\n\t\t\t\t<\/div>\n\t\t\t\t<div class=\"elementor-element elementor-element-abe067f elementor-widget elementor-widget-text-editor\" data-id=\"abe067f\" data-element_type=\"widget\" data-e-type=\"widget\" data-widget_type=\"text-editor.default\">\n\t\t\t\t<div class=\"elementor-widget-container\">\n\t\t\t\t\t\t\t\t\t<p>Finden Sie hier die ganze&nbsp;<a href=\"https:\/\/www.bmbf.de\/de\/karliczek-netzwerk-universitaetsmedizin-startet-vertiefte-forschungsarbeit-zu-covid-19-12649.html\" target=\"_blank\">Pressemitteilung<\/a>.<\/p>\t\t\t\t\t\t\t\t<\/div>\n\t\t\t\t<\/div>\n\t\t\t\t\t<\/div>\n\t\t<\/div>\n\t\t\t\t\t<\/div>\n\t\t<\/section>\n\t\t\t\t<\/div>\n\t\t","protected":false},"excerpt":{"rendered":"<p>Pressekonferenz 28.01.2021 https:\/\/static1.bmbfcluster.de\/4\/7\/4\/5\/2_79651fbc9ac3837\/47452_f3c8a801e773bf4_web_720p.mp4 &#8222;Wir leben nach wie vor in einer schwierigen Zeit\u201c, sagte Forschungsministerin Anja Karliczek rund ein Jahr nachdem der erste Corona-Fall in Deutschland bekannt wurde. Gerade die Wissenschaft sei es, die in dieser Phase der Pandemie Hoffnung gebe. Dazu trage auch das vom BMBF gef\u00f6rderte Netzwerk Universit\u00e4tsmedizin ma\u00dfgeblich &hellip;<\/p>\n<p class=\"read-more\"> <a class=\"\" href=\"https:\/\/racoon.network\/?page_id=1892\"> <span class=\"screen-reader-text\">News<\/span>Read More &raquo;<\/a><\/p>\n","protected":false},"author":1,"featured_media":0,"parent":0,"menu_order":0,"comment_status":"closed","ping_status":"closed","template":"elementor_theme","meta":{"inline_featured_image":false,"footnotes":""},"class_list":["post-1892","page","type-page","status-publish","hentry"],"pbg_featured_image_src":{"full":false,"thumbnail":false,"medium":false,"medium_large":false,"large":false,"leap-image-100x100":false,"1536x1536":false,"2048x2048":false},"pbg_author_info":{"display_name":"admin","author_link":"https:\/\/racoon.network\/?author=1","author_img":"<img alt='admin' src='https:\/\/secure.gravatar.com\/avatar\/8931e98758e400caba5ef80ef255d639487b3d190ea2bc1f3e8bc8317605a2a5?s=128&#038;d=mm&#038;r=g' srcset='https:\/\/secure.gravatar.com\/avatar\/8931e98758e400caba5ef80ef255d639487b3d190ea2bc1f3e8bc8317605a2a5?s=256&#038;d=mm&#038;r=g 2x' class='avatar avatar-128 photo' height='128' width='128' decoding='async'\/>"},"pbg_comment_info":" No Comments","pbg_excerpt":"Pressekonferenz 28.01.2021 https:\/\/static1.bmbfcluster.de\/4\/7\/4\/5\/2_79651fbc9ac3837\/47452_f3c8a801e773bf4_web_720p.mp4 &#8222;Wir leben nach wie vor in einer schwierigen Zeit\u201c, sagte Forschungsministerin Anja Karliczek rund ein Jahr nachdem der erste Corona-Fall in Deutschland bekannt wurde. Gerade die Wissenschaft sei es, die in dieser Phase der Pandemie Hoffnung gebe. Dazu trage auch das vom BMBF gef\u00f6rderte Netzwerk Universit\u00e4tsmedizin ma\u00dfgeblich &hellip; NewsRead More &raquo;","_links":{"self":[{"href":"https:\/\/racoon.network\/index.php?rest_route=\/wp\/v2\/pages\/1892","targetHints":{"allow":["GET"]}}],"collection":[{"href":"https:\/\/racoon.network\/index.php?rest_route=\/wp\/v2\/pages"}],"about":[{"href":"https:\/\/racoon.network\/index.php?rest_route=\/wp\/v2\/types\/page"}],"author":[{"embeddable":true,"href":"https:\/\/racoon.network\/index.php?rest_route=\/wp\/v2\/users\/1"}],"replies":[{"embeddable":true,"href":"https:\/\/racoon.network\/index.php?rest_route=%2Fwp%2Fv2%2Fcomments&post=1892"}],"version-history":[{"count":52,"href":"https:\/\/racoon.network\/index.php?rest_route=\/wp\/v2\/pages\/1892\/revisions"}],"predecessor-version":[{"id":3143,"href":"https:\/\/racoon.network\/index.php?rest_route=\/wp\/v2\/pages\/1892\/revisions\/3143"}],"wp:attachment":[{"href":"https:\/\/racoon.network\/index.php?rest_route=%2Fwp%2Fv2%2Fmedia&parent=1892"}],"curies":[{"name":"wp","href":"https:\/\/api.w.org\/{rel}","templated":true}]}}