{"id":4609,"date":"2023-03-16T22:37:11","date_gmt":"2023-03-16T22:37:11","guid":{"rendered":"https:\/\/racoon.network\/?page_id=4609"},"modified":"2024-05-15T08:59:30","modified_gmt":"2024-05-15T08:59:30","slug":"freiburg-ukf","status":"publish","type":"page","link":"https:\/\/racoon.network\/?page_id=4609","title":{"rendered":"Freiburg \u2013 UKFR &#8211; COMBINE"},"content":{"rendered":"\t\t<div data-elementor-type=\"wp-page\" data-elementor-id=\"4609\" class=\"elementor elementor-4609\">\n\t\t\t\t\t\t<section class=\"elementor-section elementor-top-section elementor-element elementor-element-5195c1e4 elementor-section-boxed elementor-section-height-default elementor-section-height-default\" data-id=\"5195c1e4\" data-element_type=\"section\" data-e-type=\"section\">\n\t\t\t\t\t\t<div class=\"elementor-container elementor-column-gap-default\">\n\t\t\t\t\t<div class=\"elementor-column elementor-col-100 elementor-top-column elementor-element elementor-element-23ab342b\" data-id=\"23ab342b\" data-element_type=\"column\" data-e-type=\"column\">\n\t\t\t<div class=\"elementor-widget-wrap elementor-element-populated\">\n\t\t\t\t\t\t<div class=\"elementor-element elementor-element-16cbaea1 elementor-widget elementor-widget-text-editor\" data-id=\"16cbaea1\" data-element_type=\"widget\" data-e-type=\"widget\" data-widget_type=\"text-editor.default\">\n\t\t\t\t<div class=\"elementor-widget-container\">\n\t\t\t\t\t\t\t\t\t<p style=\"text-align: center;\"><b>Information<span data-stringify-type=\"bold\"> nach Art. 13, 14, 26 DS-GVO<\/span><\/b><\/p>\n\n\n\t\n\t\n\t\n\t\n\n<p style=\"line-height: 120%; margin-bottom: 0.39cm\" align=\"justify\">\n<b>RACOON<\/b><\/p>\n<p style=\"line-height: 120%; margin-bottom: 0.39cm\" align=\"justify\">\nUnser Klinikum nimmt an dem deutschlandweiten Projekt RACOON teil.\nRACOON ist ein vom Bundesministerium f\u00fcr Bildung und Forschung\ngef\u00f6rdertes Projekt zur Entwicklung von Bildanalyseverfahren und\nk\u00fcnstlicher Intelligenz zum besseren Verst\u00e4ndnis von COVID-19 und\n\u00e4hnlichen Erkrankungen. Es soll helfen, die Diagnostik und\nTherapieentscheidungen im Management von COVID-19 und verwandten\nErkrankungen zu verbessern. \n<\/p>\n<p style=\"line-height: 120%; margin-bottom: 0.39cm\" align=\"justify\">\nRACOON ist eine Forschungsinfrastruktur, die auf einem einzigartigen\nhybriden Netzwerkinfrastrukturkonzept aufbaut. Mithilfe der RACOON\nInfrastruktur soll es Forschenden erm\u00f6glicht gemacht werden,\nForschungsprojekte mit mehreren Universit\u00e4tskliniken gemeinsam\ndurchzuf\u00fchren, um daraus belastbare Erkenntnisse f\u00fcr die\nVerbesserung der Krankenversorgung abzuleiten. RACOON besteht aus\nbundesweit verteilten Hardwareknoten an jeder Universit\u00e4tsklinik\n(<b>RACOON-NODEs<\/b>) und einer zentralen Umgebung am\nUniversit\u00e4tsklinikum Essen (<b>RACOON-CENTRAL<\/b>). Durch die\nerstmalige Anbindung aller universit\u00e4tsmedizinischen Institute in\nDeutschland entsteht die M\u00f6glichkeiten zu gro\u00dffl\u00e4chigen,\nbundesweiten Forschungsprojekten, welche bisher nicht umsetzbare\nForschung m\u00f6glich macht. So k\u00f6nnen Wirkmechanismen von\nErkrankungen, relevante Einflussfaktoren auf deren Verl\u00e4ufe\nuntersucht werden und Erkenntnisse zu Risikofaktoren vulnerabler\nPatientengruppen und der Wirksamkeit von Therapieans\u00e4tzen abgeleitet\nwerden. Mit RACOON k\u00f6nnen Forschungsprojekte mit innovativen\nAns\u00e4tzen durchgef\u00fchrt werden, f\u00fcr die bisher der Zugang zu\nausreichend gro\u00dfen und gut aufgearbeiteten Patientenkohorten fehlte;\nmittelbar flie\u00dfen die Ergebnisse erfolgreicher Studien in das\nGesundheitswesen zur\u00fcck und verbessern die Behandlungsqualit\u00e4t\njedes einzelnen Patienten.<\/p>\n<p style=\"line-height: 120%; margin-bottom: 0.39cm\" align=\"justify\">\nWeitere Informationen zu RACOON finden Sie unter\n<font color=\"#0563c1\"><u><a href=\"https:\/\/racoon.network\/\">https:\/\/racoon.network\/<\/a><\/u><\/font>.\n<\/p>\n<p style=\"line-height: 120%; margin-bottom: 0.39cm\" align=\"justify\">\n<b>RACOON Subprojekt <\/b><span style=\"font-style: normal\"><b>COMBINE<\/b><\/span><\/p>\n<p style=\"line-height: 120%; margin-bottom: 0.39cm\" align=\"justify\">\nWir, <span style=\"font-style: normal\">das Universit\u00e4tsklinikum\nFreiburg<\/span>, und die im Folgenden unter 1. Genannten Stellen\n(<b>Subprojektpartner<\/b>) f\u00fchren das RACOON Subprojekt <i><span style=\"background: transparent\">COMBINE<\/span><\/i><i><span style=\"font-weight: normal\">\n<\/span><\/i>(<b>RACOON Subprojekt<\/b>) durch. Ziel des RACOON\nSubprojekts ist <span style=\"font-style: normal\"><span style=\"background: transparent\">die\nEntwicklung und Umsetzung einer Pipeline f\u00fcr die Extraktion\nCOVID-spezifischer, pr\u00e4diktiver und prognostischer quantitativer\nBildgebungs-Biomarker (C-QIBs), um eine umfassende Ph\u00e4notypisierung\nnicht nur der Erkrankung, sondern auch des Erkrankten, also seines\nk\u00f6rperlichen Zustands und seiner Begleiterkrankungen zu erm\u00f6glichen.<\/span><\/span><\/p>\n<p style=\"line-height: 120%; margin-bottom: 0.39cm\" align=\"justify\">\nF\u00fcr das RACOON Subprojekt verarbeiten wir Ihre Daten, die wir im\nRahmen Ihrer Behandlung bei uns erhoben haben. Vor der Verwendung f\u00fcr\ndas RACOON Subprojekt werden zun\u00e4chst die identifizierenden\nAttribute (Name, Geburtsdatum, Adresse usw.) aus Ihrem Datensatz\nentfernt und die verbleibenden Daten (siehe Ziffer 3) im Rahmen eines\naufw\u00e4ndigen Verfahrens in unserer RACOON-NODE unumkehrbar verhasht,\nsodass ein R\u00fcckschluss auf Ihre Identit\u00e4t anhand des verbleibenden\nDatensatzes nicht m\u00f6glich ist.<i> <\/i>Aufgrund des eingesetzten\nVerfahrens <span style=\"background: transparent\">sind die\npseudonymisierten Daten in einer Weise anonymisiert, dass die\nbetroffene Person von Empf\u00e4ngern (wie die Forschenden anderer\nUniversit\u00e4tsklinika) nicht mehr identifziert werden kann<\/span>.<a href=\"#sdfootnote1sym\"><sup>1<\/sup><\/a>\nAnschlie\u00dfend werden die Daten in RACOON-CENTRAL hochgeladen und\nunseren Subprojektpartnern freigegeben und von uns und unseren\nSubprojektpartnern zur Durchf\u00fchrung des RACOON Subprojekts\nverarbeitet. Ihre Daten werden von den Subprojektpartnern nicht aus\nRACOON-CENTRAL heruntergeladen oder lokal gespeichert.<\/p>\n<ol><li><p style=\"margin-bottom: 0cm\" align=\"justify\"><b>Wer sind die\n\tVerantwortlichen und Datenschutzbeauftragten?<\/b><\/p>\n<\/li><\/ol>\n<p style=\"line-height: 120%; margin-bottom: 0.39cm\" align=\"justify\">\nWir, und die im Folgenden genannten Stellen, arbeiten bei dem RACOON\nSubprojekt eng zusammen. Aufgrund der Zusammenarbeit verarbeiten wir\nIhre personenbezogenen Daten auch teilweise gemeinsam.<\/p>\n<p style=\"line-height: 120%; margin-bottom: 0.39cm\" align=\"justify\">\nZur Gew\u00e4hrleistung Ihrer Rechte und unter Ber\u00fccksichtigung der\nVorgaben der EU-Datenschutz-Grundverordnung (DS-GVO) haben wir eine\nVereinbarung geschlossen, die Regeln \u00fcber die Verarbeitung Ihrer\npersonenbezogenen Daten aufstellt. Als sog. Gemeinsame\nVerantwortliche (nach Art. 26 DS-GVO) sind wir gemeinsam f\u00fcr die\nVerarbeitung Ihrer Daten verantwortlich.<\/p>\n<p style=\"line-height: 120%; margin-bottom: 0.39cm\" align=\"justify\">\nVerantwortliche gem. Art. 4 Abs. 7 DS-GVO sind \n<\/p>\n<p style=\"line-height: 120%; margin-bottom: 0.39cm\" align=\"left\">\n<span style=\"font-style: normal\"><span style=\"background: transparent\">Universit\u00e4tsklinikum\nFreiburg<br>\nKlinik f\u00fcr Diagnostische und Interventionelle\nRadiologie<br>\nDirektor: Prof. Dr. Fabian Bamberg<br>\nHugstetter\nStra\u00dfe 55<br>\nKlinik f\u00fcr Neuroradiologie<br>\nDirektor: Prof. Dr.\nHorst Urbach<br>\nBreisacher Stra\u00dfe 64<br>\n79106 Freiburg<\/span><\/span><\/p>\n<p style=\"line-height: 120%; margin-bottom: 0.39cm\" align=\"left\">\n<span style=\"font-style: normal\"><span style=\"background: transparent\">und\ndie weiteren Projektpartner. Eine Liste aller Projektpartner k\u00f6nnen\nSie unserer Projektwebseite entnehmen (<\/span><\/span><font color=\"#0563c1\"><u><a href=\"https:\/\/racoon.network\/\"><span style=\"font-style: normal\"><span style=\"background: transparent\">https:\/\/racoon.network<\/span><\/span><\/a><\/u><\/font><span style=\"font-style: normal\"><span style=\"background: transparent\">).<\/span><\/span><\/p>\n<p style=\"line-height: 120%; margin-bottom: 0.39cm\" align=\"justify\">\nUnsere Datenschutzbeauftragten erreichen Sie unter<\/p>\n<p style=\"line-height: 120%; margin-bottom: 0.39cm\" align=\"left\">\nUniversit\u00e4tsklinikum Freiburg<br>\nDatenschutzbeauftragter<br>\nBreisacher\nStra\u00dfe 153, 79110 Freiburg<br>\nTelefon: 0761 270-20670<br>\nEmail:\ndatenschutz@uniklinik-freiburg.de<\/p>\n<ol start=\"2\"><li><p style=\"margin-bottom: 0cm\" align=\"justify\"><b>Zu welchem\n\tZweck und nach welcher Rechtsgrundlage werden die Daten verarbeitet?<\/b><\/p>\n<\/li><\/ol>\n<p style=\"line-height: 120%; margin-bottom: 0.39cm\" align=\"justify\">\nWir und unsere Subprojektpartner verarbeiten die Daten zum Zwecke der\n<span style=\"background: transparent\">Durchf\u00fchrung des RACOON\nSubprojekt. Rechtsgrundlage ist Art. 6 Abs. 1 lit. e <\/span><span style=\"font-style: normal\"><span style=\"background: transparent\">bzw.\nf, Art. 9 Abs. 2 lit. j DS-GVO in Verbindung mit den f\u00fcr die\nProjektpartner einschl\u00e4gigen (landes-)rechtlichen Vorschriften.<\/span><\/span><\/p>\n<ol start=\"3\"><li><p style=\"margin-bottom: 0cm\" align=\"justify\"><b>Welche\n\tKategorien von Daten werden verarbeitet?<\/b><\/p>\n<\/li><\/ol>\n<p style=\"line-height: 120%; margin-bottom: 0.39cm\" align=\"justify\">\nWir verarbeiten im Rahmen des RACOON Subprojekts Ihre\npseudonymisierten Behandlungsdaten. Hierzu geh\u00f6ren eine gehashte\n(verschl\u00fcsselte) Patienten-ID sowie medizinische Daten, wie\n<span style=\"background: transparent\">medizinische Bilddaten (CT- und\nR\u00f6ntgenaufnahmen) und deren Metainformationen, anamnestische\nInformationen, Arztbriefe und Diagnosen, Laborwerte, Ergebnisse\nhistologischer, mikrobiologischer, virologischer und pathologischer\nUntersuchungen, Krankheitsverl\u00e4ufe, Vitalparameter und Outcome\nParameter, Messwerte oder statistische Auswertungen, welche auf Basis\nder medizinischen Bilddatens\u00e4tze und komplement\u00e4ren Datens\u00e4tzen\nerstellt werden.<\/span> Dies umfasst besondere Kategorien\npersonenbezogener Daten i.S.d. Art. 9 Abs. 1 DS-GVO, n\u00e4mlich\nGesundheitsdaten i.S.d. Art. 4 Nr. 15 DS-GVO.<\/p>\n<ol start=\"4\"><li><p style=\"margin-bottom: 0cm\" align=\"justify\"><b>Wer sind die\n\tEmpf\u00e4nger der Daten?<\/b><\/p>\n<\/li><\/ol>\n<p style=\"line-height: 120%; margin-bottom: 0.39cm\" align=\"justify\">\nIhre Daten werden streng zweckgebunden und nur im notwendigen Umfang\nim Rahmen einer Auftragsverarbeitung an unseren IT- und\nHostingdienstleister Mint Medical GmbH weitergeleitet. Au\u00dferdem\nerhalten unsere Subprojektpartner Zugang zu den freigegeben Daten in\nRACOON-CENTRAL.<\/p>\n<ol start=\"5\"><li><p style=\"margin-bottom: 0cm\" align=\"justify\"><b>Wie lange\n\twerden die Daten gespeichert?<\/b><\/p>\n<\/li><\/ol>\n<p style=\"line-height: 120%; margin-bottom: 0.39cm\" align=\"justify\">\nIhre Daten werden so lange gespeichert, wie wir sie zur Durchf\u00fchrung\ndes RACOON Subprojekts ben\u00f6tigen. Das RACOON Subprojekt ist nach\naktuellem Projektstand a<span style=\"background: transparent\">uf <\/span><span style=\"background: transparent\">bis\nEnde 2026<\/span><span style=\"background: transparent\"> ang<\/span>elegt.\nDanach werden Ihre Daten im Rahmen der uns obliegenden\nAufbewahrungsfristen (in der Re<span style=\"background: transparent\">gel\n10 Jahre) in unserer RACOON-NODE und in RACOON-CENTRAL ge<\/span>speichert.\nSofern wir Ihre Daten nicht im Rahmen anderer Forschungsprojekte\nverwenden oder aufgrund daraus resultierender Aufbewahrungsfristen\nspeichern m\u00fcssen, werden Ihre Daten im Anschluss gel\u00f6scht.<\/p>\n<ol start=\"6\"><li><p style=\"margin-bottom: 0cm\" align=\"justify\"><b>Woher stammen\n\tdie Daten?<\/b><\/p>\n<\/li><\/ol>\n<p style=\"line-height: 120%; margin-bottom: 0.39cm\" align=\"justify\">\nWir verarbeiten Daten, die wir von unseren Patienten im Rahmen der\nBehandlung erhoben haben.<\/p>\n<ol start=\"7\"><li><p style=\"margin-bottom: 0cm\" align=\"justify\"><b>Rechte<\/b><\/p>\n<\/li><\/ol>\n<p style=\"line-height: 120%; margin-bottom: 0.39cm\" align=\"justify\">\nAls von der Datenverarbeitung betroffene Person stehen Ihnen folgende\nRechte zu, sofern diese nicht aufgrund eines Gesetzes eingeschr\u00e4nkt\nsind:<\/p>\n<ul><li><p style=\"margin-bottom: 0cm\" align=\"justify\">Recht auf Auskunft<\/p>\n\t<\/li><li><p style=\"margin-bottom: 0cm\" align=\"justify\">Recht auf\n\tBerichtigung<\/p>\n\t<\/li><li><p style=\"margin-bottom: 0cm\" align=\"justify\">Recht auf L\u00f6schung<\/p>\n\t<\/li><li><p style=\"margin-bottom: 0cm\" align=\"justify\">Recht auf\n\tEinschr\u00e4nkung der Verarbeitung<\/p>\n\t<\/li><li><p style=\"margin-bottom: 0cm\" align=\"justify\">Recht auf\n\tDaten\u00fcbertragbarkeit<\/p>\n\t<\/li><li><p style=\"margin-bottom: 0cm\" align=\"justify\">Recht auf\n\tWiderspruch<\/p>\n<\/li><\/ul>\n<p style=\"line-height: 120%; margin-top: 0.39cm; margin-bottom: 0.39cm\">\nSie haben das Recht, sich bei einer Aufsichtsbeh\u00f6rde zu beschweren.<\/p>\n<p style=\"line-height: 120%; margin-bottom: 0.39cm\">Die\nf\u00fcr uns zust\u00e4ndige Aufsichtsbeh\u00f6rde ist \n<\/p>\n<p style=\"line-height: 120%; margin-bottom: 0.39cm\">Der\nLandesbeauftragte f\u00fcr den Datenschutz und die\nInformationsfreiheit<br>\nPostfach 10 29 32<br>\n70025\nStuttgart<br>\nTelefon: 0711 615541-0<br>\nTelefax: 0711\n615541-15<br>\nE-Mail: poststelle@lfdi.bwl.de<\/p>\n<ol start=\"8\"><li><p style=\"margin-bottom: 0cm\" align=\"justify\"><b>Wer ist mein\n\tAnsprechpartner f\u00fcr Rechte wie Auskunft oder L\u00f6schung?<\/b><\/p>\n<\/li><\/ol>\n<p style=\"line-height: 120%; margin-bottom: 0.39cm\" align=\"justify\">\nWir haben uns mit unseren Subprojektpartnern gemeinsam dar\u00fcber\nverst\u00e4ndigt, wie wir Ihre Rechte sicherstellen und n\u00e4her\nfestgelegt, wer welche uns nach der DS-GVO obliegenden\nVerpflichtungen erf\u00fcllt. Dies betrifft insbesondere die\nGew\u00e4hrleistung Ihrer Rechte als betroffene Personen und die\nErf\u00fcllung der Informationspflichten nach Art. 13 und 14 DS-GVO.<\/p>\n<p style=\"line-height: 120%; margin-bottom: 0.39cm\" align=\"justify\">\nAnsprechpartner zur Geltendmachung Ihrer Rechte ist<\/p>\n<p style=\"line-height: 120%; margin-bottom: 0.39cm\" align=\"justify\">\n<span style=\"font-style: normal\">Prof. Dr. Elmar Kotter\n<\/span><i>(elmar.kotter@uniklinik-freiburg.de, Tel: 0761 270\n38190)<\/i><span style=\"font-style: normal\"><br>\nProf. Dr. Markus Uhl\n<\/span><i>(markus.uhl@uniklinik-freiburg.de, Tel: 0761 2711\n5580)<\/i><span style=\"font-style: normal\"><br>\nProf. Dr. Horst\nUrbach <\/span><i>(horst.urbach@uniklinik-freiburg.de, Tel: 0761 270\n51810)<\/i><\/p>\n<p style=\"line-height: 120%; margin-bottom: 0.39cm\" align=\"justify\">\nSie k\u00f6nnen sich zur Geltendmachung Ihrer Rechte grunds\u00e4tzlich\njedoch an jede der beteiligten Stellen wenden. \n<\/p>\n<ol start=\"9\"><li><p style=\"margin-bottom: 0cm\" align=\"justify\"><b>Wie kann ich\n\tmehr Informationen zur Datenverarbeitung erhalten?<\/b><\/p>\n<\/li><\/ol>\n<p style=\"line-height: 120%; margin-bottom: 0.39cm\" align=\"justify\">\nWeitere Informationen erhalten Sie Weitere Informationen erhalten Sie\nunter: <font color=\"#0563c1\"><u><a href=\"https:\/\/www.uniklinik-freiburg.de\/num\/racoon-combine.html\">https:\/\/www.uniklinik-freiburg.de\/num\/racoon-combine.html<\/a><\/u><\/font>\nund <font color=\"#0563c1\"><u><a href=\"https:\/\/racoon.network\/\">https:\/\/racoon.network<\/a><br><\/u><\/font><\/p><p style=\"line-height: 120%; margin-bottom: 0.39cm\" align=\"justify\"><font color=\"#0563c1\"><u><br><\/u><\/font><\/p>\n\n<div><p style=\"margin-left: 0.5cm; text-indent: -0.5cm\">\n\t<a href=\"#sdfootnote1anc\">1<\/a>\n\t<font face=\"Calibri, serif\"><font style=\"font-size: 9pt\" size=\"2\">Andere\n\tSubprojektpartner ordnen Ihre Daten m\u00f6glicherweise aufgrund\n\tunterschiedlicher gesetzlicher Anforderungen in anderen\n\tBundesl\u00e4ndern anders ein als wir. Die Sicherheit Ihrer Daten ist\n\tjedoch gleichbleibend gew\u00e4hrleistet.<\/font><\/font><\/p>\n<\/div>\n\n<style type=\"text\/css\">p.sdfootnote-western { color: #000000; font-family: \"Arial\", serif; font-size: 10pt; so-language: de-DE; line-height: 100%; text-align: left; orphans: 2; widows: 2; margin-bottom: 0cm; direction: ltr; background: transparent }p.sdfootnote-cjk { color: #000000; font-family: \"Arial\"; font-size: 10pt; so-language: de-DE; line-height: 100%; text-align: left; orphans: 2; widows: 2; margin-bottom: 0cm; direction: ltr; background: transparent }p.sdfootnote-ctl { color: #000000; font-family: \"Arial\"; font-size: 10pt; so-language: ar-SA; line-height: 100%; text-align: left; orphans: 2; widows: 2; margin-bottom: 0cm; direction: ltr; background: transparent }p { color: #000000; line-height: 115%; text-align: left; orphans: 2; widows: 2; margin-bottom: 0.25cm; direction: ltr; background: transparent }p.western { font-family: \"Calibri\", serif; font-size: 11pt; so-language: de-DE }p.cjk { font-family: \"Calibri\"; font-size: 11pt; so-language: en-US }p.ctl { font-family: \"Calibri\"; font-size: 11pt; so-language: ar-SA }a:visited { color: #800000; text-decoration: underline }a:link { color: #0563c1; text-decoration: underline }a.sdfootnoteanc { font-size: 57% }<\/style>\t\t\t\t\t\t\t\t<\/div>\n\t\t\t\t<\/div>\n\t\t\t\t\t<\/div>\n\t\t<\/div>\n\t\t\t\t\t<\/div>\n\t\t<\/section>\n\t\t\t\t<\/div>\n\t\t","protected":false},"excerpt":{"rendered":"<p>Information nach Art. 13, 14, 26 DS-GVO RACOON Unser Klinikum nimmt an dem deutschlandweiten Projekt RACOON teil. RACOON ist ein vom Bundesministerium f\u00fcr Bildung und Forschung gef\u00f6rdertes Projekt zur Entwicklung von Bildanalyseverfahren und k\u00fcnstlicher Intelligenz zum besseren Verst\u00e4ndnis von COVID-19 und \u00e4hnlichen Erkrankungen. Es soll helfen, die Diagnostik und Therapieentscheidungen &hellip;<\/p>\n<p class=\"read-more\"> <a class=\"\" href=\"https:\/\/racoon.network\/?page_id=4609\"> <span class=\"screen-reader-text\">Freiburg \u2013 UKFR &#8211; COMBINE<\/span>Read More &raquo;<\/a><\/p>\n","protected":false},"author":1,"featured_media":0,"parent":0,"menu_order":0,"comment_status":"closed","ping_status":"closed","template":"","meta":{"inline_featured_image":false,"footnotes":""},"class_list":["post-4609","page","type-page","status-publish","hentry"],"pbg_featured_image_src":{"full":false,"thumbnail":false,"medium":false,"medium_large":false,"large":false,"leap-image-100x100":false,"1536x1536":false,"2048x2048":false},"pbg_author_info":{"display_name":"admin","author_link":"https:\/\/racoon.network\/?author=1","author_img":"<img alt='admin' src='https:\/\/secure.gravatar.com\/avatar\/8931e98758e400caba5ef80ef255d639487b3d190ea2bc1f3e8bc8317605a2a5?s=128&#038;d=mm&#038;r=g' srcset='https:\/\/secure.gravatar.com\/avatar\/8931e98758e400caba5ef80ef255d639487b3d190ea2bc1f3e8bc8317605a2a5?s=256&#038;d=mm&#038;r=g 2x' class='avatar avatar-128 photo' height='128' width='128' decoding='async'\/>"},"pbg_comment_info":" No Comments","pbg_excerpt":"Information nach Art. 13, 14, 26 DS-GVO RACOON Unser Klinikum nimmt an dem deutschlandweiten Projekt RACOON teil. RACOON ist ein vom Bundesministerium f\u00fcr Bildung und Forschung gef\u00f6rdertes Projekt zur Entwicklung von Bildanalyseverfahren und k\u00fcnstlicher Intelligenz zum besseren Verst\u00e4ndnis von COVID-19 und \u00e4hnlichen Erkrankungen. Es soll helfen, die Diagnostik und Therapieentscheidungen &hellip; Freiburg \u2013 UKFR &#8211;&hellip;","_links":{"self":[{"href":"https:\/\/racoon.network\/index.php?rest_route=\/wp\/v2\/pages\/4609","targetHints":{"allow":["GET"]}}],"collection":[{"href":"https:\/\/racoon.network\/index.php?rest_route=\/wp\/v2\/pages"}],"about":[{"href":"https:\/\/racoon.network\/index.php?rest_route=\/wp\/v2\/types\/page"}],"author":[{"embeddable":true,"href":"https:\/\/racoon.network\/index.php?rest_route=\/wp\/v2\/users\/1"}],"replies":[{"embeddable":true,"href":"https:\/\/racoon.network\/index.php?rest_route=%2Fwp%2Fv2%2Fcomments&post=4609"}],"version-history":[{"count":23,"href":"https:\/\/racoon.network\/index.php?rest_route=\/wp\/v2\/pages\/4609\/revisions"}],"predecessor-version":[{"id":7591,"href":"https:\/\/racoon.network\/index.php?rest_route=\/wp\/v2\/pages\/4609\/revisions\/7591"}],"wp:attachment":[{"href":"https:\/\/racoon.network\/index.php?rest_route=%2Fwp%2Fv2%2Fmedia&parent=4609"}],"curies":[{"name":"wp","href":"https:\/\/api.w.org\/{rel}","templated":true}]}}