{"id":4895,"date":"2023-04-18T10:26:35","date_gmt":"2023-04-18T10:26:35","guid":{"rendered":"https:\/\/racoon.network\/?page_id=4895"},"modified":"2023-04-18T10:28:33","modified_gmt":"2023-04-18T10:28:33","slug":"heidelberg-ukh-combine","status":"publish","type":"page","link":"https:\/\/racoon.network\/?page_id=4895","title":{"rendered":"Heidelberg &#8211; UKH &#8211; COMBINE"},"content":{"rendered":"\t\t<div data-elementor-type=\"wp-page\" data-elementor-id=\"4895\" class=\"elementor elementor-4895\">\n\t\t\t\t\t\t<section class=\"elementor-section elementor-top-section elementor-element elementor-element-44f2d94 elementor-section-boxed elementor-section-height-default elementor-section-height-default\" data-id=\"44f2d94\" data-element_type=\"section\" data-e-type=\"section\">\n\t\t\t\t\t\t<div class=\"elementor-container elementor-column-gap-default\">\n\t\t\t\t\t<div class=\"elementor-column elementor-col-100 elementor-top-column elementor-element elementor-element-e3b119c\" data-id=\"e3b119c\" data-element_type=\"column\" data-e-type=\"column\">\n\t\t\t<div class=\"elementor-widget-wrap elementor-element-populated\">\n\t\t\t\t\t\t<div class=\"elementor-element elementor-element-f87118e elementor-widget elementor-widget-text-editor\" data-id=\"f87118e\" data-element_type=\"widget\" data-e-type=\"widget\" data-widget_type=\"text-editor.default\">\n\t\t\t\t<div class=\"elementor-widget-container\">\n\t\t\t\t\t\t\t\t\t<h1>Muster-Information nach Art. 13, 14,\u00a026 DS-GVO<\/h1><p style=\"margin-bottom: 0.28cm; line-height: 108%;\">\u00a0<\/p><p style=\"margin-bottom: 0.39cm; line-height: 120%; page-break-before: always;\" align=\"justify\"><b>RACOON<\/b><\/p><p style=\"margin-bottom: 0.39cm; line-height: 120%;\" align=\"justify\">Unser Klinikum nimmt an dem deutschlandweiten Projekt RACOON teil. RACOON ist ein vom Bundesministerium f\u00fcr Bildung und Forschung gef\u00f6rdertes Projekt zur Entwicklung von Bildanalyseverfahren und k\u00fcnstlicher Intelligenz zum besseren Verst\u00e4ndnis von COVID-19 und \u00e4hnlichen Erkrankungen. Es soll helfen, die Diagnostik und Therapieentscheidungen im Management von COVID-19 und verwandten Erkrankungen zu verbessern.<\/p><p style=\"margin-bottom: 0.39cm; line-height: 120%;\" align=\"justify\">RACOON ist eine Forschungsinfrastruktur, die auf einem einzigartigen hybriden Netzwerkinfrastrukturkonzept aufbaut. Mithilfe der RACOON Infrastruktur soll es Forschenden erm\u00f6glicht gemacht werden, Forschungsprojekte mit mehreren Universit\u00e4tskliniken gemeinsam durchzuf\u00fchren, um daraus belastbare Erkenntnisse f\u00fcr die Verbesserung der Krankenversorgung abzuleiten. RACOON besteht aus bundesweit verteilten Hardwareknoten an jeder Universit\u00e4tsklinik (<b>RACOON-NODEs<\/b>) und einer zentralen Umgebung am Universit\u00e4tsklinikum Essen (<b>RACOON-CENTRAL<\/b>). Durch die erstmalige Anbindung aller universit\u00e4tsmedizinischen Institute in Deutschland entsteht die M\u00f6glichkeiten zu gro\u00dffl\u00e4chigen, bundesweiten Forschungsprojekten, welche bisher nicht umsetzbare Forschung m\u00f6glich macht. So k\u00f6nnen Wirkmechanismen von Erkrankungen, relevante Einflussfaktoren auf deren Verl\u00e4ufe untersucht werden und Erkenntnisse zu Risikofaktoren vulnerabler Patientengruppen und der Wirksamkeit von Therapieans\u00e4tzen abgeleitet werden. Mit RACOON k\u00f6nnen Forschungsprojekte mit innovativen Ans\u00e4tzen durchgef\u00fchrt werden, f\u00fcr die bisher der Zugang zu ausreichend gro\u00dfen und gut aufgearbeiteten Patientenkohorten fehlte; mittelbar flie\u00dfen die Ergebnisse erfolgreicher Studien in das Gesundheitswesen zur\u00fcck und verbessern die Behandlungsqualit\u00e4t jedes einzelnen Patienten.<\/p><p style=\"margin-bottom: 0.39cm; line-height: 120%;\" align=\"justify\">Weitere Informationen zu RACOON finden Sie unter <span style=\"color: #0563c1;\"><u><a href=\"https:\/\/racoon.network\/\">https:\/\/racoon.network\/<\/a><\/u><\/span>.<\/p><p style=\"margin-bottom: 0.39cm; line-height: 120%;\" align=\"justify\"><b>RACOON Subprojekt COMBINE<\/b><\/p><p style=\"margin-bottom: 0.39cm; line-height: 120%;\" align=\"justify\">Wir, das Universit\u00e4tsklinikum Heidelberg, und die im Folgenden unter 1. Genannten Stellen (<b>Subprojektpartner<\/b>) f\u00fchren das RACOON Subprojekt COMBINE (<b>RACOON Subprojekt<\/b>) durch. Ziel des RACOON Subprojekts ist ist die Entwicklung und Umsetzung einer Pipeline f\u00fcr die Extraktion COVID-spezifischer, pr\u00e4diktiver und prognostischer quantitativer Bildgebungs-Biomarker (C-QIBs), um eine umfassende Ph\u00e4notypisierung nicht nur der Erkrankung, sondern auch des Erkrankten, also seines k\u00f6rperlichen Zustands und seiner Begleiterkrankungen zu erm\u00f6glichen.<\/p><p style=\"margin-bottom: 0.39cm; line-height: 120%;\" align=\"justify\">F\u00fcr das RACOON Subprojekt verarbeiten wir Ihre Daten, die wir im Rahmen Ihrer Behandlung bei uns erhoben haben. Vor der Verwendung f\u00fcr das RACOON Subprojekt werden zun\u00e4chst die identifizierenden Attribute (Name, Geburtsdatum, Adresse usw.) aus Ihrem Datensatz entfernt und die verbleibenden Daten (siehe Ziffer 3) im Rahmen eines aufw\u00e4ndigen Verfahrens in unserer RACOON-NODE unumkehrbar verhasht, sodass ein R\u00fcckschluss auf Ihre Identit\u00e4t anhand des verbleibenden Datensatzes nicht m\u00f6glich ist. Aufgrund des eingesetzten Verfahrens behandeln wir diese Daten als anonymisiert.<a href=\"#sdfootnote1sym\"><sup>1<\/sup><\/a> Anschlie\u00dfend werden die Daten in RACOON-CENTRAL hochgeladen und unseren Subprojektpartnern freigegeben und von uns und unseren Subprojektpartnern zur Durchf\u00fchrung des RACOON Subprojekts verarbeitet. Ihre Daten werden von den Subprojektpartnern nicht aus RACOON-CENTRAL heruntergeladen oder lokal gespeichert.<\/p><ol><li><p style=\"margin-bottom: 0cm;\" align=\"justify\"><b>Wer sind die Verantwortlichen und Datenschutzbeauftragten?<\/b><\/p><\/li><\/ol><p style=\"margin-bottom: 0.39cm; line-height: 120%;\" align=\"justify\">Wir, und die im Folgenden genannten Stellen, arbeiten bei dem RACOON Subprojekt eng zusammen. Aufgrund der Zusammenarbeit verarbeiten wir Ihre personenbezogenen Daten auch teilweise gemeinsam.<\/p><p style=\"margin-bottom: 0.39cm; line-height: 120%;\" align=\"justify\">Zur Gew\u00e4hrleistung Ihrer Rechte und unter Ber\u00fccksichtigung der Vorgaben der EU-Datenschutz-Grundverordnung (DS-GVO) haben wir eine Vereinbarung geschlossen, die Regeln \u00fcber die Verarbeitung Ihrer personenbezogenen Daten aufstellt. Als sog. Gemeinsame Verantwortliche (nach Art. 26 DS-GVO) sind wir gemeinsam f\u00fcr die Verarbeitung Ihrer Daten verantwortlich.<\/p><p style=\"margin-bottom: 0.39cm; line-height: 120%;\" align=\"justify\">Verantwortliche gem. Art. 4 Abs. 7 DS-GVO sind<\/p><ol><li><p style=\"margin-bottom: 0cm; line-height: 120%;\"><span style=\"font-size: small;\">Universit\u00e4tsklinikum <\/span><span style=\"font-size: small;\"><i><u>Aachen<\/u><\/i><\/span><\/p><\/li><li><p style=\"margin-bottom: 0cm; line-height: 120%;\"><span style=\"font-size: small;\">Universit\u00e4tsklinikum <\/span><span style=\"font-size: small;\"><i><u>Augsburg<\/u><\/i><\/span><\/p><\/li><li><p style=\"margin-bottom: 0cm; line-height: 120%;\"><span style=\"font-size: small;\">Charite &#8211; Universit\u00e4tsmedizin <\/span><span style=\"font-size: small;\"><i><u>Berlin<\/u><\/i><\/span><\/p><\/li><li><p style=\"margin-bottom: 0cm; line-height: 120%;\"><span style=\"font-size: small;\">Universit\u00e4tsklinikum <\/span><span style=\"font-size: small;\"><i><u>Bielefeld<\/u><\/i><\/span><\/p><\/li><li><p style=\"margin-bottom: 0cm; line-height: 120%;\"><span style=\"font-size: small;\">Universit\u00e4tsklinikum <\/span><span style=\"font-size: small;\"><i><u>Bochum<\/u><\/i><\/span><\/p><\/li><li><p style=\"margin-bottom: 0cm; line-height: 120%;\"><span style=\"font-size: small;\">Universit\u00e4tsklinikum <\/span><span style=\"font-size: small;\"><i><u>Bonn<\/u><\/i><\/span><\/p><\/li><li><p style=\"margin-bottom: 0cm; line-height: 120%;\"><span style=\"font-size: small;\">Universit\u00e4tsklinikum <\/span><span style=\"font-size: small;\"><i><u>Dresden<\/u><\/i><\/span><\/p><\/li><li><p style=\"margin-bottom: 0cm; line-height: 120%;\"><span style=\"font-size: small;\">Universit\u00e4tsklinikum <\/span><span style=\"font-size: small;\"><i><u>D\u00fcsseldorf<\/u><\/i><\/span><\/p><\/li><li><p style=\"margin-bottom: 0cm; line-height: 120%;\"><span style=\"font-size: small;\">Universit\u00e4tsklinikum <\/span><span style=\"font-size: small;\"><i><u>Erlangen<\/u><\/i><\/span><\/p><\/li><li><p style=\"margin-bottom: 0cm; line-height: 120%;\"><span style=\"font-size: small;\">Universit\u00e4tsklinikum <\/span><span style=\"font-size: small;\"><i><u>Essen<\/u><\/i><\/span><\/p><\/li><li><p style=\"margin-bottom: 0cm; line-height: 120%;\"><span style=\"font-size: small;\">Universit\u00e4tsklinikum <\/span><span style=\"font-size: small;\"><i><u>Frankfurt<\/u><\/i><\/span><\/p><\/li><li><p style=\"margin-bottom: 0cm; line-height: 120%;\"><span style=\"font-size: small;\">Universit\u00e4tsklinikum <\/span><span style=\"font-size: small;\"><i><u>Freiburg<\/u><\/i><\/span><\/p><\/li><li><p style=\"margin-bottom: 0cm; line-height: 120%;\"><span style=\"font-size: small;\">Universit\u00e4tsklinikum <\/span><span style=\"font-size: small;\"><i><u>Gie\u00dfen-Marburg, Gie\u00dfen<\/u><\/i><\/span><\/p><\/li><li><p style=\"margin-bottom: 0cm; line-height: 120%;\"><span style=\"font-size: small;\">Universit\u00e4tsklinikum <\/span><span style=\"font-size: small;\"><i><u>Gie\u00dfen-Marburg, Marburg<\/u><\/i><\/span><\/p><\/li><li><p style=\"margin-bottom: 0cm; line-height: 120%;\"><span style=\"font-size: small;\">Universit\u00e4tsklinikum <\/span><span style=\"font-size: small;\"><i><u>G\u00f6ttingen<\/u><\/i><\/span><\/p><\/li><li><p style=\"margin-bottom: 0cm; line-height: 120%;\"><span style=\"font-size: small;\">Universit\u00e4tsklinikum <\/span><span style=\"font-size: small;\"><i><u>Greifswald<\/u><\/i><\/span><\/p><\/li><li><p style=\"margin-bottom: 0cm; line-height: 120%;\"><span style=\"font-size: small;\">Universit\u00e4tsklinikum <\/span><span style=\"font-size: small;\"><i><u>Halle<\/u><\/i><\/span><\/p><\/li><li><p style=\"margin-bottom: 0cm; line-height: 120%;\"><span style=\"font-size: small;\">Universit\u00e4tsklinikum <\/span><span style=\"font-size: small;\"><i><u>Hamburg<\/u><\/i><\/span><\/p><\/li><li><p style=\"margin-bottom: 0cm; line-height: 120%;\"><span style=\"font-size: small;\">Universit\u00e4tsklinikum <\/span><span style=\"font-size: small;\"><i><u>Hannover<\/u><\/i><\/span><\/p><\/li><li><p style=\"margin-bottom: 0cm; line-height: 120%;\"><span style=\"font-size: small;\">Universit\u00e4tsklinikum <\/span><span style=\"font-size: small;\"><i><u>Heidelberg<\/u><\/i><\/span><\/p><\/li><li><p style=\"margin-bottom: 0cm; line-height: 120%;\"><span style=\"font-size: small;\">Universit\u00e4tsklinikum <\/span><span style=\"font-size: small;\"><i><u>Homburg<\/u><\/i><\/span><\/p><\/li><li><p style=\"margin-bottom: 0cm; line-height: 120%;\"><span style=\"font-size: small;\">Universit\u00e4tsklinikum <\/span><span style=\"font-size: small;\"><i><u>Jena<\/u><\/i><\/span><\/p><\/li><li><p style=\"margin-bottom: 0cm; line-height: 120%;\"><span style=\"font-size: small;\">Universit\u00e4tsklinikum <\/span><span style=\"font-size: small;\"><i><u>K\u00f6ln<\/u><\/i><\/span><\/p><\/li><li><p style=\"margin-bottom: 0cm; line-height: 120%;\"><span style=\"font-size: small;\">Universit\u00e4tsklinikum <\/span><span style=\"font-size: small;\"><i><u>Leipzig<\/u><\/i><\/span><\/p><\/li><li><p style=\"margin-bottom: 0cm; line-height: 120%;\"><span style=\"font-size: small;\">Universit\u00e4tsklinikum <\/span><span style=\"font-size: small;\"><i><u>Magdeburg<\/u><\/i><\/span><\/p><\/li><li><p style=\"margin-bottom: 0cm; line-height: 120%;\"><span style=\"font-size: small;\">Universit\u00e4tsklinikum <\/span><span style=\"font-size: small;\"><i><u>Mainz<\/u><\/i><\/span><\/p><\/li><li><p style=\"margin-bottom: 0cm; line-height: 120%;\"><span style=\"font-size: small;\">Universit\u00e4tsklinikum <\/span><span style=\"font-size: small;\"><i><u>Mannheim<\/u><\/i><\/span><\/p><\/li><li><p style=\"margin-bottom: 0cm; line-height: 120%;\"><span style=\"font-size: small;\">Universit\u00e4tsklinikum der <\/span><span style=\"font-size: small;\"><i><u>LMU M\u00fcnchen<\/u><\/i><\/span><\/p><\/li><li><p style=\"margin-bottom: 0cm; line-height: 120%;\"><span style=\"font-size: small;\">Universit\u00e4tsklinikum der <\/span><span style=\"font-size: small;\"><i><u>TU M\u00fcnchen<\/u><\/i><\/span><\/p><\/li><li><p style=\"margin-bottom: 0cm; line-height: 120%;\"><span style=\"font-size: small;\">Universit\u00e4tsklinikum <\/span><span style=\"font-size: small;\"><i><u>M\u00fcnster<\/u><\/i><\/span><\/p><\/li><li><p style=\"margin-bottom: 0cm; line-height: 120%;\"><span style=\"font-size: small;\">Universit\u00e4tsklinikum <\/span><span style=\"font-size: small;\"><i><u>Oldenburg<\/u><\/i><\/span><\/p><\/li><li><p style=\"margin-bottom: 0cm; line-height: 120%;\"><span style=\"font-size: small;\">Universit\u00e4tsklinikum <\/span><span style=\"font-size: small;\"><i><u>Regensburg<\/u><\/i><\/span><\/p><\/li><li><p style=\"margin-bottom: 0cm; line-height: 120%;\"><span style=\"font-size: small;\">Universit\u00e4tsklinikum <\/span><span style=\"font-size: small;\"><i><u>Rostock<\/u><\/i><\/span><\/p><\/li><li><p style=\"margin-bottom: 0cm; line-height: 120%;\"><span style=\"font-size: small;\">Universit\u00e4tsklinikum <\/span><span style=\"font-size: small;\"><i><u>Schleswig-Holstein, L\u00fcbeck<\/u><\/i><\/span><\/p><\/li><li><p style=\"margin-bottom: 0cm; line-height: 120%;\"><span style=\"font-size: small;\">Universit\u00e4tsklinikum <\/span><span style=\"font-size: small;\"><i><u>Schleswig-Holstein Kiel<\/u><\/i><\/span><\/p><\/li><li><p style=\"margin-bottom: 0cm; line-height: 120%;\"><span style=\"font-size: small;\">Universit\u00e4tsklinikum <\/span><span style=\"font-size: small;\"><i><u>T\u00fcbingen<\/u><\/i><\/span><\/p><\/li><li><p style=\"margin-bottom: 0cm; line-height: 120%;\"><span style=\"font-size: small;\">Universit\u00e4tsklinikum <\/span><span style=\"font-size: small;\"><i><u>Ulm<\/u><\/i><\/span><\/p><\/li><li><p style=\"margin-bottom: 0cm; line-height: 120%;\"><span style=\"font-size: small;\">Universit\u00e4tsklinikum <\/span><span style=\"font-size: small;\"><i><u>W\u00fcrzburg<\/u><\/i><\/span><\/p><\/li><\/ol><p style=\"margin-bottom: 0.39cm; line-height: 120%;\" align=\"justify\"><br \/><br \/><\/p><p style=\"margin-bottom: 0.39cm; line-height: 120%;\" align=\"justify\">Die Anschriften der verantwortlichen Institutionen finden Sie in Abschnitt 10.<\/p><p style=\"margin-bottom: 0.39cm; line-height: 120%;\" align=\"justify\">Unsere Datenschutzbeauftragten erreichen Sie unter:<\/p><p style=\"margin-bottom: 0.39cm; line-height: 120%;\" align=\"justify\"><span lang=\"en-US\">Dr. iur. Regina Mathes <\/span><span lang=\"en-US\"><i>(<\/i><\/span><span lang=\"en-US\"><i>datenschutz@med.uni-heidelberg.de)<\/i><\/span><\/p><p style=\"margin-bottom: 0cm; line-height: 120%;\" align=\"justify\">Universit\u00e4tsklinikum Heidelberg<\/p><p style=\"margin-bottom: 0cm; line-height: 120%;\" align=\"justify\">Datenschutzbeauftragte<\/p><p style=\"margin-bottom: 0cm; line-height: 120%;\" align=\"justify\">Im Neuenheimer Feld 672, 69120 Heidelberg<\/p><p style=\"margin-bottom: 0cm; line-height: 120%;\" align=\"justify\">Telefon: 06221 56-7036<\/p><p style=\"margin-bottom: 0cm; line-height: 120%;\" align=\"justify\"><span lang=\"en-US\">Email: datenschutz@med.uni-heidelberg.de<\/span><\/p><p lang=\"en-US\" style=\"margin-bottom: 0.39cm; line-height: 120%;\" align=\"justify\"><br \/><br \/><\/p><p style=\"margin-bottom: 0.39cm; line-height: 120%;\" align=\"justify\"><b>Zu welchem Zweck und nach welcher Rechtsgrundlage werden die Daten verarbeitet?<\/b><\/p><p style=\"margin-bottom: 0.39cm; line-height: 120%;\" align=\"justify\">Wir und unsere Subprojektpartner verarbeiten die Daten zum Zwecke der Durchf\u00fchrung des RACOON Subprojekt. Rechtsgrundlage ist Art. 6 Abs. 1 lit. e bzw. f, Art. 9 Abs. 2 lit. j DS-GVO in Verbindung mit den f\u00fcr die Projektpartner einschl\u00e4gigen (landes-)rechtlichen Vorschriften.<\/p><p style=\"margin-bottom: 0.39cm; line-height: 120%;\" align=\"justify\"><b>Welche Kategorien von Daten werden verarbeitet?<\/b><\/p><p style=\"margin-bottom: 0.39cm; line-height: 120%;\" align=\"justify\">Wir verarbeiten im Rahmen des RACOON Subprojekts Ihre pseudonymisierten Behandlungsdaten. Hierzu geh\u00f6ren eine gehashte (verschl\u00fcsselte) Patienten-ID sowie medizinische Daten, wie medizinische Bilddaten (CT- und R\u00f6ntgenaufnahmen) und deren Metainformationen, anamnestische Informationen, Arztbriefe und Diagnosen, Laborwerte, Ergebnisse histologischer, mikrobiologischer, virologischer und pathologischer Untersuchungen, Krankheitsverl\u00e4ufe, Vitalparameter und Outcome Parameter, Messwerte oder statistische Auswertungen, welche auf Basis der medizinischen Bilddatens\u00e4tze und komplement\u00e4ren Datens\u00e4tzen erstellt werden. Dies umfasst besondere Kategorien personenbezogener Daten i.S.d. Art. 9 Abs. 1 DS-GVO, n\u00e4mlich Gesundheitsdaten i.S.d. Art. 4 Nr. 15 DS-GVO.<\/p><ol start=\"2\"><li><p style=\"margin-bottom: 0cm;\" align=\"justify\"><b>Wer sind die Empf\u00e4nger der Daten?<\/b><\/p><\/li><\/ol><p style=\"margin-bottom: 0.39cm; line-height: 120%;\" align=\"justify\">Ihre Daten werden streng zweckgebunden und nur im notwendigen Umfang im Rahmen einer Auftragsverarbeitung an unseren IT- und Hostingdienstleister Mint Medical GmbH weitergeleitet. Au\u00dferdem erhalten unsere Subprojektpartner Zugang zu den freigegebenen Daten in RACOON-CENTRAL.<\/p><ol start=\"3\"><li><p style=\"margin-bottom: 0cm;\" align=\"justify\"><b>Wie lange werden die Daten gespeichert?<\/b><\/p><\/li><\/ol><p style=\"margin-bottom: 0.39cm; line-height: 120%;\" align=\"justify\">Ihre Daten werden so lange gespeichert, wie wir sie zur Durchf\u00fchrung des RACOON Subprojekts ben\u00f6tigen. Das RACOON Subprojekt ist nach aktuellem Projektstand auf bis Ende 2023 angelegt. Danach werden Ihre Daten im Rahmen der uns obliegenden Aufbewahrungsfristen (in der Regel 10 Jahre) in unserer RACOON-NODE und in RACOON-CENTRAL gespeichert. Sofern wir Ihre Daten nicht im Rahmen anderer Forschungsprojekte verwenden oder aufgrund daraus resultierender Aufbewahrungsfristen speichern m\u00fcssen, werden Ihre Daten im Anschluss gel\u00f6scht.<\/p><ol start=\"4\"><li><p style=\"margin-bottom: 0cm;\" align=\"justify\"><b>Woher stammen die Daten?<\/b><\/p><\/li><\/ol><p style=\"margin-bottom: 0.39cm; line-height: 120%;\" align=\"justify\">Wir verarbeiten Daten, die wir von unseren Patienten im Rahmen der Behandlung erhoben haben.<\/p><ol start=\"5\"><li><p style=\"margin-bottom: 0cm;\" align=\"justify\"><b>Rechte<\/b><\/p><\/li><\/ol><p style=\"margin-bottom: 0.39cm; line-height: 120%;\" align=\"justify\">Als von der Datenverarbeitung betroffene Person stehen Ihnen folgende Rechte zu, sofern diese nicht aufgrund eines Gesetzes eingeschr\u00e4nkt sind:<\/p><ul><li><p style=\"margin-bottom: 0cm;\" align=\"justify\">Recht auf Auskunft<\/p><\/li><li><p style=\"margin-bottom: 0cm;\" align=\"justify\">Recht auf Berichtigung<\/p><\/li><li><p style=\"margin-bottom: 0cm;\" align=\"justify\">Recht auf L\u00f6schung<\/p><\/li><li><p style=\"margin-bottom: 0cm;\" align=\"justify\">Recht auf Einschr\u00e4nkung der Verarbeitung<\/p><\/li><li><p style=\"margin-bottom: 0cm;\" align=\"justify\">Recht auf Daten\u00fcbertragbarkeit<\/p><\/li><li><p style=\"margin-bottom: 0cm;\" align=\"justify\">Recht auf Widerspruch<\/p><\/li><\/ul><p style=\"margin-top: 0.39cm; margin-bottom: 0.39cm; line-height: 120%;\">Sie haben das Recht, sich bei einer Aufsichtsbeh\u00f6rde zu beschweren.<\/p><p style=\"margin-bottom: 0.39cm; line-height: 120%;\">Die f\u00fcr uns zust\u00e4ndige Aufsichtsbeh\u00f6rde ist<\/p><p style=\"margin-bottom: 0.39cm; line-height: 120%;\"><span style=\"color: #2c2c2c;\"><span style=\"font-family: Calibri, serif;\"><span style=\"background: #ffffff;\">Der Landesbeauftragte f\u00fcr den Datenschutz und die Informationsfreiheit<\/span><\/span><\/span><span style=\"color: #2c2c2c;\"><span style=\"font-family: Calibri, serif;\"><br \/><\/span><\/span><span style=\"color: #2c2c2c;\"><span style=\"font-family: Calibri, serif;\"><span style=\"background: #ffffff;\">Postfach 10 29 32<\/span><\/span><\/span><span style=\"color: #2c2c2c;\"><span style=\"font-family: Calibri, serif;\"><br \/><\/span><\/span><span style=\"color: #2c2c2c;\"><span style=\"font-family: Calibri, serif;\"><span style=\"background: #ffffff;\">70025 Stuttgart<\/span><\/span><\/span><span style=\"color: #2c2c2c;\"><span style=\"font-family: Calibri, serif;\"><br \/><\/span><\/span><span style=\"color: #2c2c2c;\"><span style=\"font-family: Calibri, serif;\"><span style=\"background: #ffffff;\">Telefon: 0711 615541-0<\/span><\/span><\/span><span style=\"color: #2c2c2c;\"><span style=\"font-family: Calibri, serif;\"><br \/><\/span><\/span><span style=\"color: #2c2c2c;\"><span style=\"font-family: Calibri, serif;\"><span style=\"background: #ffffff;\">Telefax: 0711 615541-15<\/span><\/span><\/span><span style=\"color: #2c2c2c;\"><span style=\"font-family: Calibri, serif;\"><br \/><\/span><\/span><span style=\"color: #2c2c2c;\"><span style=\"font-family: Calibri, serif;\"><span style=\"background: #ffffff;\">E-Mail: poststelle@lfdi.bwl.de<\/span><\/span><\/span>.<\/p><ol start=\"6\"><li><p style=\"margin-bottom: 0cm;\" align=\"justify\"><b>Wer ist mein Ansprechpartner f\u00fcr Rechte wie Auskunft oder L\u00f6schung?<\/b><\/p><\/li><\/ol><p style=\"margin-bottom: 0.39cm; line-height: 120%;\" align=\"justify\">Wir haben uns mit unseren Subprojektpartnern gemeinsam dar\u00fcber verst\u00e4ndigt, wie wir Ihre Rechte sicherstellen und n\u00e4her festgelegt, wer welche uns nach der DS-GVO obliegenden Verpflichtungen erf\u00fcllt. Dies betrifft insbesondere die Gew\u00e4hrleistung Ihrer Rechte als betroffene Personen und die Erf\u00fcllung der Informationspflichten nach Art. 13 und 14 DS-GVO.<\/p><p style=\"margin-bottom: 0.39cm; line-height: 120%;\" align=\"justify\">Ansprechpartner zur Geltendmachung Ihrer Rechte ist<\/p><p style=\"margin-bottom: 0.39cm; line-height: 120%;\" align=\"justify\">Prof. Dr. med. Hans-Ulrich Kauczor (<i>hu.kauczor@med.uni-heidelberg.de)<\/i><\/p><p style=\"margin-bottom: 0.39cm; line-height: 120%;\" align=\"justify\"><span lang=\"en-US\">Dr. med. Matthias Fink <\/span><span lang=\"en-US\"><i>(matthias.fink@med.uni-heidelberg.de)<\/i><\/span><\/p><p style=\"margin-bottom: 0.39cm; line-height: 120%;\" align=\"justify\">Sie k\u00f6nnen sich zur Geltendmachung Ihrer Rechte grunds\u00e4tzlich jedoch an jede der beteiligten Stellen wenden.<\/p><ol start=\"7\"><li><p style=\"margin-bottom: 0cm;\" align=\"justify\"><b>Wie kann ich mehr Informationen zur Datenverarbeitung erhalten?<\/b><\/p><\/li><\/ol><p style=\"margin-bottom: 0.39cm; line-height: 120%;\" align=\"justify\">Weitere Informationen erhalten Sie unter <span style=\"color: #0563c1;\"><u><a href=\"https:\/\/racoon.network\/\">https:\/\/racoon.network\/<\/a><\/u><\/span>.<\/p><ol start=\"8\"><li><p style=\"margin-bottom: 0cm;\" align=\"justify\"><b>Anschriften der verantwortlichen Institutionen<\/b><\/p><\/li><\/ol><ol><li style=\"list-style-type: none;\"><ol><li><p style=\"margin-bottom: 0cm; line-height: 120%;\"><span style=\"font-size: small;\">Universit\u00e4tsklinikum Aachen<br \/>Klinik f\u00fcr Interventionelle und Diagnostische Radiologie<br \/>Klinikdirektorin: Univ.-Prof. Dr. med. Christiane Kuhl<br \/>Prof. Dr. Peter Isfort<br \/>Klinik f\u00fcr Diagnostische und Interventionelle Neuroradiologie<br \/>Univ.-Prof. Dr. med. Martin Wiesmann<br \/>Prof. Dr. Med. Omid Nikoubashman<br \/>Universit\u00e4tsklinikum Aachen, A\u00f6R<br \/>Pauwelsstra\u00dfe 30<br \/>52074 Aachen<\/span><\/p><\/li><li><p style=\"margin-bottom: 0cm; line-height: 120%;\"><span style=\"font-size: small;\">Universit\u00e4tsklinikum Augsburg A\u00f6R<br \/>Klinik f\u00fcr Diagnostische Radiologie und Neuroradiologie<br \/>Direktor Diagnostische und Interventionelle Radiologie: Prof. Dr. Thomas Kr\u00f6ncke<br \/>Direktor Diagnostische und Interventionelle Neuroradiologie: Prof. Dr. Ansgar Berlis<br \/>Stenglinstr. 2<br \/>86156 Augsburg<\/span><\/p><\/li><li><p style=\"margin-bottom: 0cm; line-height: 120%;\"><span style=\"font-size: small;\">Universit\u00e4tsklinikum Berlin<br \/>ChariteCentrum<br \/>Diagnostische und interventionelle Radiologie und Nuklearmedizin (CC 6)<br \/>Direktor: Univ. Prof. Dr. med. Bernd Hamm<br \/>PD Dr. Tobias Penzkofer<br \/>Charit\u00e9 \u2013 Universit\u00e4tsmedizin Berlin<br \/>Charit\u00e9platz 1<br \/>10117 Berlin<\/span><\/p><\/li><li><p style=\"margin-bottom: 0cm; line-height: 120%;\"><span style=\"font-size: small;\">Universit\u00e4tsklinikum OWL der Universit\u00e4t Bielefeld<br \/>Campus Klinikum Lippe<br \/>Institut f\u00fcr Neuroradiologie<br \/>Ltd. OA Dr. med. Johann Philipp Addicks<br \/>Rintelner Stra\u00dfe 85<br \/>32657 Lemgo<\/span><\/p><\/li><li><p style=\"margin-bottom: 0cm; line-height: 120%;\"><span style=\"font-size: small;\">Universit\u00e4tsklinikum der Ruhr-Universit\u00e4t Bochum<br \/>Diagnostische und Interventionelle Radiologie und Nuklearmedizin<br \/>Direktor: Prof. Dr. med. Volkmar Nicolas<br \/>B\u00fcrkle de la Camp Platz 1<br \/>44789 Bochum<br \/>Prof. Abolmaali (Kinderradiologie)<br \/>Katholisches Klinikum Bochum St. Josef Hospital<br \/>Gudrunstrasse 56<br \/>44791 Bochum<br \/>BG Universit\u00e4tsklinikum Bergmannsheil<br \/>Institut f\u00fcr Radiologische Diagnostik, Interventionelle Radiologie und Nuklearmedizin<br \/>Direktor: Prof. Dr. med. Volkmar Nicolas<br \/>B\u00fcrkle de la Camp-Platz 1<br \/>44789 Bochum<\/span><\/p><\/li><li><p style=\"margin-bottom: 0cm; line-height: 120%;\"><span style=\"font-size: small;\">Universit\u00e4tsklinikum Bonn<br \/>Klinik f\u00fcr Interventionelle und Diagnostische Radiologie<br \/>Klinikdirektorin: Univ.-Prof. Dr. med. Ulrike Attenberger<br \/>Venusberg-Campus 1<br \/>53127 Bonn<\/span><\/p><\/li><li><p style=\"margin-bottom: 0cm; line-height: 120%;\" align=\"justify\"><span style=\"font-size: small;\">Universit\u00e4tsklinikum Carl Gustav Carus Dresden<\/span><\/p><\/li><\/ol><\/li><\/ol><p style=\"margin-left: 0.6cm; margin-bottom: 0cm; line-height: 120%;\" align=\"justify\"><span style=\"font-size: small;\">Institut und Poliklinik f\u00fcr Diagnostische und Interventionelle Radiologie<\/span><\/p><p style=\"margin-left: 0.6cm; margin-bottom: 0cm; line-height: 120%;\" align=\"justify\"><span style=\"font-size: small;\">Direktor: Prof. Dr. med. Ralf-Thorsten Hoffmann<\/span><\/p><p style=\"margin-left: 0.6cm; margin-bottom: 0cm; line-height: 120%;\" align=\"justify\"><span style=\"font-size: small;\">Institut und Poliklinik f\u00fcr Diagnostische und Interventionelle Neuroradiologie<\/span><\/p><p style=\"margin-left: 0.6cm; margin-bottom: 0cm; line-height: 120%;\" align=\"justify\"><span style=\"font-size: small;\">Direktor: Prof. Dr. med. Jennifer Linn<\/span><\/p><p style=\"margin-left: 0.6cm; margin-bottom: 0cm; line-height: 120%;\" align=\"justify\"><span style=\"font-size: small;\">Fetscherstra\u00dfe 74<\/span><\/p><p style=\"margin-left: 0.6cm; margin-bottom: 0cm; line-height: 120%;\" align=\"justify\"><span style=\"font-size: small;\">01307 Dresden<\/span><\/p><ol><li style=\"list-style-type: none;\"><ol start=\"8\"><li><p style=\"margin-bottom: 0cm; line-height: 120%;\" align=\"justify\"><span style=\"font-size: small;\">Universit\u00e4tsklinikum D\u00fcsseldorf<\/span><\/p><\/li><\/ol><\/li><\/ol><p style=\"margin-left: 0.6cm; margin-bottom: 0cm; line-height: 120%;\" align=\"justify\"><span style=\"font-size: small;\">Institut f\u00fcr Diagnostische und Interventionelle Radiologie<\/span><\/p><p style=\"margin-left: 0.6cm; margin-bottom: 0cm; line-height: 120%;\" align=\"justify\"><span style=\"font-size: small;\">Direktor: Univ.-Prof. Dr. med. Gerald Antoch<\/span><\/p><p style=\"margin-left: 0.6cm; margin-bottom: 0cm; line-height: 120%;\" align=\"justify\"><span style=\"font-size: small;\">Moorenstr. 5<\/span><\/p><p style=\"margin-left: 0.6cm; margin-bottom: 0cm; line-height: 120%;\" align=\"justify\"><span style=\"font-size: small;\">40225 D\u00fcsseldorf<\/span><\/p><ol><li style=\"list-style-type: none;\"><ol start=\"9\"><li><p style=\"margin-bottom: 0cm; line-height: 120%;\" align=\"justify\"><span style=\"font-size: small;\">Universit\u00e4tsklinikum Erlangen<\/span><\/p><\/li><\/ol><\/li><\/ol><p style=\"margin-left: 0.6cm; margin-bottom: 0cm; line-height: 120%;\" align=\"justify\"><span style=\"font-size: small;\">Radiologisches Institut<\/span><\/p><p style=\"margin-left: 0.6cm; margin-bottom: 0cm; line-height: 120%;\" align=\"justify\"><span style=\"font-size: small;\">Direktor: Prof. Dr. med. Michael Uder<\/span><\/p><p style=\"margin-left: 0.6cm; margin-bottom: 0cm; line-height: 120%;\" align=\"justify\"><span style=\"font-size: small;\"><span lang=\"en-US\">PD Dr. med. Matthias May<\/span><\/span><\/p><p style=\"margin-left: 0.6cm; margin-bottom: 0cm; line-height: 120%;\" align=\"justify\"><span style=\"font-size: small;\"><span lang=\"en-US\">Maximiliansplatz 3<\/span><\/span><\/p><p style=\"margin-left: 0.6cm; margin-bottom: 0cm; line-height: 120%;\" align=\"justify\"><span style=\"font-size: small;\">91054 Erlangen<\/span><\/p><p style=\"margin-left: 0.6cm; margin-bottom: 0cm; line-height: 120%;\" align=\"justify\"><span style=\"font-size: small;\">Neuroradiologisches Institut<\/span><\/p><p style=\"margin-left: 0.6cm; margin-bottom: 0cm; line-height: 120%;\" align=\"justify\"><span style=\"font-size: small;\">Direktor: Prof. Dr. med. Arnd D\u00f6rfler<\/span><\/p><p style=\"margin-left: 0.6cm; margin-bottom: 0cm; line-height: 120%;\" align=\"justify\"><span style=\"font-size: small;\">PD Dr. Med. Manuel Schmidt<\/span><\/p><p style=\"margin-left: 0.6cm; margin-bottom: 0cm; line-height: 120%;\" align=\"justify\"><span style=\"font-size: small;\">Schwabachanlage 6<\/span><\/p><p style=\"margin-left: 0.6cm; margin-bottom: 0cm; line-height: 120%;\" align=\"justify\"><span style=\"font-size: small;\">91054 Erlangen<\/span><\/p><ol><li style=\"list-style-type: none;\"><ol start=\"10\"><li><p style=\"margin-bottom: 0cm; line-height: 120%;\" align=\"justify\"><span style=\"font-size: small;\">Universit\u00e4tsklinikum Essen<\/span><\/p><\/li><\/ol><\/li><\/ol><p style=\"margin-left: 0.6cm; margin-bottom: 0cm; line-height: 120%;\" align=\"justify\"><span style=\"font-size: small;\">Institut f\u00fcr Diagnostische und Interventionelle Radiologie und Neuroradiologie<\/span><\/p><p style=\"margin-left: 0.6cm; margin-bottom: 0cm; line-height: 120%;\" align=\"justify\"><span style=\"font-size: small;\">Direktor: Univ.-Prof. Dr. med. Michael Forsting<\/span><\/p><p style=\"margin-left: 0.6cm; margin-bottom: 0cm; line-height: 120%;\" align=\"justify\"><span style=\"font-size: small;\">Prof. Dr. Dr. Jens Kleesiek<\/span><\/p><p style=\"margin-left: 0.6cm; margin-bottom: 0cm; line-height: 120%;\" align=\"justify\"><span style=\"font-size: small;\">Hufelandstra\u00dfe 55<\/span><\/p><p style=\"margin-left: 0.6cm; margin-bottom: 0cm; line-height: 120%;\" align=\"justify\"><span style=\"font-size: small;\">45147 Essen<\/span><\/p><ol><li style=\"list-style-type: none;\"><ol start=\"11\"><li><p style=\"margin-bottom: 0cm; line-height: 120%;\" align=\"justify\"><span style=\"font-size: small;\">Universit\u00e4tsklinikum Frankfurt<\/span><\/p><\/li><\/ol><\/li><\/ol><p style=\"margin-left: 0.6cm; margin-bottom: 0cm; line-height: 120%;\" align=\"justify\"><span style=\"font-size: small;\">Institut f\u00fcr Interventionelle und Diagnostische Radiologie<\/span><\/p><p style=\"margin-left: 0.6cm; margin-bottom: 0cm; line-height: 120%;\" align=\"justify\"><span style=\"font-size: small;\">Klinikdirektor: Prof. Dr. Thomas J. Vogl<\/span><\/p><p style=\"margin-left: 0.6cm; margin-bottom: 0cm; line-height: 120%;\" align=\"justify\"><span style=\"font-size: small;\">Dr. Andreas Bucher<\/span><\/p><p style=\"margin-left: 0.6cm; margin-bottom: 0cm; line-height: 120%;\" align=\"justify\"><span style=\"font-size: small;\">Kinderradiologie: Prof. Dr. Thomas J. Vogl<\/span><\/p><p style=\"margin-left: 0.6cm; margin-bottom: 0cm; line-height: 120%;\" align=\"justify\"><span style=\"font-size: small;\">Dr. Sebastian Fischer<\/span><\/p><p style=\"margin-left: 0.6cm; margin-bottom: 0cm; line-height: 120%;\" align=\"justify\"><span style=\"font-size: small;\">Theodor-Stern-Kai 7<\/span><\/p><p style=\"margin-left: 0.6cm; margin-bottom: 0cm; line-height: 120%;\" align=\"justify\"><span style=\"font-size: small;\">Haus 23C, UG, Radiologie<\/span><\/p><p style=\"margin-left: 0.6cm; margin-bottom: 0cm; line-height: 120%;\" align=\"justify\"><span style=\"font-size: small;\">60590 Frankfurt<\/span><\/p><p style=\"margin-left: 0.6cm; margin-bottom: 0cm; line-height: 120%;\" align=\"justify\"><span style=\"font-size: small;\">Institut f\u00fcr Neuroradiologie<\/span><\/p><p style=\"margin-left: 0.6cm; margin-bottom: 0cm; line-height: 120%;\" align=\"justify\"><span style=\"font-size: small;\">Prof. Dr. Elke Hattingen<\/span><\/p><p style=\"margin-left: 0.6cm; margin-bottom: 0cm; line-height: 120%;\" align=\"justify\"><span style=\"font-size: small;\">Universit\u00e4tsklinikum Frankfurt<\/span><\/p><p style=\"margin-left: 0.6cm; margin-bottom: 0cm; line-height: 120%;\" align=\"justify\"><span style=\"font-size: small;\">Schleusenweg 2-16<\/span><\/p><p style=\"margin-left: 0.6cm; margin-bottom: 0cm; line-height: 120%;\" align=\"justify\"><span style=\"font-size: small;\">Haus 95, EG<\/span><\/p><p style=\"margin-left: 0.6cm; margin-bottom: 0cm; line-height: 120%;\" align=\"justify\"><span style=\"font-size: small;\">60528 Frankfurt am Main<\/span><\/p><ol><li style=\"list-style-type: none;\"><ol start=\"12\"><li><p style=\"margin-bottom: 0cm; line-height: 120%;\" align=\"justify\"><span style=\"font-size: small;\">Universit\u00e4tsklinikum Freiburg<\/span><\/p><\/li><\/ol><\/li><\/ol><p style=\"margin-left: 0.6cm; margin-bottom: 0cm; line-height: 120%;\" align=\"justify\"><span style=\"font-size: small;\">Klinik f\u00fcr Diagnostische und Interventionelle Radiologie<\/span><\/p><p style=\"margin-left: 0.6cm; margin-bottom: 0cm; line-height: 120%;\" align=\"justify\"><span style=\"font-size: small;\">Direktor: Prof. Dr. Fabian Bamberg<\/span><\/p><p style=\"margin-left: 0.6cm; margin-bottom: 0cm; line-height: 120%;\" align=\"justify\"><span style=\"font-size: small;\">Hugstetter Stra\u00dfe 55<\/span><\/p><p style=\"margin-left: 0.6cm; margin-bottom: 0cm; line-height: 120%;\" align=\"justify\"><span style=\"font-size: small;\">Klinik f\u00fcr Neuroradiologie<\/span><\/p><p style=\"margin-left: 0.6cm; margin-bottom: 0cm; line-height: 120%;\" align=\"justify\"><span style=\"font-size: small;\">Direktor: Prof. Dr. Horst Urbauch<\/span><\/p><p style=\"margin-left: 0.6cm; margin-bottom: 0cm; line-height: 120%;\" align=\"justify\"><span style=\"font-size: small;\">Breisacher Stra\u00dfe 64<\/span><\/p><p style=\"margin-left: 0.6cm; margin-bottom: 0cm; line-height: 120%;\" align=\"justify\"><span style=\"font-size: small;\">79106 Freiburg<\/span><\/p><ol><li style=\"list-style-type: none;\"><ol start=\"13\"><li><p style=\"margin-bottom: 0cm; line-height: 120%;\" align=\"justify\"><span style=\"font-size: small;\">Justus-Liebig-Universit\u00e4t Gie\u00dfen<\/span><\/p><\/li><\/ol><\/li><\/ol><p style=\"margin-left: 0.6cm; margin-bottom: 0cm; line-height: 120%;\" align=\"justify\"><span style=\"font-size: small;\">Klinik f\u00fcr Diagnostische und Interventionelle Radiologie<\/span><\/p><p style=\"margin-left: 0.6cm; margin-bottom: 0cm; line-height: 120%;\" align=\"justify\"><span style=\"font-size: small;\">Direktorin: Univ.-Prof. Dr. Gabriele A. Krombach<\/span><\/p><p style=\"margin-left: 0.6cm; margin-bottom: 0cm; line-height: 120%;\" align=\"justify\"><span style=\"font-size: small;\">Abteilung f\u00fcr Neuroradiologie: Prof. Dr. Tobias Struffert<\/span><\/p><p style=\"margin-left: 0.6cm; margin-bottom: 0cm; line-height: 120%;\" align=\"justify\"><span style=\"font-size: small;\">Klinikstr. 33<\/span><\/p><p style=\"margin-left: 0.6cm; margin-bottom: 0cm; line-height: 120%;\" align=\"justify\"><span style=\"font-size: small;\">35392 Gie\u00dfen<\/span><\/p><ol><li style=\"list-style-type: none;\"><ol start=\"14\"><li><p style=\"margin-bottom: 0cm; line-height: 120%;\" align=\"justify\"><span style=\"font-size: small;\">Philipps-Universit\u00e4t Marburg<\/span><\/p><\/li><\/ol><\/li><\/ol><p style=\"margin-left: 0.6cm; margin-bottom: 0cm; line-height: 120%;\" align=\"justify\"><span style=\"font-size: small;\">Klinik f\u00fcr Diagnostische und Interventionelle Radiologie<\/span><\/p><p style=\"margin-left: 0.6cm; margin-bottom: 0cm; line-height: 120%;\" align=\"justify\"><span style=\"font-size: small;\">Klinikdirektor: Prof. Dr. Andreas H. Mahnken<\/span><\/p><p style=\"margin-left: 0.6cm; margin-bottom: 0cm; line-height: 120%;\" align=\"justify\"><span style=\"font-size: small;\">\u00c4rztlicher Direktor Klinik f\u00fcr Neuroradiologie Prof. Dr. med. Andr\u00e9 Kemmling<\/span><\/p><p style=\"margin-left: 0.6cm; margin-bottom: 0cm; line-height: 120%;\" align=\"justify\"><span style=\"font-size: small;\">Baldingerstrasse<\/span><\/p><p style=\"margin-left: 0.6cm; margin-bottom: 0cm; line-height: 120%;\" align=\"justify\"><span style=\"font-size: small;\">35043 Marburg<\/span><\/p><ol><li style=\"list-style-type: none;\"><ol start=\"15\"><li><p style=\"margin-bottom: 0cm; line-height: 120%;\" align=\"justify\"><span style=\"font-size: small;\">Universit\u00e4tsmedizin G\u00f6ttingen<\/span><\/p><\/li><\/ol><\/li><\/ol><p style=\"margin-left: 0.6cm; margin-bottom: 0cm; line-height: 120%;\" align=\"justify\"><span style=\"font-size: small;\">Institut f\u00fcr Diagnostische und Interventionelle Radiologie<\/span><\/p><p style=\"margin-left: 0.6cm; margin-bottom: 0cm; line-height: 120%;\" align=\"justify\"><span style=\"font-size: small;\"><span lang=\"en-US\">Direktor: Prof. Dr. med. Joachim Lotz<\/span><\/span><\/p><p style=\"margin-left: 0.6cm; margin-bottom: 0cm; line-height: 120%;\" align=\"justify\"><span style=\"font-size: small;\">Bereichsleiter Kinderradiologie: Dr. J\u00fcrgen Gronau<\/span><\/p><p style=\"margin-left: 0.6cm; margin-bottom: 0cm; line-height: 120%;\" align=\"justify\"><span style=\"font-size: small;\">Institut f\u00fcr Diagnostische und Interventionelle Neuroradiologie<\/span><\/p><p style=\"margin-left: 0.6cm; margin-bottom: 0cm; line-height: 120%;\" align=\"justify\"><span style=\"font-size: small;\">Direktor: Prof. Dr. Christian Riedel<\/span><\/p><p style=\"margin-left: 0.6cm; margin-bottom: 0cm; line-height: 120%;\" align=\"justify\"><span style=\"font-size: small;\">Georg-August-Universit\u00e4t<\/span><\/p><p style=\"margin-left: 0.6cm; margin-bottom: 0cm; line-height: 120%;\" align=\"justify\"><span style=\"font-size: small;\">Robert-Koch-Stra\u00dfe 40<\/span><\/p><p style=\"margin-left: 0.6cm; margin-bottom: 0cm; line-height: 120%;\" align=\"justify\"><span style=\"font-size: small;\">37075 G\u00f6ttingen<\/span><\/p><ol><li style=\"list-style-type: none;\"><ol start=\"16\"><li><p style=\"margin-bottom: 0cm; line-height: 120%;\" align=\"justify\"><span style=\"font-size: small;\">Universit\u00e4tsmedizin Greifswald<\/span><\/p><\/li><\/ol><\/li><\/ol><p style=\"margin-left: 0.6cm; margin-bottom: 0cm; line-height: 120%;\" align=\"justify\"><span style=\"font-size: small;\">Zentrum f\u00fcr Radiologie<\/span><\/p><p style=\"margin-left: 0.6cm; margin-bottom: 0cm; line-height: 120%;\" align=\"justify\"><span style=\"font-size: small;\">Klinik und Poliklinik f\u00fcr Nuklearmedizin<\/span><\/p><p style=\"margin-left: 0.6cm; margin-bottom: 0cm; line-height: 120%;\" align=\"justify\"><span style=\"font-size: small;\">Prof. Dr. med. Norbert Hosten<\/span><\/p><p style=\"margin-left: 0.6cm; margin-bottom: 0cm; line-height: 120%;\" align=\"justify\"><span style=\"font-size: small;\">Fleischmannstra\u00dfe 42 &#8211; 44<\/span><\/p><p style=\"margin-left: 0.6cm; margin-bottom: 0cm; line-height: 120%;\" align=\"justify\"><span style=\"font-size: small;\">17475 Greifswald<\/span><\/p><p style=\"margin-left: 0.6cm; margin-bottom: 0cm; line-height: 120%;\" align=\"justify\"><span style=\"font-size: small;\">Institut f\u00fcr Diagnostische Radiologie und Neuroradiologie<\/span><\/p><p style=\"margin-left: 0.6cm; margin-bottom: 0cm; line-height: 120%;\" align=\"justify\"><span style=\"font-size: small;\">Prof. Dr. med. Norbert Hosten<\/span><\/p><p style=\"margin-left: 0.6cm; margin-bottom: 0cm; line-height: 120%;\" align=\"justify\"><span style=\"font-size: small;\">Ferdinand-Sauerbruch-Stra\u00dfe<\/span><\/p><p style=\"margin-left: 0.6cm; margin-bottom: 0cm; line-height: 120%;\" align=\"justify\"><span style=\"font-size: small;\">17475 Greifswald<\/span><\/p><ol><li style=\"list-style-type: none;\"><ol start=\"17\"><li><p style=\"margin-bottom: 0cm; line-height: 120%;\" align=\"justify\"><span style=\"font-size: small;\">Universit\u00e4tsklinikum Halle (Saale)<\/span><\/p><\/li><\/ol><\/li><\/ol><p style=\"margin-left: 0.6cm; margin-bottom: 0cm; line-height: 120%;\" align=\"justify\"><span style=\"font-size: small;\">Universit\u00e4tsklinik und Poliklinik f\u00fcr Radiologie<\/span><\/p><p style=\"margin-left: 0.6cm; margin-bottom: 0cm; line-height: 120%;\" align=\"justify\"><span style=\"font-size: small;\">Direktor: Univ.-Prof. Dr. Dr. Walter A. Wohlgemuth<\/span><\/p><p style=\"margin-left: 0.6cm; margin-bottom: 0cm; line-height: 120%;\" align=\"justify\"><span style=\"font-size: small;\">Ernst-Grube-Str. 40<\/span><\/p><p style=\"margin-left: 0.6cm; margin-bottom: 0cm; line-height: 120%;\" align=\"justify\"><span style=\"font-size: small;\">06097 Halle (Saale)<\/span><\/p><ol><li style=\"list-style-type: none;\"><ol start=\"18\"><li><p style=\"margin-bottom: 0cm; line-height: 120%;\" align=\"justify\"><span style=\"font-size: small;\">Universit\u00e4tsklinikum Hamburg-Eppendorf (Kd\u00f6R)<\/span><\/p><\/li><\/ol><\/li><\/ol><p style=\"margin-left: 0.6cm; margin-bottom: 0cm; line-height: 120%;\" align=\"justify\"><span style=\"font-size: small;\">dieses vertreten durch den Vorstand<\/span><\/p><p style=\"margin-left: 0.6cm; margin-bottom: 0cm; line-height: 120%;\" align=\"justify\"><span style=\"font-size: small;\">mit der Klinik f\u00fcr Diagnostische und Interventionelle Radiologie und Nuklearmedizin<\/span><\/p><p style=\"margin-left: 0.6cm; margin-bottom: 0cm; line-height: 120%;\" align=\"justify\"><span style=\"font-size: small;\">unter der Leitung von Prof. Dr. med. Gerhard Adam<\/span><\/p><p style=\"margin-left: 0.6cm; margin-bottom: 0cm; line-height: 120%;\" align=\"justify\"><span style=\"font-size: small;\">mit der P\u00e4diatrischen Radiologie<\/span><\/p><p style=\"margin-left: 0.6cm; margin-bottom: 0cm; line-height: 120%;\" align=\"justify\"><span style=\"font-size: small;\">unter der Leitung von PD Dr. med. Jochen Herrmann<\/span><\/p><p style=\"margin-left: 0.6cm; margin-bottom: 0cm; line-height: 120%;\" align=\"justify\"><span style=\"font-size: small;\">mit der Klinik f\u00fcr Neuroradiologische Diagnostik und Intervention<\/span><\/p><p style=\"margin-left: 0.6cm; margin-bottom: 0cm; line-height: 120%;\" align=\"justify\"><span style=\"font-size: small;\">unter der Leitung von PD Dr. med. Gabriel Broocks<\/span><\/p><p style=\"margin-left: 0.6cm; margin-bottom: 0cm; line-height: 120%;\" align=\"justify\"><span style=\"font-size: small;\">Martinistra\u00dfe 52<\/span><\/p><p style=\"margin-left: 0.6cm; margin-bottom: 0cm; line-height: 120%;\" align=\"justify\"><span style=\"font-size: small;\">20246 Hamburg<\/span><\/p><ol><li style=\"list-style-type: none;\"><ol start=\"19\"><li><p style=\"margin-bottom: 0cm; line-height: 120%;\" align=\"justify\"><span style=\"font-size: small;\">Medizinische Hochschule Hannover<\/span><\/p><\/li><\/ol><\/li><\/ol><p style=\"margin-left: 0.6cm; margin-bottom: 0cm; line-height: 120%;\" align=\"justify\"><span style=\"font-size: small;\">Institut f\u00fcr Diagnostische und Interventionelle Radiologie<\/span><\/p><p style=\"margin-left: 0.6cm; margin-bottom: 0cm; line-height: 120%;\" align=\"justify\"><span style=\"font-size: small;\">Direktor: Prof. Dr. med. F. Wacker<\/span><\/p><p style=\"margin-left: 0.6cm; margin-bottom: 0cm; line-height: 120%;\" align=\"justify\"><span style=\"font-size: small;\">Institut f\u00fcr Diagnostische und Interventionelle Neuroradiologie<\/span><\/p><p style=\"margin-left: 0.6cm; margin-bottom: 0cm; line-height: 120%;\" align=\"justify\"><span style=\"font-size: small;\">Direktor: Prof. Dr. med. Heinrich Lanfermann<\/span><\/p><p style=\"margin-left: 0.6cm; margin-bottom: 0cm; line-height: 120%;\" align=\"justify\"><span style=\"font-size: small;\">Carl-Neuberg-Str. 1<\/span><\/p><p style=\"margin-left: 0.6cm; margin-bottom: 0cm; line-height: 120%;\" align=\"justify\"><span style=\"font-size: small;\">30625 Hannover<\/span><\/p><ol><li style=\"list-style-type: none;\"><ol start=\"20\"><li><p style=\"margin-bottom: 0cm; line-height: 120%;\" align=\"justify\"><span style=\"font-size: small;\">Universit\u00e4tsklinikum Heidelberg<\/span><\/p><\/li><\/ol><\/li><\/ol><p style=\"margin-left: 0.6cm; margin-bottom: 0cm; line-height: 120%;\" align=\"justify\"><span style=\"font-size: small;\">Institut f\u00fcr Diagnostische und Interventionelle Radiologie<\/span><\/p><p style=\"margin-left: 0.6cm; margin-bottom: 0cm; line-height: 120%;\" align=\"justify\"><span style=\"font-size: small;\">und Deutsches Zentrum f\u00fcr Lungenforschung<\/span><\/p><p style=\"margin-left: 0.6cm; margin-bottom: 0cm; line-height: 120%;\" align=\"justify\"><span style=\"font-size: small;\">Direktor: Prof. Dr. med. H.-U. Kauczor<\/span><\/p><p style=\"margin-left: 0.6cm; margin-bottom: 0cm; line-height: 120%;\" align=\"justify\"><span style=\"font-size: small;\">Im Neuenheimer Feld 110<\/span><\/p><p style=\"margin-left: 0.6cm; margin-bottom: 0cm; line-height: 120%;\" align=\"justify\"><span style=\"font-size: small;\">69120 Heidelberg<\/span><\/p><p style=\"margin-left: 0.6cm; margin-bottom: 0cm; line-height: 120%;\" align=\"justify\"><span style=\"font-size: small;\">Deutsches Krebsforschungszentrum Heidelberg<\/span><\/p><p style=\"margin-left: 0.6cm; margin-bottom: 0cm; line-height: 120%;\" align=\"justify\"><span style=\"font-size: small;\">Abteilung Radiologie<\/span><\/p><p style=\"margin-left: 0.6cm; margin-bottom: 0cm; line-height: 120%;\" align=\"justify\"><span style=\"font-size: small;\">Direktor: Prof. Dr. Dipl.- Phys. Heinz-Peter Schlemmer<\/span><\/p><p style=\"margin-left: 0.6cm; margin-bottom: 0cm; line-height: 120%;\" align=\"justify\"><span style=\"font-size: small;\">Im Neuenheimer Feld 280<\/span><\/p><p style=\"margin-left: 0.6cm; margin-bottom: 0cm; line-height: 120%;\" align=\"justify\"><span style=\"font-size: small;\">69120 Heidelberg<\/span><\/p><p style=\"margin-left: 0.6cm; margin-bottom: 0cm; line-height: 120%;\" align=\"justify\"><span style=\"font-size: small;\">Abteilung f\u00fcr Neuroradiologie<\/span><\/p><p style=\"margin-left: 0.6cm; margin-bottom: 0cm; line-height: 120%;\" align=\"justify\"><span style=\"font-size: small;\">Direktor: Prof. Dr. med. Martin Bendszus<\/span><\/p><p style=\"margin-left: 0.6cm; margin-bottom: 0cm; line-height: 120%;\" align=\"justify\"><span style=\"font-size: small;\">Im Neuenheimer Feld 400<\/span><\/p><p style=\"margin-left: 0.6cm; margin-bottom: 0cm; line-height: 120%;\" align=\"justify\"><span style=\"font-size: small;\">69120 Heidelberg<\/span><\/p><ol><li style=\"list-style-type: none;\"><ol start=\"21\"><li><p style=\"margin-bottom: 0cm; line-height: 120%;\" align=\"justify\"><span style=\"font-size: small;\">Universit\u00e4t des Saarlandes<\/span><\/p><\/li><\/ol><\/li><\/ol><p style=\"margin-left: 0.6cm; margin-bottom: 0cm; line-height: 120%;\" align=\"justify\"><span style=\"font-size: small;\">Klinik f\u00fcr Diagnostische und Interventionelle Radiologie<\/span><\/p><p style=\"margin-left: 0.6cm; margin-bottom: 0cm; line-height: 120%;\" align=\"justify\"><span style=\"font-size: small;\">Klinikdirektor: Prof. Dr. med. Arno B\u00fccker<\/span><\/p><p style=\"margin-left: 0.6cm; margin-bottom: 0cm; line-height: 120%;\" align=\"justify\"><span style=\"font-size: small;\">Kirrbergerstra\u00dfe<\/span><\/p><p style=\"margin-left: 0.6cm; margin-bottom: 0cm; line-height: 120%;\" align=\"justify\"><span style=\"font-size: small;\">66424 Homburg \/Saar<\/span><\/p><ol><li style=\"list-style-type: none;\"><ol start=\"22\"><li><p style=\"margin-bottom: 0cm; line-height: 120%;\" align=\"justify\"><span style=\"font-size: small;\">Universit\u00e4tsklinikum Jena<\/span><\/p><\/li><\/ol><\/li><\/ol><p style=\"margin-left: 0.6cm; margin-bottom: 0cm; line-height: 120%;\" align=\"justify\"><span style=\"font-size: small;\">Institut f\u00fcr Diagnostische und Interventionelle Radiologie<\/span><\/p><p style=\"margin-left: 0.6cm; margin-bottom: 0cm; line-height: 120%;\" align=\"justify\"><span style=\"font-size: small;\">Klinikdirektor: Prof. Dr. med. Ulf Teichgr\u00e4ber<\/span><\/p><p style=\"margin-left: 0.6cm; margin-bottom: 0cm; line-height: 120%;\" align=\"justify\"><span style=\"font-size: small;\">Dipl.-Inf. Felix G\u00fcttler<\/span><\/p><p style=\"margin-left: 0.6cm; margin-bottom: 0cm; line-height: 120%;\" align=\"justify\"><span style=\"font-size: small;\">Am Klinikum 1<\/span><\/p><p style=\"margin-left: 0.6cm; margin-bottom: 0cm; line-height: 120%;\" align=\"justify\"><span style=\"font-size: small;\">07747 Jena<\/span><\/p><ol><li style=\"list-style-type: none;\"><ol start=\"23\"><li><p style=\"margin-bottom: 0cm; line-height: 120%;\" align=\"justify\"><span style=\"font-size: small;\">Universit\u00e4tsklinikum K\u00f6ln<\/span><\/p><\/li><\/ol><\/li><\/ol><p style=\"margin-left: 0.6cm; margin-bottom: 0cm; line-height: 120%;\" align=\"justify\"><span style=\"font-size: small;\">Institut f\u00fcr Diagnostische und Interventionelle Radiologie<\/span><\/p><p style=\"margin-left: 0.6cm; margin-bottom: 0cm; line-height: 120%;\" align=\"justify\"><span style=\"font-size: small;\">Direktor: Univ.-Prof. Dr. David Maintz<\/span><\/p><p style=\"margin-left: 0.6cm; margin-bottom: 0cm; line-height: 120%;\" align=\"justify\"><span style=\"font-size: small;\">Kerpener Stra\u00dfe 62<\/span><\/p><p style=\"margin-left: 0.6cm; margin-bottom: 0cm; line-height: 120%;\" align=\"justify\"><span style=\"font-size: small;\">50937 K\u00f6ln<\/span><\/p><ol><li style=\"list-style-type: none;\"><ol start=\"24\"><li><p style=\"margin-bottom: 0cm; line-height: 120%;\" align=\"justify\"><span style=\"font-size: small;\">Universit\u00e4tsklinikum Leipzig<\/span><\/p><\/li><\/ol><\/li><\/ol><p style=\"margin-left: 0.6cm; margin-bottom: 0cm; line-height: 120%;\" align=\"justify\"><span style=\"font-size: small;\">Klinik und Poliklinik f\u00fcr Diagnostische und Interventionelle Radiologie<\/span><\/p><p style=\"margin-left: 0.6cm; margin-bottom: 0cm; line-height: 120%;\" align=\"justify\"><span style=\"font-size: small;\">Prof. Dr. Timm Denecke<\/span><\/p><p style=\"margin-left: 0.6cm; margin-bottom: 0cm; line-height: 120%;\" align=\"justify\"><span style=\"font-size: small;\">Institut f\u00fcr Neuroradiologie<\/span><\/p><p style=\"margin-left: 0.6cm; margin-bottom: 0cm; line-height: 120%;\" align=\"justify\"><span style=\"font-size: small;\">Prof. Dr. Karl-Titus Hoffmann<\/span><\/p><p style=\"margin-left: 0.6cm; margin-bottom: 0cm; line-height: 120%;\" align=\"justify\"><span style=\"font-size: small;\">Liebigstra\u00dfe 20, Haus 4<\/span><\/p><p style=\"margin-left: 0.6cm; margin-bottom: 0cm; line-height: 120%;\" align=\"justify\"><span style=\"font-size: small;\">04103 Leipzig<\/span><\/p><p style=\"margin-left: 0.6cm; margin-bottom: 0cm; line-height: 120%;\" align=\"justify\"><span style=\"font-size: small;\">Institut f\u00fcr Kinderradiologie<\/span><\/p><p style=\"margin-left: 0.6cm; margin-bottom: 0cm; line-height: 120%;\" align=\"justify\"><span style=\"font-size: small;\">Prof. Dr. Franz Wolfgang Hirsch<\/span><\/p><p style=\"margin-left: 0.6cm; margin-bottom: 0cm; line-height: 120%;\" align=\"justify\"><span style=\"font-size: small;\">Liebigstra\u00dfe 20a, Haus 6<\/span><\/p><p style=\"margin-left: 0.6cm; margin-bottom: 0cm; line-height: 120%;\" align=\"justify\"><span style=\"font-size: small;\">04103 Leipzig<\/span><\/p><p style=\"margin-left: 0.6cm; margin-bottom: 0cm; line-height: 120%;\" align=\"justify\"><span style=\"font-size: small;\">Stiftungsprofessur f\u00fcr kardiale Bildgebung am Herzzentrum Leipzig<\/span><\/p><p style=\"margin-left: 0.6cm; margin-bottom: 0cm; line-height: 120%;\" align=\"justify\"><span style=\"font-size: small;\">Prof. Dr. Matthias Gutberlet<\/span><\/p><p style=\"margin-left: 0.6cm; margin-bottom: 0cm; line-height: 120%;\" align=\"justify\"><span style=\"font-size: small;\">Str\u00fcmpellstra\u00dfe 39<\/span><\/p><p style=\"margin-left: 0.6cm; margin-bottom: 0cm; line-height: 120%;\" align=\"justify\"><span style=\"font-size: small;\">04289 Leipzig<\/span><\/p><ol><li style=\"list-style-type: none;\"><ol start=\"25\"><li><p style=\"margin-bottom: 0cm; line-height: 120%;\" align=\"justify\"><span style=\"font-size: small;\">Universit\u00e4tsmedizin Magdeburg<\/span><\/p><\/li><\/ol><\/li><\/ol><p style=\"margin-left: 0.6cm; margin-bottom: 0cm; line-height: 120%;\" align=\"justify\"><span style=\"font-size: small;\">Medizinische Fakult\u00e4t der Otto-von-Guericke-Universit\u00e4t Magdeburg und Universit\u00e4tsklinikum Magdeburg A.\u00f6.R.<\/span><\/p><p style=\"margin-left: 0.6cm; margin-bottom: 0cm; line-height: 120%;\" align=\"justify\"><span style=\"font-size: small;\">Universit\u00e4tsklinik f\u00fcr Radiologie und Nuklearmedizin<\/span><\/p><p style=\"margin-left: 0.6cm; margin-bottom: 0cm; line-height: 120%;\" align=\"justify\"><span style=\"font-size: small;\">Direktor: Prof. Dr. med. Maciej Pech<\/span><\/p><p style=\"margin-left: 0.6cm; margin-bottom: 0cm; line-height: 120%;\" align=\"justify\"><span style=\"font-size: small;\">Leipziger Str. 44<\/span><\/p><p style=\"margin-left: 0.6cm; margin-bottom: 0cm; line-height: 120%;\" align=\"justify\"><span style=\"font-size: small;\">39120 Magdeburg<\/span><\/p><ol><li style=\"list-style-type: none;\"><ol start=\"26\"><li><p style=\"margin-bottom: 0cm; line-height: 120%;\" align=\"justify\"><span style=\"font-size: small;\">Universit\u00e4tsmedizin der Johannes-Gutenberg-Universit\u00e4t Mainz<\/span><\/p><\/li><\/ol><\/li><\/ol><p style=\"margin-left: 0.6cm; margin-bottom: 0cm; line-height: 120%;\" align=\"justify\"><span style=\"font-size: small;\">Klinik und Poliklinik f\u00fcr Diagnostische und Interventionelle Radiologie<\/span><\/p><p style=\"margin-left: 0.6cm; margin-bottom: 0cm; line-height: 120%;\" align=\"justify\"><span style=\"font-size: small;\">Direktor: Univ.-Prof. Dr. C. D\u00fcber<\/span><\/p><p style=\"margin-left: 0.6cm; margin-bottom: 0cm; line-height: 120%;\" align=\"justify\"><span style=\"font-size: small;\">Leitung Sektion Kinderradiologie: Univ.-Prof. Dr. G. Staatz<\/span><\/p><p style=\"margin-left: 0.6cm; margin-bottom: 0cm; line-height: 120%;\" align=\"justify\"><span style=\"font-size: small;\">Klinik und Poliklinik f\u00fcr Neuroradiologie<\/span><\/p><p style=\"margin-left: 0.6cm; margin-bottom: 0cm; line-height: 120%;\" align=\"justify\"><span style=\"font-size: small;\">Direktor: Univ.-Prof. Dr. M. Brockmann<\/span><\/p><p style=\"margin-left: 0.6cm; margin-bottom: 0cm; line-height: 120%;\" align=\"justify\"><span style=\"font-size: small;\">Langenbeckstr. 1<\/span><\/p><p style=\"margin-left: 0.6cm; margin-bottom: 0cm; line-height: 120%;\" align=\"justify\"><span style=\"font-size: small;\">55131 Mainz<\/span><\/p><ol><li style=\"list-style-type: none;\"><ol start=\"27\"><li><p style=\"margin-bottom: 0cm; line-height: 120%;\" align=\"justify\"><span style=\"font-size: small;\">Universit\u00e4tsmedizin Mannheim<\/span><\/p><\/li><\/ol><\/li><\/ol><p style=\"margin-left: 0.6cm; margin-bottom: 0cm; line-height: 120%;\" align=\"justify\"><span style=\"font-size: small;\">Medizinische Fakult\u00e4t Mannheim der Universit\u00e4t Heidelberg<\/span><\/p><p style=\"margin-left: 0.6cm; margin-bottom: 0cm; line-height: 120%;\" align=\"justify\"><span style=\"font-size: small;\">Klinik f\u00fcr Radiologie und Nuklearmedizin<\/span><\/p><p style=\"margin-left: 0.6cm; margin-bottom: 0cm; line-height: 120%;\" align=\"justify\"><span style=\"font-size: small;\">Direktor: Prof. Dr. med. Stefan Sch\u00f6nberg<\/span><\/p><p style=\"margin-left: 0.6cm; margin-bottom: 0cm; line-height: 120%;\" align=\"justify\"><span style=\"font-size: small;\">Abteilung f\u00fcr Neuroradiologie<\/span><\/p><p style=\"margin-left: 0.6cm; margin-bottom: 0cm; line-height: 120%;\" align=\"justify\"><span style=\"font-size: small;\">Direktor: Prof. Dr. med. Christoph Groden<\/span><\/p><p style=\"margin-left: 0.6cm; margin-bottom: 0cm; line-height: 120%;\" align=\"justify\"><span style=\"font-size: small;\">Sektion f\u00fcr Kinderradiologie<\/span><\/p><p style=\"margin-left: 0.6cm; margin-bottom: 0cm; line-height: 120%;\" align=\"justify\"><span style=\"font-size: small;\">Leitung: PD Dr. med. Meike Weis.<\/span><\/p><p style=\"margin-left: 0.6cm; margin-bottom: 0cm; line-height: 120%;\" align=\"justify\"><span style=\"font-size: small;\">Theodor-Kutzer-Ufer 1-3<\/span><\/p><p style=\"margin-left: 0.6cm; margin-bottom: 0cm; line-height: 120%;\" align=\"justify\"><span style=\"font-size: small;\">68167 Mannheim<\/span><\/p><ol><li style=\"list-style-type: none;\"><ol start=\"28\"><li><p style=\"margin-bottom: 0cm; line-height: 120%;\" align=\"justify\"><span style=\"font-size: small;\">Universit\u00e4tsklinikum M\u00fcnchen LMU<\/span><\/p><\/li><\/ol><\/li><\/ol><p style=\"margin-left: 0.6cm; margin-bottom: 0cm; line-height: 120%;\" align=\"justify\"><span style=\"font-size: small;\">Klinik und Poliklinik f\u00fcr Radiologie<\/span><\/p><p style=\"margin-left: 0.6cm; margin-bottom: 0cm; line-height: 120%;\" align=\"justify\"><span style=\"font-size: small;\">Klinikdirektor: Prof. Dr. med. Jens Ricke<\/span><\/p><p style=\"margin-left: 0.6cm; margin-bottom: 0cm; line-height: 120%;\" align=\"justify\"><span style=\"font-size: small;\">Prof. Dr. Michael Ingrisch<\/span><\/p><p style=\"margin-left: 0.6cm; margin-bottom: 0cm; line-height: 120%;\" align=\"justify\"><span style=\"font-size: small;\">Klinik und Poliklinik f\u00fcr Radiologie Institut f\u00fcr Diagnostische und Interventionelle Neuroradiologie<\/span><\/p><p style=\"margin-left: 0.6cm; margin-bottom: 0cm; line-height: 120%;\" align=\"justify\"><span style=\"font-size: small;\">Institutsdirektor: Prof. Dr. Thomas Liebig<\/span><\/p><p style=\"margin-left: 0.6cm; margin-bottom: 0cm; line-height: 120%;\" align=\"justify\"><span style=\"font-size: small;\">Klinikum der Universit\u00e4t M\u00fcnchen<\/span><\/p><p style=\"margin-left: 0.6cm; margin-bottom: 0cm; line-height: 120%;\" align=\"justify\"><span style=\"font-size: small;\">Marchioninistr. 15<\/span><\/p><p style=\"margin-left: 0.6cm; margin-bottom: 0cm; line-height: 120%;\" align=\"justify\"><span style=\"font-size: small;\">81377 M\u00fcnchen<\/span><\/p><ol><li style=\"list-style-type: none;\"><ol start=\"29\"><li><p style=\"margin-bottom: 0cm; line-height: 120%;\" align=\"justify\"><span style=\"font-size: small;\">Universit\u00e4tsklinikum M\u00fcnchen TU<\/span><\/p><\/li><\/ol><\/li><\/ol><p style=\"margin-left: 0.6cm; margin-bottom: 0cm; line-height: 120%;\" align=\"justify\"><span style=\"font-size: small;\">Institut f\u00fcr diagnostische und interventionelle Radiologie<\/span><\/p><p style=\"margin-left: 0.6cm; margin-bottom: 0cm; line-height: 120%;\" align=\"justify\"><span style=\"font-size: small;\">Klinikum rechts der Isar der Technischen Universit\u00e4t M\u00fcnchen<\/span><\/p><p style=\"margin-left: 0.6cm; margin-bottom: 0cm; line-height: 120%;\" align=\"justify\"><span style=\"font-size: small;\"><span lang=\"en-US\">Prof. Dr. med. Marcus R. Makowski<\/span><\/span><\/p><p style=\"margin-left: 0.6cm; margin-bottom: 0cm; line-height: 120%;\" align=\"justify\"><span style=\"font-size: small;\">PD Dr. Rickmer Braren<\/span><\/p><p style=\"margin-left: 0.6cm; margin-bottom: 0cm; line-height: 120%;\" align=\"justify\"><span style=\"font-size: small;\">Ismaninger Stra\u00dfe 22<\/span><\/p><p style=\"margin-left: 0.6cm; margin-bottom: 0cm; line-height: 120%;\" align=\"justify\"><span style=\"font-size: small;\">81675 M\u00fcnchen<\/span><\/p><ol><li style=\"list-style-type: none;\"><ol start=\"30\"><li><p style=\"margin-bottom: 0cm; line-height: 120%;\" align=\"justify\"><span style=\"font-size: small;\">Universit\u00e4tsklinikum M\u00fcnster<\/span><\/p><\/li><\/ol><\/li><\/ol><p style=\"margin-left: 0.6cm; margin-bottom: 0cm; line-height: 120%;\" align=\"justify\"><span style=\"font-size: small;\">Klinik f\u00fcr Radiologie<\/span><\/p><p style=\"margin-left: 0.6cm; margin-bottom: 0cm; line-height: 120%;\" align=\"justify\"><span style=\"font-size: small;\">Univ.-Prof. Dr. med. Walter Heindel<\/span><\/p><p style=\"margin-left: 0.6cm; margin-bottom: 0cm; line-height: 120%;\" align=\"justify\"><span style=\"font-size: small;\">Albert-Schweitzer-Campus 1<\/span><\/p><p style=\"margin-left: 0.6cm; margin-bottom: 0cm; line-height: 120%;\" align=\"justify\"><span style=\"font-size: small;\">Geb\u00e4ude A1<\/span><\/p><p style=\"margin-left: 0.6cm; margin-bottom: 0cm; line-height: 120%;\" align=\"justify\"><span style=\"font-size: small;\">48149 M\u00fcnster<\/span><\/p><ol><li style=\"list-style-type: none;\"><ol start=\"31\"><li><p style=\"margin-bottom: 0cm; line-height: 120%;\" align=\"justify\"><span style=\"font-size: small;\">Carl von Ossietzky Universit\u00e4t Oldenburg<\/span><\/p><\/li><\/ol><\/li><\/ol><p style=\"margin-left: 0.6cm; margin-bottom: 0cm; line-height: 120%;\" align=\"justify\"><span style=\"font-size: small;\">Vertreten durch den Pr\u00e4sidenten Prof. Dr. Ralph Bruder<\/span><\/p><p style=\"margin-left: 0.6cm; margin-bottom: 0cm; line-height: 120%;\" align=\"justify\"><span style=\"font-size: small;\">Ammerl\u00e4nder Heerstr. 114-118<\/span><\/p><p style=\"margin-left: 0.6cm; margin-bottom: 0cm; line-height: 120%;\" align=\"justify\"><span style=\"font-size: small;\">26129 Oldenburg<\/span><\/p><p style=\"margin-left: 0.6cm; margin-bottom: 0cm; line-height: 120%;\" align=\"justify\"><span style=\"font-size: small;\">Ausf\u00fchrende Stelle: Fakult\u00e4t VI \u2013 Department f\u00fcr Medizinische Physik und Akustik, Abt. f\u00fcr Medizinische Strahlenphysik<\/span><\/p><p style=\"margin-left: 0.6cm; margin-bottom: 0cm; line-height: 120%;\" align=\"justify\"><span style=\"font-size: small;\">Verantwortlicher Hochschullehrer: Prof. Dr. Bj\u00f6rn Poppe<\/span><\/p><p style=\"margin-left: 0.6cm; margin-bottom: 0cm; line-height: 120%;\" align=\"justify\"><span style=\"font-size: small;\">Pius-Hospital Oldenburg<\/span><\/p><p style=\"margin-left: 0.6cm; margin-bottom: 0cm; line-height: 120%;\" align=\"justify\"><span style=\"font-size: small;\">Institut f\u00fcr Diagnostische und Interventionelle Radiologie<\/span><\/p><p style=\"margin-left: 0.6cm; margin-bottom: 0cm; line-height: 120%;\" align=\"justify\"><span style=\"font-size: small;\">Institutsleitung: PD Dr. med. Alexander Kluge<\/span><\/p><p style=\"margin-left: 0.6cm; margin-bottom: 0cm; line-height: 120%;\" align=\"justify\"><span style=\"font-size: small;\">Georgstra\u00dfe 12<\/span><\/p><p style=\"margin-left: 0.6cm; margin-bottom: 0cm; line-height: 120%;\" align=\"justify\"><span style=\"font-size: small;\">26121 Oldenburg<\/span><\/p><p style=\"margin-left: 0.6cm; margin-bottom: 0cm; line-height: 120%;\" align=\"justify\"><span style=\"font-size: small;\">Evangelisches Krankenhaus Oldenburg<\/span><\/p><p style=\"margin-left: 0.6cm; margin-bottom: 0cm; line-height: 120%;\" align=\"justify\"><span style=\"font-size: small;\">Institut f\u00fcr Radiologie und Neuroradiologie<\/span><\/p><p style=\"margin-left: 0.6cm; margin-bottom: 0cm; line-height: 120%;\" align=\"justify\"><span style=\"font-size: small;\">Institutsleitung: PD. Dr. med. Christian Mathys<\/span><\/p><p style=\"margin-left: 0.6cm; margin-bottom: 0cm; line-height: 120%;\" align=\"justify\"><span style=\"font-size: small;\">Steinweg 13-17<\/span><\/p><p style=\"margin-left: 0.6cm; margin-bottom: 0cm; line-height: 120%;\" align=\"justify\"><span style=\"font-size: small;\">26122 Oldenburg<\/span><\/p><ol><li style=\"list-style-type: none;\"><ol start=\"32\"><li><p style=\"margin-bottom: 0cm; line-height: 120%;\" align=\"justify\"><span style=\"font-size: small;\">Universit\u00e4tsklinikum Regensburg<\/span><\/p><\/li><\/ol><\/li><\/ol><p style=\"margin-left: 0.6cm; margin-bottom: 0cm; line-height: 120%;\" align=\"justify\"><span style=\"font-size: small;\">Institut f\u00fcr R\u00f6ntgendiagnostik<\/span><\/p><p style=\"margin-left: 0.6cm; margin-bottom: 0cm; line-height: 120%;\" align=\"justify\"><span style=\"font-size: small;\">Direktor: Prof. Dr. Christian Stroszczynski<\/span><\/p><p style=\"margin-left: 0.6cm; margin-bottom: 0cm; line-height: 120%;\" align=\"justify\"><span style=\"font-size: small;\">Franz-Josef-Strau\u00df-Allee 11<\/span><\/p><p style=\"margin-left: 0.6cm; margin-bottom: 0cm; line-height: 120%;\" align=\"justify\"><span style=\"font-size: small;\">93053 Regensburg<\/span><\/p><ol><li style=\"list-style-type: none;\"><ol start=\"33\"><li><p style=\"margin-bottom: 0cm; line-height: 120%;\" align=\"justify\"><span style=\"font-size: small;\">Universit\u00e4tsmedizin Rostock<\/span><\/p><\/li><\/ol><\/li><\/ol><p style=\"margin-left: 0.6cm; margin-bottom: 0cm; line-height: 120%;\" align=\"justify\"><span style=\"font-size: small;\">Institut f\u00fcr Diagnostische und Interventionelle Radiologie,<\/span><\/p><p style=\"margin-left: 0.6cm; margin-bottom: 0cm; line-height: 120%;\" align=\"justify\"><span style=\"font-size: small;\">Kinder- und Neuroradiologie<\/span><\/p><p style=\"margin-left: 0.6cm; margin-bottom: 0cm; line-height: 120%;\" align=\"justify\"><span style=\"font-size: small;\">Direktor: Prof. Dr. med. Marc-Andr\u00e9 Weber, M. Sc.<\/span><\/p><p style=\"margin-left: 0.6cm; margin-bottom: 0cm; line-height: 120%;\" align=\"justify\"><span style=\"font-size: small;\">Ernst-Heydemann-Str. 6<\/span><\/p><p style=\"margin-left: 0.6cm; margin-bottom: 0cm; line-height: 120%;\" align=\"justify\"><span style=\"font-size: small;\">18057 Rostock<\/span><\/p><ol><li style=\"list-style-type: none;\"><ol start=\"34\"><li><p style=\"margin-bottom: 0cm; line-height: 120%;\" align=\"justify\"><span style=\"font-size: small;\">Universit\u00e4tsklinikum Schleswig-Holstein, Campus L\u00fcbeck<\/span><\/p><\/li><\/ol><\/li><\/ol><p style=\"margin-left: 0.6cm; margin-bottom: 0cm; line-height: 120%;\" align=\"justify\"><span style=\"font-size: small;\">Klinik f\u00fcr Radiologie und Nuklearmedizin<\/span><\/p><p style=\"margin-left: 0.6cm; margin-bottom: 0cm; line-height: 120%;\" align=\"justify\"><span style=\"font-size: small;\">Direktor: Prof. Dr. J\u00f6rg Barkhausen<\/span><\/p><p style=\"margin-left: 0.6cm; margin-bottom: 0cm; line-height: 120%;\" align=\"justify\"><span style=\"font-size: small;\">Institut f\u00fcr Neuroradiologie<\/span><\/p><p style=\"margin-left: 0.6cm; margin-bottom: 0cm; line-height: 120%;\" align=\"justify\"><span style=\"font-size: small;\">Direktor: Prof. Dr. Peter Schramm<\/span><\/p><p style=\"margin-left: 0.6cm; margin-bottom: 0cm; line-height: 120%;\" align=\"justify\"><span style=\"font-size: small;\">Ratzeburger Allee 160<\/span><\/p><p style=\"margin-left: 0.6cm; margin-bottom: 0cm; line-height: 120%;\" align=\"justify\"><span style=\"font-size: small;\">23538 L\u00fcbeck<\/span><\/p><ol><li style=\"list-style-type: none;\"><ol start=\"35\"><li><p style=\"margin-bottom: 0cm; line-height: 120%;\" align=\"justify\"><span style=\"font-size: small;\">Universit\u00e4tsklinikum Schleswig-Holstein, Campus Kiel<\/span><\/p><\/li><\/ol><\/li><\/ol><p style=\"margin-left: 0.6cm; margin-bottom: 0cm; line-height: 120%;\" align=\"justify\"><span style=\"font-size: small;\">Klinik f\u00fcr Radiologie und Neuroradiologie<\/span><\/p><p style=\"margin-left: 0.6cm; margin-bottom: 0cm; line-height: 120%;\" align=\"justify\"><span style=\"font-size: small;\">Direktor: Prof. Dr. Olav Jansen<\/span><\/p><p style=\"margin-left: 0.6cm; margin-bottom: 0cm; line-height: 120%;\" align=\"justify\"><span style=\"font-size: small;\">Anorld-Heller-Stra\u00dfe 3<\/span><\/p><p style=\"margin-left: 0.6cm; margin-bottom: 0cm; line-height: 120%;\" align=\"justify\"><span style=\"font-size: small;\">24105 Kiel<\/span><\/p><ol><li style=\"list-style-type: none;\"><ol start=\"36\"><li><p style=\"margin-bottom: 0cm; line-height: 120%;\" align=\"justify\"><span style=\"font-size: small;\">Universit\u00e4tsklinikum T\u00fcbingen<\/span><\/p><\/li><\/ol><\/li><\/ol><p style=\"margin-left: 0.6cm; margin-bottom: 0cm; line-height: 120%;\" align=\"justify\"><span style=\"font-size: small;\">Abteilung f\u00fcr Diagnostische und Interventionelle Radiologie<\/span><\/p><p style=\"margin-left: 0.6cm; margin-bottom: 0cm; line-height: 120%;\" align=\"justify\"><span style=\"font-size: small;\">Direktor: Prof. Dr. med. Konstantin Nikolaou<\/span><\/p><p style=\"margin-left: 0.6cm; margin-bottom: 0cm; line-height: 120%;\" align=\"justify\"><span style=\"font-size: small;\"><span lang=\"en-US\">PD Dr. Ahmed Othman, Dr. Saif Afat<\/span><\/span><\/p><p style=\"margin-left: 0.6cm; margin-bottom: 0cm; line-height: 120%;\" align=\"justify\"><span style=\"font-size: small;\">\u00c4rztliche Direktorin: Prof. Dr. Ulrike Ernemann<\/span><\/p><p style=\"margin-left: 0.6cm; margin-bottom: 0cm; line-height: 120%;\" align=\"justify\"><span style=\"font-size: small;\">Abteilung f\u00fcr Kinderradiologie<\/span><\/p><p style=\"margin-left: 0.6cm; margin-bottom: 0cm; line-height: 120%;\" align=\"justify\"><span style=\"font-size: small;\">Leitung: Prof. Dr. J\u00fcrgen Sch\u00e4fer<\/span><\/p><p style=\"margin-left: 0.6cm; margin-bottom: 0cm; line-height: 120%;\" align=\"justify\"><span style=\"font-size: small;\">Hoppe-Seyler-Stra\u00dfe 3<\/span><\/p><p style=\"margin-left: 0.6cm; margin-bottom: 0cm; line-height: 120%;\" align=\"justify\"><span style=\"font-size: small;\">72076 T\u00fcbingen<\/span><\/p><ol><li style=\"list-style-type: none;\"><ol start=\"37\"><li><p style=\"margin-bottom: 0cm; line-height: 120%;\" align=\"justify\"><span style=\"font-size: small;\">Universit\u00e4tsklinikum Ulm<\/span><\/p><\/li><\/ol><\/li><\/ol><p style=\"margin-left: 0.6cm; margin-bottom: 0cm; line-height: 120%;\" align=\"justify\"><span style=\"font-size: small;\">Klinik f\u00fcr Diagnostische und Interventionelle Radiologie<\/span><\/p><p style=\"margin-left: 0.6cm; margin-bottom: 0cm; line-height: 120%;\" align=\"justify\"><span style=\"font-size: small;\">Klinikdirektor: Prof. Dr. Meinrad Beer<\/span><\/p><p style=\"margin-left: 0.6cm; margin-bottom: 0cm; line-height: 120%;\" align=\"justify\"><span style=\"font-size: small;\">Sektion Neuroradiologie: Prof. Dr. Bernd Schmitz<\/span><\/p><p style=\"margin-left: 0.6cm; margin-bottom: 0cm; line-height: 120%;\" align=\"justify\"><span style=\"font-size: small;\">Albert-Einstein-Allee 23<\/span><\/p><p style=\"margin-left: 0.6cm; margin-bottom: 0cm; line-height: 120%;\" align=\"justify\"><span style=\"font-size: small;\">89081 Ulm<\/span><\/p><ol><li style=\"list-style-type: none;\"><ol start=\"38\"><li><p style=\"margin-bottom: 0cm; line-height: 120%;\" align=\"justify\"><span style=\"font-size: small;\">Universit\u00e4tsklinikum W\u00fcrzburg<\/span><\/p><\/li><\/ol><\/li><\/ol><p style=\"margin-left: 0.6cm; margin-bottom: 0cm; line-height: 120%;\" align=\"justify\"><span style=\"font-size: small;\">Institut f\u00fcr Diagnostische und Interventionelle Radiologie<\/span><\/p><p style=\"margin-left: 0.6cm; margin-bottom: 0cm; line-height: 120%;\" align=\"justify\"><span style=\"font-size: small;\">Direktor: Univ.-Prof. Dr. med. Thorsten Bley<\/span><\/p><p style=\"margin-left: 0.6cm; margin-bottom: 0cm; line-height: 120%;\" align=\"justify\"><span style=\"font-size: small;\">Dr. med. Philipp Feldle, Philipp Josef Kuhl<\/span><\/p><p style=\"margin-left: 0.6cm; margin-bottom: 0cm; line-height: 120%;\" align=\"justify\"><span style=\"font-size: small;\">Abteilung: Kinderradiologie<\/span><\/p><p style=\"margin-left: 0.6cm; margin-bottom: 0cm; line-height: 120%;\" align=\"justify\"><span style=\"font-size: small;\">Leiter: Dr. Med. Clemens Benoit<\/span><\/p><p style=\"margin-left: 0.6cm; margin-bottom: 0cm; line-height: 120%;\" align=\"justify\"><span style=\"font-size: small;\">Oberd\u00fcrrbacher Stra\u00dfe 6<\/span><\/p><p style=\"margin-left: 0.6cm; margin-bottom: 0cm; line-height: 120%;\" align=\"justify\"><span style=\"font-size: small;\">Haus A2\/A3<\/span><\/p><p style=\"margin-left: 0.6cm; margin-bottom: 0cm; line-height: 120%;\" align=\"justify\"><span style=\"font-size: small;\">97080 W\u00fcrzburg<\/span><\/p><p style=\"margin-left: 0.6cm; margin-bottom: 0cm; line-height: 120%;\" align=\"justify\"><span style=\"font-size: small;\">Institut f\u00fcr Diagnostische und Interventionelle Neuroradiologie<\/span><\/p><p style=\"margin-left: 0.6cm; margin-bottom: 0cm; line-height: 120%;\" align=\"justify\"><span style=\"font-size: small;\">Direktor: Univ.-Prof. Dr. med. Mirko Pham<\/span><\/p><p style=\"margin-left: 0.6cm; margin-bottom: 0cm; line-height: 120%;\" align=\"justify\"><span style=\"font-size: small;\">Josef-Schneider-Stra\u00dfe 11<\/span><\/p><p style=\"margin-left: 0.6cm; margin-bottom: 0cm; line-height: 120%;\" align=\"justify\"><span style=\"font-size: small;\">Haus B1<\/span><\/p><p style=\"margin-left: 0.6cm; margin-bottom: 0cm; line-height: 120%;\" align=\"justify\"><span style=\"font-size: small;\">97080 W\u00fcrzburg<\/span><\/p><p style=\"margin-bottom: 0.39cm; line-height: 120%;\" align=\"justify\"><br \/><br \/><\/p><p style=\"margin-bottom: 0.39cm; line-height: 120%;\"><br \/><br \/><\/p><div><p style=\"margin-left: 0.5cm; text-indent: -0.5cm;\"><a href=\"#sdfootnote1anc\">1<\/a> <span style=\"font-family: Calibri, serif;\"><span style=\"font-size: small;\">Andere Subprojektpartner ordnen Ihre Daten m\u00f6glicherweise aufgrund unterschiedlicher gesetzlicher Anforderungen in anderen Bundesl\u00e4ndern anders ein als wir. Die Sicherheit Ihrer Daten ist jedoch gleichbleibend gew\u00e4hrleistet.<\/span><\/span><\/p><\/div>\t\t\t\t\t\t\t\t<\/div>\n\t\t\t\t<\/div>\n\t\t\t\t\t<\/div>\n\t\t<\/div>\n\t\t\t\t\t<\/div>\n\t\t<\/section>\n\t\t\t\t<\/div>\n\t\t","protected":false},"excerpt":{"rendered":"<p>Muster-Information nach Art. 13, 14,\u00a026 DS-GVO \u00a0 RACOON Unser Klinikum nimmt an dem deutschlandweiten Projekt RACOON teil. RACOON ist ein vom Bundesministerium f\u00fcr Bildung und Forschung gef\u00f6rdertes Projekt zur Entwicklung von Bildanalyseverfahren und k\u00fcnstlicher Intelligenz zum besseren Verst\u00e4ndnis von COVID-19 und \u00e4hnlichen Erkrankungen. Es soll helfen, die Diagnostik und Therapieentscheidungen &hellip;<\/p>\n<p class=\"read-more\"> <a class=\"\" href=\"https:\/\/racoon.network\/?page_id=4895\"> <span class=\"screen-reader-text\">Heidelberg &#8211; UKH &#8211; COMBINE<\/span>Read More &raquo;<\/a><\/p>\n","protected":false},"author":1,"featured_media":0,"parent":0,"menu_order":0,"comment_status":"closed","ping_status":"closed","template":"","meta":{"inline_featured_image":false,"footnotes":""},"class_list":["post-4895","page","type-page","status-publish","hentry"],"pbg_featured_image_src":{"full":false,"thumbnail":false,"medium":false,"medium_large":false,"large":false,"leap-image-100x100":false,"1536x1536":false,"2048x2048":false},"pbg_author_info":{"display_name":"admin","author_link":"https:\/\/racoon.network\/?author=1","author_img":"<img alt='admin' src='https:\/\/secure.gravatar.com\/avatar\/8931e98758e400caba5ef80ef255d639487b3d190ea2bc1f3e8bc8317605a2a5?s=128&#038;d=mm&#038;r=g' srcset='https:\/\/secure.gravatar.com\/avatar\/8931e98758e400caba5ef80ef255d639487b3d190ea2bc1f3e8bc8317605a2a5?s=256&#038;d=mm&#038;r=g 2x' class='avatar avatar-128 photo' height='128' width='128' decoding='async'\/>"},"pbg_comment_info":" No Comments","pbg_excerpt":"Muster-Information nach Art. 13, 14,\u00a026 DS-GVO \u00a0 RACOON Unser Klinikum nimmt an dem deutschlandweiten Projekt RACOON teil. RACOON ist ein vom Bundesministerium f\u00fcr Bildung und Forschung gef\u00f6rdertes Projekt zur Entwicklung von Bildanalyseverfahren und k\u00fcnstlicher Intelligenz zum besseren Verst\u00e4ndnis von COVID-19 und \u00e4hnlichen Erkrankungen. Es soll helfen, die Diagnostik und Therapieentscheidungen &hellip; Heidelberg &#8211; UKH &#8211;&hellip;","_links":{"self":[{"href":"https:\/\/racoon.network\/index.php?rest_route=\/wp\/v2\/pages\/4895","targetHints":{"allow":["GET"]}}],"collection":[{"href":"https:\/\/racoon.network\/index.php?rest_route=\/wp\/v2\/pages"}],"about":[{"href":"https:\/\/racoon.network\/index.php?rest_route=\/wp\/v2\/types\/page"}],"author":[{"embeddable":true,"href":"https:\/\/racoon.network\/index.php?rest_route=\/wp\/v2\/users\/1"}],"replies":[{"embeddable":true,"href":"https:\/\/racoon.network\/index.php?rest_route=%2Fwp%2Fv2%2Fcomments&post=4895"}],"version-history":[{"count":7,"href":"https:\/\/racoon.network\/index.php?rest_route=\/wp\/v2\/pages\/4895\/revisions"}],"predecessor-version":[{"id":4906,"href":"https:\/\/racoon.network\/index.php?rest_route=\/wp\/v2\/pages\/4895\/revisions\/4906"}],"wp:attachment":[{"href":"https:\/\/racoon.network\/index.php?rest_route=%2Fwp%2Fv2%2Fmedia&parent=4895"}],"curies":[{"name":"wp","href":"https:\/\/api.w.org\/{rel}","templated":true}]}}