{"id":4938,"date":"2023-04-19T09:21:10","date_gmt":"2023-04-19T09:21:10","guid":{"rendered":"https:\/\/racoon.network\/?page_id=4938"},"modified":"2023-04-19T09:21:39","modified_gmt":"2023-04-19T09:21:39","slug":"greifswald-ukgw-combine","status":"publish","type":"page","link":"https:\/\/racoon.network\/?page_id=4938","title":{"rendered":"Greifswald &#8211; UKGW &#8211; COMBINE"},"content":{"rendered":"\t\t<div data-elementor-type=\"wp-page\" data-elementor-id=\"4938\" class=\"elementor elementor-4938\">\n\t\t\t\t\t\t<section class=\"elementor-section elementor-top-section elementor-element elementor-element-44f2d94 elementor-section-boxed elementor-section-height-default elementor-section-height-default\" data-id=\"44f2d94\" data-element_type=\"section\" data-e-type=\"section\">\n\t\t\t\t\t\t<div class=\"elementor-container elementor-column-gap-default\">\n\t\t\t\t\t<div class=\"elementor-column elementor-col-100 elementor-top-column elementor-element elementor-element-e3b119c\" data-id=\"e3b119c\" data-element_type=\"column\" data-e-type=\"column\">\n\t\t\t<div class=\"elementor-widget-wrap elementor-element-populated\">\n\t\t\t\t\t\t<div class=\"elementor-element elementor-element-f87118e elementor-widget elementor-widget-text-editor\" data-id=\"f87118e\" data-element_type=\"widget\" data-e-type=\"widget\" data-widget_type=\"text-editor.default\">\n\t\t\t\t<div class=\"elementor-widget-container\">\n\t\t\t\t\t\t\t\t\t<p class=\"western\"><strong>Anlage 7: Datenschutz-Information nach Art. 13, 14,\u00a026 DS-GVO<\/strong><\/p><p class=\"western\" style=\"margin-bottom: 0.39cm; line-height: 120%;\" align=\"justify\">Unser Klinikum nimmt an dem deutschlandweiten Projekt RACOON-Combine teil. RACOON ist ein vom Bundesministerium f\u00fcr Bildung und Forschung gef\u00f6rdertes Projekt zur Entwicklung von Bildanalyseverfahren und k\u00fcnstlicher Intelligenz zum besseren Verst\u00e4ndnis von COVID-19 und \u00e4hnlichen Erkrankungen. Es soll helfen, die Diagnostik und Therapieentscheidungen im Management von COVID-19 und verwandten Erkrankungen zu verbessern.<\/p><p class=\"western\" style=\"margin-bottom: 0.39cm; line-height: 120%;\" align=\"justify\">RACOON ist eine Forschungsinfrastruktur, die auf einem einzigartigen hybriden Netzwerkinfrastrukturkonzept aufbaut. Mithilfe der RACOON Infrastruktur soll es Forschenden erm\u00f6glicht gemacht werden, Forschungsprojekte mit mehreren Universit\u00e4tskliniken gemeinsam durchzuf\u00fchren, um daraus belastbare Erkenntnisse f\u00fcr die Verbesserung der Krankenversorgung abzuleiten. RACOON besteht aus bundesweit verteilten Hardwareknoten an jeder Universit\u00e4tsklinik (<b>RACOON-NODEs<\/b>) und einer zentralen Umgebung am Universit\u00e4tsklinikum Essen (<b>RACOON-CENTRAL<\/b>). Durch die erstmalige Anbindung aller universit\u00e4tsmedizinischen Institute in Deutschland entsteht die M\u00f6glichkeiten zu gro\u00dffl\u00e4chigen, bundesweiten Forschungsprojekten, welche bisher nicht umsetzbare Forschung m\u00f6glich macht. So k\u00f6nnen Wirkmechanismen von Erkrankungen, relevante Einflussfaktoren auf deren Verl\u00e4ufe untersucht werden und Erkenntnisse zu Risikofaktoren vulnerabler Patientengruppen und der Wirksamkeit von Therapieans\u00e4tzen abgeleitet werden. Mit RACOON k\u00f6nnen Forschungsprojekte mit innovativen Ans\u00e4tzen durchgef\u00fchrt werden, f\u00fcr die bisher der Zugang zu ausreichend gro\u00dfen und gut aufgearbeiteten Patientenkohorten fehlte; mittelbar flie\u00dfen die Ergebnisse erfolgreicher Studien in das Gesundheitswesen zur\u00fcck und verbessern die Behandlungsqualit\u00e4t jedes einzelnen Patienten.<\/p><p class=\"western\" style=\"margin-bottom: 0.39cm; line-height: 120%;\" align=\"justify\">Weitere Informationen zu RACOON finden Sie unter <span style=\"color: #0563c1;\"><u><a href=\"https:\/\/racoon.network\/\">https:\/\/racoon.network\/<\/a><\/u><\/span>.<\/p><p class=\"western\" style=\"margin-bottom: 0.39cm; line-height: 120%;\" align=\"justify\"><b>RACOON-Combine (Subprojekt)<\/b><\/p><p class=\"western\" style=\"margin-bottom: 0.39cm; line-height: 120%;\" align=\"justify\">Wir, die Universit\u00e4tsmedizin Greifswald, und die im Folgenden unter 1. Genannten Stellen <b>(Subprojektpartner)<\/b> f\u00fchren das Projekt RACOON-Combine durch. Ziel des RACOON Subprojekts ist die Entwicklung und Umsetzung einer Pipeline fu\u0308r die Extraktion COVID-spezifischer, pra\u0308diktiver und prognostischer quantitativer Bildgebungs-Biomarker (C-QIBs), um eine umfassende Pha\u0308notypisierung nicht nur der Erkrankung, sondern auch des Erkrankten, also seines ko\u0308rperlichen Zustands und seiner Begleiterkrankungen zu ermo\u0308glichen. RACOON-COMBINE wird somit das gesamte Pandemie-Management durch Charakterisierung und Pha\u0308notypisierung neuer Krankheitsmuster und die Beurteilung das Ansprechen auf neue Behandlungen verbessern.<\/p><p class=\"western\" style=\"margin-bottom: 0.39cm; line-height: 120%;\" align=\"justify\">F\u00fcr das RACOON-Combine verarbeiten wir Ihre Daten, die wir im Rahmen Ihrer Behandlung bei uns erhoben haben. Vor der Verwendung f\u00fcr das RACOON-Combine Projekt werden zun\u00e4chst die identifizierenden Attribute (Name, Geburtsdatum, Adresse usw.) aus Ihrem Datensatz entfernt und die verbleibenden Daten im Rahmen eines aufw\u00e4ndigen Verfahrens in unserer RACOON-NODE unumkehrbar verhasht, sodass ein R\u00fcckschluss auf Ihre Identit\u00e4t anhand des verbleibenden Datensatzes nicht m\u00f6glich ist. Aufgrund des eingesetzten Verfahrens behandeln wir diese Daten als anonymisiert.<a class=\"sdfootnoteanc\" href=\"#sdfootnote1sym\" name=\"sdfootnote1anc\"><sup>1<\/sup><\/a> Anschlie\u00dfend werden die Daten in RACOON-CENTRAL hochgeladen und unseren Subprojektpartnern freigegeben und von uns und unseren Subprojektpartnern zur Durchf\u00fchrung des RACOON Subprojekts verarbeitet. Ihre Daten werden von den Subprojektpartnern nicht aus RACOON-CENTRAL heruntergeladen oder lokal gespeichert. Unsere Subprojektpartner geben uns f\u00fcr diesen Zweck auch entsprechend anonymisierte Daten ihrer Patienten \u00fcber RACOON-CENTRAL frei.<\/p><p class=\"western\" style=\"margin-bottom: 0.39cm; line-height: 120%;\" align=\"justify\"><br \/><br \/><\/p><ol><li><p style=\"margin-bottom: 0cm; line-height: 100%; page-break-after: avoid;\" align=\"justify\"><b>Wer sind die Verantwortlichen und Datenschutzbeauftragten?<\/b><\/p><\/li><\/ol><p class=\"western\" style=\"margin-bottom: 0.39cm; line-height: 120%; page-break-after: avoid;\" align=\"justify\">Wir, und die im Folgenden genannten Stellen, arbeiten bei RACOON-Combine eng zusammen. Aufgrund der Zusammenarbeit verarbeiten wir Ihre personenbezogenen Daten auch teilweise gemeinsam.<\/p><p class=\"western\" style=\"margin-bottom: 0.39cm; line-height: 120%;\" align=\"justify\">Zur Gew\u00e4hrleistung Ihrer Rechte und unter Ber\u00fccksichtigung der Vorgaben der EU-Datenschutz-Grundverordnung (DS-GVO) haben wir eine Vereinbarung geschlossen, die Regeln \u00fcber die Verarbeitung Ihrer personenbezogenen Daten aufstellt. Als sog. Gemeinsame Verantwortliche (nach Art. 26 DS-GVO) sind wir gemeinsam f\u00fcr die Verarbeitung Ihrer Daten verantwortlich.<\/p><p class=\"western\" style=\"margin-bottom: 0.39cm; line-height: 120%;\" align=\"justify\">Verantwortliche gem. Art. 4 Abs. 7 DS-GVO sind:<\/p><p class=\"western\" style=\"margin-bottom: 0cm; line-height: 120%;\">Universit\u00e4tsmedizin Greifswald<\/p><p class=\"western\" style=\"margin-bottom: 0cm; line-height: 120%;\">Institut f\u00fcr Diagnostische Radiologie und Neuroradiologie<\/p><p class=\"western\" style=\"margin-bottom: 0cm; line-height: 120%;\">Prof. Dr. med. Norbert Hosten<\/p><p class=\"western\" style=\"margin-bottom: 0cm; line-height: 120%;\">Ferdinand-Sauerbruch-Stra\u00dfe<\/p><p class=\"western\" style=\"margin-bottom: 0cm; line-height: 120%;\">17475 Greifswald<\/p><p class=\"western\" style=\"margin-top: 0.42cm; margin-bottom: 0.21cm; line-height: 120%;\" align=\"justify\"><u><b>Racoon-Combine Projektleitung<\/b><\/u><\/p><p class=\"western\" style=\"margin-top: 0.21cm; margin-bottom: 0cm; line-height: 120%;\" align=\"justify\">Frederik Kostka<\/p><p class=\"western\" style=\"margin-bottom: 0.39cm; line-height: 120%;\" align=\"justify\"><span style=\"color: #0563c1;\"><u><a href=\"mailto:frederik.kostka@med.uni-greifswald.de\">frederik.kostka@med.uni-greifswald.de<\/a><\/u><\/span><\/p><p class=\"western\" style=\"margin-bottom: 0.39cm; line-height: 120%;\" align=\"justify\">und die weiteren Projektpartner. Eine Liste aller Projektpartner ko\u0308nnen Sie unserer Projektwebseite entnehmen ( <span style=\"color: #0563c1;\"><u><a href=\"https:\/\/racoon.network\/\">https:\/\/racoon.network<\/a><\/u><\/span>\/ )<\/p><p class=\"western\" style=\"margin-bottom: 0.39cm; line-height: 120%;\" align=\"justify\">Unsere Datenschutzbeauftragten der Universit\u00e4tsmedizin Greifswald erreichen Sie unter<\/p><p class=\"western\" style=\"margin-bottom: 0cm; line-height: 120%;\">Universit\u00e4tsmedizin Greifswald Datenschutz<br \/>Prof. Ulf Glende &#8211; Datenschutzbeauftragter der Universita\u0308tsmedizin Greifswald<\/p><p class=\"western\" style=\"margin-bottom: 0cm; line-height: 120%;\">Walther-Rathenau-Str. 49<\/p><p class=\"western\" style=\"margin-bottom: 0cm; line-height: 120%;\">17489 Greifswald<br \/>Tel.: 03834-86-5124, Email: <span style=\"color: #0563c1;\"><u><a href=\"mailto:datenschutz-umg@med.uni-greifswald.de\">datenschutz-umg@med.uni-greifswald.de<\/a><\/u><\/span><\/p><p class=\"western\" style=\"margin-bottom: 0cm; line-height: 120%;\">Landesdatenschutz, Landesbeauftragte fu\u0308r Datenschutz<\/p><p class=\"western\" style=\"margin-bottom: 0.39cm; line-height: 120%;\" align=\"justify\"><br \/><br \/><\/p><p class=\"western\" style=\"margin-bottom: 0.39cm; line-height: 120%;\" align=\"justify\"><br \/><br \/><\/p><p class=\"western\" style=\"margin-bottom: 0.39cm; line-height: 120%;\" align=\"justify\"><br \/><br \/><\/p><p class=\"western\" style=\"margin-bottom: 0.39cm; line-height: 120%;\" align=\"justify\"><br \/><br \/><\/p><ol start=\"2\"><li><p style=\"margin-bottom: 0cm; line-height: 100%; page-break-after: avoid;\" align=\"justify\"><b>Zu welchem Zweck und nach welcher Rechtsgrundlage werden die Daten verarbeitet?<\/b><\/p><\/li><\/ol><p class=\"western\" style=\"margin-bottom: 0.39cm; line-height: 120%; page-break-after: avoid;\" align=\"justify\">Wir und unsere Subprojektpartner verarbeiten die Daten zum Zwecke der Durchf\u00fchrung des RACOON Subprojekt. Rechtsgrundlage ist Art. 6 Abs. 1 lit. e bzw. f, Art. 9 Abs. 2 lit. j DS-GVO i.V.m. Angabe der einschl\u00e4gigen (landes-)rechtlichen Vorschriften.<\/p><p class=\"western\" style=\"margin-bottom: 0.39cm; line-height: 120%; page-break-after: avoid;\" align=\"justify\"><br \/><br \/><\/p><ol start=\"3\"><li><p style=\"margin-bottom: 0cm; line-height: 100%; page-break-after: avoid;\" align=\"justify\"><b>Welche Kategorien von Daten werden verarbeitet?<\/b><\/p><\/li><\/ol><p class=\"western\" style=\"margin-bottom: 0.39cm; line-height: 120%; page-break-after: avoid;\" align=\"justify\">Wir verarbeiten im Rahmen des RACOON-Combine Projektes Ihre pseudonymisierten Behandlungsdaten. Hierzu geh\u00f6ren eine gehashte (verschl\u00fcsselte) Patienten-ID sowie medizinische Daten, wie medizinische Bilddaten (CT- und R\u00f6ntgenaufnahmen) und deren Metainformationen, anamnestische Informationen, Arztbriefe und Diagnosen, Laborwerte, Ergebnisse histologischer, mikrobiologischer, virologischer und pathologischer Untersuchungen, Krankheitsverl\u00e4ufe, Vitalparameter und Outcome Parameter, Messwerte oder statistische Auswertungen, welche auf Basis der medizinischen Bilddatens\u00e4tze und komplement\u00e4ren Datens\u00e4tzen erstellt werden. Dies umfasst besondere Kategorien personenbezogener Daten i.S.d. Art. 9 Abs. 1 DS-GVO, n\u00e4mlich Gesundheitsdaten i.S.d. Art. 4 Nr. 15 DS-GVO.<\/p><p class=\"western\" style=\"margin-bottom: 0.39cm; line-height: 120%; page-break-after: avoid;\" align=\"justify\"><br \/><br \/><\/p><ol start=\"4\"><li><p style=\"margin-bottom: 0cm; line-height: 100%; page-break-after: avoid;\" align=\"justify\"><b>Wer sind die Empf\u00e4nger der Daten?<\/b><\/p><\/li><\/ol><p class=\"western\" style=\"margin-bottom: 0.39cm; line-height: 120%; page-break-after: avoid;\" align=\"justify\">Ihre Daten werden streng zweckgebunden und nur im notwendigen Umfang im Rahmen einer Auftragsverarbeitung an unseren IT- und Hostingdienstleister Mint Medical GmbH weitergeleitet. Au\u00dferdem erhalten unsere Subprojektpartner Zugang zu den freigegeben Daten in RACOON-CENTRAL.<\/p><p class=\"western\" style=\"margin-bottom: 0.39cm; line-height: 120%; page-break-after: avoid;\" align=\"justify\"><br \/><br \/><\/p><ol start=\"5\"><li><p style=\"margin-bottom: 0cm; line-height: 100%; page-break-after: avoid;\" align=\"justify\"><b>Wie lange werden die Daten gespeichert?<\/b><\/p><\/li><\/ol><p class=\"western\" style=\"margin-bottom: 0.39cm; line-height: 120%; page-break-after: avoid;\" align=\"justify\">Ihre Daten werden so lange gespeichert, wie wir sie zur Durchf\u00fchrung des RACOON-Combine Projektes ben\u00f6tigen. Das RACOON-Combine Projekt ist nach aktuellem Projektstand bis Ende 2023 angelegt. Danach werden Ihre Daten im Rahmen der uns obliegenden Aufbewahrungsfristen (in der Regel 10 Jahre) in unserer RACOON-NODE gespeichert. Sofern wir Ihre Daten nicht im Rahmen anderer Forschungsprojekte verwenden oder aufgrund daraus resultierender Aufbewahrungsfristen speichern m\u00fcssen, werden Ihre Daten im Anschluss gel\u00f6scht.<\/p><p class=\"western\" style=\"margin-bottom: 0.39cm; line-height: 120%; page-break-after: avoid;\" align=\"justify\"><br \/><br \/><\/p><ol start=\"6\"><li><p style=\"margin-bottom: 0cm; line-height: 120%; page-break-after: avoid;\" align=\"justify\"><b>Woher stammen die Daten?<\/b><\/p><\/li><\/ol><p class=\"western\" style=\"margin-bottom: 0.39cm; line-height: 120%; page-break-after: avoid;\" align=\"justify\">Wir verarbeiten Daten, die wir von unseren Patienten im Rahmen der Behandlung erhoben haben. Wir verarbeiten auch die pseudonymisierten\/anonymisierten Daten von Patienten unserer Subprojektpartner.<\/p><p class=\"western\" style=\"margin-bottom: 0.28cm; line-height: 108%;\"><br \/><br \/><\/p><p class=\"western\" style=\"margin-bottom: 0.39cm; line-height: 120%; page-break-before: always; page-break-after: avoid;\" align=\"justify\"><br \/><br \/><\/p><ol start=\"7\"><li><p style=\"margin-bottom: 0cm;\" align=\"justify\"><b>Rechte<\/b><\/p><\/li><\/ol><p class=\"western\" style=\"margin-bottom: 0.39cm; line-height: 120%;\" align=\"justify\">Als von der Datenverarbeitung betroffene Person stehen Ihnen folgende Rechte zu, sofern diese nicht aufgrund eines Gesetzes eingeschr\u00e4nkt sind:<\/p><ul><li><p style=\"margin-bottom: 0cm;\" align=\"justify\">Recht auf Auskunft<\/p><\/li><li><p style=\"margin-bottom: 0cm;\" align=\"justify\">Recht auf Berichtigung<\/p><\/li><li><p style=\"margin-bottom: 0cm;\" align=\"justify\">Recht auf L\u00f6schung<\/p><\/li><li><p style=\"margin-bottom: 0cm;\" align=\"justify\">Recht auf Einschr\u00e4nkung der Verarbeitung<\/p><\/li><li><p style=\"margin-bottom: 0cm;\" align=\"justify\">Recht auf Daten\u00fcbertragbarkeit<\/p><\/li><li><p style=\"margin-bottom: 0cm;\" align=\"justify\">Recht auf Widerspruch<\/p><\/li><\/ul><p style=\"margin-top: 0.39cm; margin-bottom: 0.39cm; line-height: 120%;\">Sie haben das Recht, sich bei einer Aufsichtsbeh\u00f6rde zu beschweren.<\/p><p class=\"western\" style=\"margin-bottom: 0.39cm; line-height: 120%;\">Die f\u00fcr uns zust\u00e4ndige Aufsichtsbeh\u00f6rde ist der Landesbeauftragte f\u00fcr Datenschutz und Informationsfreiheit Mecklenburg-Vorpommern (Werderstra\u00dfe 74a, 19055 Schwerin).<\/p><p class=\"western\" style=\"margin-bottom: 0.39cm; line-height: 120%;\"><br \/><br \/><\/p><ol start=\"8\"><li><p style=\"margin-bottom: 0cm; line-height: 120%; page-break-after: avoid;\" align=\"justify\"><b>Wer ist mein Ansprechpartner f\u00fcr Rechte wie Auskunft oder L\u00f6schung?<\/b><\/p><\/li><\/ol><p class=\"western\" style=\"margin-bottom: 0.39cm; line-height: 120%; page-break-after: avoid;\" align=\"justify\">Wir haben uns mit unseren Subprojektpartnern gemeinsam dar\u00fcber verst\u00e4ndigt, wie wir Ihre Rechte sicherstellen und n\u00e4her festgelegt, wer welche uns nach der DS-GVO obliegenden Verpflichtungen erf\u00fcllt. Dies betrifft insbesondere die Gew\u00e4hrleistung Ihrer Rechte als betroffene Personen und die Erf\u00fcllung der Informationspflichten nach Art. 13 und 14 DS-GVO.<\/p><p class=\"western\" style=\"margin-bottom: 0.39cm; line-height: 120%;\" align=\"justify\">Ansprechpartner zur Geltendmachung Ihrer Rechte ist<\/p><p class=\"western\" style=\"margin-bottom: 0cm; line-height: 120%;\">Universit\u00e4tsmedizin Greifswald<\/p><p class=\"western\" style=\"margin-bottom: 0cm; line-height: 120%;\">Institut f\u00fcr Diagnostische Radiologie und Neuroradiologie<\/p><p class=\"western\" style=\"margin-bottom: 0cm; line-height: 120%;\">Prof. Dr. med. Norbert Hosten<\/p><p class=\"western\" style=\"margin-bottom: 0cm; line-height: 120%;\">Ferdinand-Sauerbruch-Stra\u00dfe<\/p><p class=\"western\" style=\"margin-bottom: 0cm; line-height: 120%;\">17475 Greifswald<\/p><p class=\"western\" style=\"margin-top: 0.42cm; margin-bottom: 0.21cm; line-height: 120%;\" align=\"justify\"><u><b>Racoon-Projektleitung<\/b><\/u><\/p><p class=\"western\" style=\"margin-top: 0.21cm; margin-bottom: 0cm; line-height: 120%;\" align=\"justify\">Frederik Kostka<\/p><p class=\"western\" style=\"margin-bottom: 0.39cm; line-height: 120%;\" align=\"justify\"><span style=\"color: #0563c1;\"><u><a href=\"mailto:frederik.kostka@med.uni-greifswald.de\">frederik.kostka@med.uni-greifswald.de<\/a><\/u><\/span><\/p><p class=\"western\" style=\"margin-top: 0.42cm; margin-bottom: 0.39cm; line-height: 120%;\" align=\"justify\">Sie k\u00f6nnen sich zur Geltendmachung Ihrer Rechte grunds\u00e4tzlich jedoch an jede der beteiligten Stellen wenden.<\/p><p class=\"western\" style=\"margin-top: 0.42cm; margin-bottom: 0.39cm; line-height: 120%;\" align=\"justify\"><br \/><br \/><\/p><ol start=\"9\"><li><p style=\"margin-bottom: 0cm; line-height: 120%; page-break-after: avoid;\" align=\"justify\"><b>Wie kann ich mehr Informationen zur Datenverarbeitung erhalten?<\/b><\/p><\/li><\/ol><p class=\"western\" style=\"margin-bottom: 0.39cm; line-height: 120%; page-break-after: avoid;\" align=\"justify\">Weitere Informationen erhalten Sie auf unserer Webseite <span style=\"color: #0563c1;\"><u><a href=\"https:\/\/racoon.network\/\">https:\/\/racoon.network<\/a><\/u><\/span> oder u\u0308ber die Studienzentralen der Teilnehmenden Institute.<\/p><div id=\"sdfootnote1\"><p class=\"sdfootnote-western\" style=\"margin-left: 0.5cm; text-indent: -0.5cm;\"><a class=\"sdfootnotesym\" href=\"#sdfootnote1anc\" name=\"sdfootnote1sym\">1<\/a> <span style=\"font-family: Calibri, serif;\"><span style=\"font-size: small;\">Andere Subprojektpartner ordnen Ihre Daten m\u00f6glicherweise aufgrund unterschiedlicher gesetzlicher Anforderungen in anderen Bundesl\u00e4ndern anders ein als wir. Die Sicherheit Ihrer Daten ist jedoch gleichbleibend gew\u00e4hrleistet.<\/span><\/span><\/p><\/div>\t\t\t\t\t\t\t\t<\/div>\n\t\t\t\t<\/div>\n\t\t\t\t\t<\/div>\n\t\t<\/div>\n\t\t\t\t\t<\/div>\n\t\t<\/section>\n\t\t\t\t<\/div>\n\t\t","protected":false},"excerpt":{"rendered":"<p>Anlage 7: Datenschutz-Information nach Art. 13, 14,\u00a026 DS-GVO Unser Klinikum nimmt an dem deutschlandweiten Projekt RACOON-Combine teil. RACOON ist ein vom Bundesministerium f\u00fcr Bildung und Forschung gef\u00f6rdertes Projekt zur Entwicklung von Bildanalyseverfahren und k\u00fcnstlicher Intelligenz zum besseren Verst\u00e4ndnis von COVID-19 und \u00e4hnlichen Erkrankungen. Es soll helfen, die Diagnostik und Therapieentscheidungen &hellip;<\/p>\n<p class=\"read-more\"> <a class=\"\" href=\"https:\/\/racoon.network\/?page_id=4938\"> <span class=\"screen-reader-text\">Greifswald &#8211; UKGW &#8211; COMBINE<\/span>Read More &raquo;<\/a><\/p>\n","protected":false},"author":1,"featured_media":0,"parent":0,"menu_order":0,"comment_status":"closed","ping_status":"closed","template":"","meta":{"inline_featured_image":false,"footnotes":""},"class_list":["post-4938","page","type-page","status-publish","hentry"],"pbg_featured_image_src":{"full":false,"thumbnail":false,"medium":false,"medium_large":false,"large":false,"leap-image-100x100":false,"1536x1536":false,"2048x2048":false},"pbg_author_info":{"display_name":"admin","author_link":"https:\/\/racoon.network\/?author=1","author_img":"<img alt='admin' src='https:\/\/secure.gravatar.com\/avatar\/8931e98758e400caba5ef80ef255d639487b3d190ea2bc1f3e8bc8317605a2a5?s=128&#038;d=mm&#038;r=g' srcset='https:\/\/secure.gravatar.com\/avatar\/8931e98758e400caba5ef80ef255d639487b3d190ea2bc1f3e8bc8317605a2a5?s=256&#038;d=mm&#038;r=g 2x' class='avatar avatar-128 photo' height='128' width='128' decoding='async'\/>"},"pbg_comment_info":" No Comments","pbg_excerpt":"Anlage 7: Datenschutz-Information nach Art. 13, 14,\u00a026 DS-GVO Unser Klinikum nimmt an dem deutschlandweiten Projekt RACOON-Combine teil. RACOON ist ein vom Bundesministerium f\u00fcr Bildung und Forschung gef\u00f6rdertes Projekt zur Entwicklung von Bildanalyseverfahren und k\u00fcnstlicher Intelligenz zum besseren Verst\u00e4ndnis von COVID-19 und \u00e4hnlichen Erkrankungen. Es soll helfen, die Diagnostik und Therapieentscheidungen &hellip; Greifswald &#8211; UKGW &#8211;&hellip;","_links":{"self":[{"href":"https:\/\/racoon.network\/index.php?rest_route=\/wp\/v2\/pages\/4938","targetHints":{"allow":["GET"]}}],"collection":[{"href":"https:\/\/racoon.network\/index.php?rest_route=\/wp\/v2\/pages"}],"about":[{"href":"https:\/\/racoon.network\/index.php?rest_route=\/wp\/v2\/types\/page"}],"author":[{"embeddable":true,"href":"https:\/\/racoon.network\/index.php?rest_route=\/wp\/v2\/users\/1"}],"replies":[{"embeddable":true,"href":"https:\/\/racoon.network\/index.php?rest_route=%2Fwp%2Fv2%2Fcomments&post=4938"}],"version-history":[{"count":4,"href":"https:\/\/racoon.network\/index.php?rest_route=\/wp\/v2\/pages\/4938\/revisions"}],"predecessor-version":[{"id":4942,"href":"https:\/\/racoon.network\/index.php?rest_route=\/wp\/v2\/pages\/4938\/revisions\/4942"}],"wp:attachment":[{"href":"https:\/\/racoon.network\/index.php?rest_route=%2Fwp%2Fv2%2Fmedia&parent=4938"}],"curies":[{"name":"wp","href":"https:\/\/api.w.org\/{rel}","templated":true}]}}