{"id":5722,"date":"2023-04-26T09:55:17","date_gmt":"2023-04-26T09:55:17","guid":{"rendered":"https:\/\/racoon.network\/?page_id=5722"},"modified":"2023-05-02T12:45:22","modified_gmt":"2023-05-02T12:45:22","slug":"hannover-mhh-combine","status":"publish","type":"page","link":"https:\/\/racoon.network\/?page_id=5722","title":{"rendered":"Hannover &#8211; MHH &#8211; COMBINE"},"content":{"rendered":"\t\t<div data-elementor-type=\"wp-page\" data-elementor-id=\"5722\" class=\"elementor elementor-5722\">\n\t\t\t\t\t\t<section class=\"elementor-section elementor-top-section elementor-element elementor-element-44f2d94 elementor-section-boxed elementor-section-height-default elementor-section-height-default\" data-id=\"44f2d94\" data-element_type=\"section\" data-e-type=\"section\">\n\t\t\t\t\t\t<div class=\"elementor-container elementor-column-gap-default\">\n\t\t\t\t\t<div class=\"elementor-column elementor-col-100 elementor-top-column elementor-element elementor-element-e3b119c\" data-id=\"e3b119c\" data-element_type=\"column\" data-e-type=\"column\">\n\t\t\t<div class=\"elementor-widget-wrap elementor-element-populated\">\n\t\t\t\t\t\t<div class=\"elementor-element elementor-element-f87118e elementor-widget elementor-widget-text-editor\" data-id=\"f87118e\" data-element_type=\"widget\" data-e-type=\"widget\" data-widget_type=\"text-editor.default\">\n\t\t\t\t<div class=\"elementor-widget-container\">\n\t\t\t\t\t\t\t\t\t<p class=\"western\" align=\"justify\"><strong>Datenschutzinformationen nach Art. 13, 14, 26 DSGVO<\/strong><\/p><p class=\"western\" align=\"justify\">Wir, das Institut f\u00fcr diagnostische und interventionelle Radiologie der Medizinischen Hochschule Hannover, und die im Folgenden unter 1. Genannten Stellen (<b>Subprojektpartner<\/b>) f\u00fchren das RACOON Subprojekt <i>RACOON Combine (RACOON Phase 2)<\/i> durch. Ziel des Subprojekts ist systematische Testung von krankheitsspezifischen Candidate Imaging Biomarkern in verschiedenen Organsystemen (Lungen, Herz\/Gef\u00e4\u00dfe, ZNS, Leber, Niere, Gehirn, etc.). Dabei soll insbesondere die Verkn\u00fcpfung von verlaufsrelevanten Imaging Biomarkern mit der individuellen Konstitution eines Patienten untersucht werden (\u201eKomorbidom\u201c).<\/p><p class=\"western\" align=\"justify\">F\u00fcr das RACOON Subprojekt verarbeiten wir Ihre Daten, die wir im Rahmen Ihrer Behandlung bei uns erhoben haben. Vor der Verwendung f\u00fcr das RACOON Subprojekt werden zun\u00e4chst die identifizierenden Attribute (Name, Geburtsdatum, Adresse usw.) aus Ihrem Datensatz entfernt und die verbleibenden Daten (siehe Ziffer 3) im Rahmen eines aufw\u00e4ndigen Verfahrens in unserer RACOON-NODE unumkehrbar verhasht, sodass ein R\u00fcckschluss auf Ihre Identit\u00e4t anhand des verbleibenden Datensatzes nicht m\u00f6glich ist. Aufgrund des eingesetzten Verfahrens behandeln wir diese Daten als pseudonymisiert.<a class=\"sdfootnoteanc\" href=\"#sdfootnote1sym\" name=\"sdfootnote1anc\"><sup>1<\/sup><\/a> Anschlie\u00dfend werden die Daten in RACOON-CENTRAL hochgeladen und unseren Subprojektpartnern freigegeben und von uns und unseren Subprojektpartnern zur Durchf\u00fchrung des RACOON Subprojekts verarbeitet. Ihre Daten werden von den Subprojektpartnern nicht aus RACOON-CENTRAL heruntergeladen oder lokal gespeichert.<\/p><ol><li><p align=\"justify\"><b>Wer sind die Verantwortlichen und Datenschutzbeauftragten?<\/b><\/p><\/li><\/ol><p class=\"western\" align=\"justify\">Wir, die Medizinische Hochschule Hannover und die im Folgenden genannten Stellen, arbeiten bei dem RACOON Subprojekt eng zusammen. Aufgrund der Zusammenarbeit verarbeiten wir Ihre personenbezogenen Daten auch teilweise gemeinsam.<\/p><p class=\"western\" align=\"justify\">Zur Gew\u00e4hrleistung Ihrer Rechte und unter Ber\u00fccksichtigung der Vorgaben der EU-Datenschutz-Grundverordnung (DSGVO) haben wir eine Vereinbarung geschlossen, die Regeln \u00fcber die Verarbeitung Ihrer personenbezogenen Daten aufstellt. Als sog. Gemeinsame Verantwortliche (nach Art. 26 DSGVO) sind wir gemeinsam f\u00fcr die Verarbeitung Ihrer Daten verantwortlich.<\/p><p class=\"western\" align=\"justify\">Verantwortliche gem. Art. 4 Abs. 7 DSGVO sind<\/p><p class=\"western\" align=\"justify\"><b>Medizinische Hochschule Hannover<\/b><\/p><p class=\"western\" align=\"justify\">Institut f\u00fcr diagnostische und interventionelle Radiologie<\/p><p class=\"western\" align=\"justify\"><a name=\"_GoBack\"><\/a> Direktor: Prof. Dr. med. Frank Wacker<\/p><p class=\"western\" align=\"justify\">Carl-Neuberg-Stra\u00dfe 1<\/p><p class=\"western\" align=\"justify\">30625 Hannover<\/p><p class=\"western\" align=\"justify\">Unsere Datenschutzbeauftragten erreichen Sie unter der Telefonnummer 0511-532-2555 sowie unter der E-Mail-Adresse <span style=\"color: #0563c1;\"><u><a href=\"mailto:datenschutz@mh-hannover.de\">datenschutz@mh-hannover.de<\/a><\/u><\/span>.<\/p><p class=\"western\" align=\"justify\">Die Kontakt- und Anschriftsinformationen aller weiteren universit\u00e4tsmedizinischen und technischen Projektparteien sind in Abschnitt 10 gelistet.<\/p><ol start=\"2\"><li><p align=\"justify\"><b>Zu welchem Zweck und nach welcher Rechtsgrundlage werden die Daten verarbeitet?<\/b><\/p><\/li><\/ol><p class=\"western\" align=\"justify\">Wir und unsere Subprojektpartner verarbeiten die Daten zum Zwecke der Durchf\u00fchrung des RACOON Subprojekt. Rechtsgrundlage ist Art. 6 Abs. 1 lit. e bzw. f, Art. 9 Abs. 2 lit. j DSGVO in Verbindung mit den f\u00fcr die Projektpartner einschl\u00e4gigen (landes-)rechtlichen Vorschriften.<\/p><ol start=\"3\"><li><p align=\"justify\"><b>Welche Kategorien von Daten werden verarbeitet?<\/b><\/p><\/li><\/ol><p class=\"western\" align=\"justify\">Wir verarbeiten im Rahmen des RACOON Subprojekts Ihre pseudonymisierten Behandlungsdaten. Hierzu geh\u00f6ren eine gehashte (verschl\u00fcsselte) Patienten-ID sowie medizinische Daten, wie medizinische Bilddaten (CT- und R\u00f6ntgenaufnahmen) und deren Metainformationen, anamnestische Informationen, Arztbriefe und Diagnosen, Laborwerte, Ergebnisse histologischer, mikrobiologischer, virologischer und pathologischer Untersuchungen, Krankheitsverl\u00e4ufe, Vitalparameter und Outcome Parameter, Messwerte oder statistische Auswertungen, welche auf Basis der medizinischen Bilddatens\u00e4tze und komplement\u00e4ren Datens\u00e4tzen erstellt werden. Dies umfasst besondere Kategorien personenbezogener Daten i.S.d. Art. 9 Abs. 1 DSGVO, n\u00e4mlich Gesundheitsdaten i.S.d. Art. 4 Nr. 15 DSGVO.<\/p><ol start=\"4\"><li><p align=\"justify\"><b>Wer sind die Empf\u00e4nger der Daten?<\/b><\/p><\/li><\/ol><p class=\"western\" align=\"justify\">Ihre Daten werden streng zweckgebunden und nur im notwendigen Umfang im Rahmen einer Auftragsverarbeitung an unseren IT- und Hosting-Dienstleister Mint Medical GmbH weitergeleitet. Au\u00dferdem erhalten unsere Subprojektpartner Zugang zu den freigegebenen Daten in RACOON-CENTRAL.<\/p><ol start=\"5\"><li><p align=\"justify\"><b>Wie lange werden die Daten gespeichert?<\/b><\/p><\/li><\/ol><p class=\"western\" align=\"justify\">Ihre Daten werden so lange gespeichert, wie wir sie zur Durchf\u00fchrung des RACOON Subprojekts ben\u00f6tigen. Das RACOON Subprojekt ist nach aktuellem Projektstand bis Ende 2021 angelegt. Danach werden Ihre Daten im Rahmen der uns obliegenden Aufbewahrungsfristen (10 Jahre) in unserem RACOON-NODE und in RACOON Central gespeichert. Sofern wir Ihre Daten nicht im Rahmen anderer Forschungsprojekte verwenden oder aufgrund daraus resultierender Aufbewahrungsfristen speichern m\u00fcssen, werden Ihre Daten im Anschluss gel\u00f6scht.<\/p><ol start=\"6\"><li><p align=\"justify\"><b>Woher stammen die Daten?<\/b><\/p><\/li><\/ol><p class=\"western\" align=\"justify\">Wir verarbeiten Daten, die wir von unseren Patienten im Rahmen der Behandlung erhoben haben.<\/p><ol start=\"7\"><li><p align=\"justify\"><b>Rechte<\/b><\/p><\/li><\/ol><p class=\"western\" align=\"justify\">Als von der Datenverarbeitung betroffene Person stehen Ihnen folgende Rechte zu, sofern diese nicht aufgrund eines Gesetzes eingeschr\u00e4nkt sind:<\/p><ul><li><p align=\"justify\">Recht auf Auskunft<\/p><\/li><li><p align=\"justify\">Recht auf Berichtigung<\/p><\/li><li><p align=\"justify\">Recht auf L\u00f6schung<\/p><\/li><li><p align=\"justify\">Recht auf Einschr\u00e4nkung der Verarbeitung<\/p><\/li><li><p align=\"justify\">Recht auf Daten\u00fcbertragbarkeit<\/p><\/li><li><p align=\"justify\">Recht auf Widerspruch<\/p><\/li><\/ul><p>Sie haben das Recht, sich bei einer Aufsichtsbeh\u00f6rde zu beschweren.<\/p><p class=\"western\">Die f\u00fcr uns zust\u00e4ndige Aufsichtsbeh\u00f6rde ist<\/p><p class=\"western\"><b>Landesbeauftragte\/r f\u00fcr den Datenschutz Niedersachsen<\/b><\/p><p class=\"western\">Prinzenstra\u00dfe 5<\/p><p class=\"western\">30159 Hannover<\/p><p class=\"western\">Telefon: 0511-120 4500<\/p><p class=\"western\">E-Mail: <span style=\"color: #0563c1;\"><u><a href=\"mailto:poststelle@lfd.niedersachsen.de\">poststelle@lfd.niedersachsen.de<\/a><\/u><\/span><\/p><p class=\"western\"><span lang=\"en-US\">Website: <\/span><span style=\"color: #0563c1;\"><u><a href=\"http:\/\/www.lfd.niedersachsen.de\/\"><span lang=\"en-US\">www.lfd.niedersachsen.de<\/span><\/a><\/u><\/span><\/p><ol start=\"8\"><li><p align=\"justify\"><b>Wer ist mein Ansprechpartner f\u00fcr Rechte wie Auskunft oder L\u00f6schung?<\/b><\/p><\/li><\/ol><p class=\"western\" align=\"justify\">Wir haben uns mit unseren Subprojektpartnern gemeinsam dar\u00fcber verst\u00e4ndigt, wie wir Ihre Rechte sicherstellen und n\u00e4her festgelegt, wer welche uns nach der DSGVO obliegenden Verpflichtungen erf\u00fcllt. Dies betrifft insbesondere die Gew\u00e4hrleistung Ihrer Rechte als betroffene Personen und die Erf\u00fcllung der Informationspflichten nach Art. 13 und 14 DSGVO.<\/p><p class=\"western\" align=\"justify\">Ansprechpartner zur Geltendmachung Ihrer Rechte ist:<\/p><p class=\"western\"><b>Medizinische Hochschule Hannover<\/b><\/p><p class=\"western\">Institut f\u00fcr diagnostische und interventionelle Radiologie<\/p><p class=\"western\">Carl-Neuberg-Stra\u00dfe 1<\/p><p class=\"western\">30625 Hannover<\/p><p class=\"western\"><i>Prof. Dr. med. Frank Wacker<\/i><\/p><p class=\"western\"><i>E-Mail: <\/i><span style=\"color: #0563c1;\"><u><a href=\"mailto:Wacker.Frank@mh-hannover.de\"><i>Wacker.Frank@mh-hannover.de<\/i><\/a><\/u><\/span><\/p><p class=\"western\"><i>Telefon: 0511-532 3421<\/i><\/p><p class=\"western\"><i>Dr. Katharina B\u00fcnemann<\/i><\/p><p class=\"western\"><i>E-Mail: <\/i><span style=\"color: #0563c1;\"><u><a href=\"mailto:Buenemann.Katharina@mh-hannover.de\"><i>Buenemann.Katharina@mh-hannover.de<\/i><\/a><\/u><\/span><i> <\/i><\/p><p class=\"western\"><i>Telefon: 0511 532 3113<\/i><\/p><p class=\"western\">Sie k\u00f6nnen sich zur Geltendmachung Ihrer Rechte grunds\u00e4tzlich jedoch an jede der beteiligten Stellen wenden.<\/p><ol start=\"9\"><li><p align=\"justify\"><b>Wie kann ich mehr Informationen zur Datenverarbeitung erhalten?<\/b><\/p><\/li><\/ol><p class=\"western\" align=\"justify\">Weitere Informationen erhalten Sie unter<i> <\/i><span style=\"color: #0563c1;\"><u><a href=\"http:\/\/www.RACOON.network\/\"><i>www.RACOON.network<\/i><\/a><\/u><\/span><i>. <\/i><\/p><p class=\"western\"><br \/><br \/><\/p><ol start=\"10\"><li><p align=\"justify\"><b>Anschriften aller Projektteilnehmer <\/b><\/p><\/li><\/ol><p class=\"western\"><br \/><br \/><\/p><p class=\"western\"><span style=\"font-size: small;\"><b>Universit\u00e4tsklinikum Aachen <\/b><\/span><\/p><p class=\"western\"><span style=\"font-size: small;\">Klinik f\u00fcr Interventionelle und Diagnostische Radiologie <\/span><\/p><p class=\"western\"><span style=\"font-size: small;\">Klinikdirektorin: Univ.-Prof. Dr. med. Christiane Kuhl <\/span><\/p><p class=\"western\"><span style=\"font-size: small;\">Pauwelsstra\u00dfe 30 <\/span><\/p><p class=\"western\"><span style=\"font-size: small;\">52074 Aachen <\/span><\/p><p class=\"western\"><span style=\"font-size: small;\"><b>Universit\u00e4tsklinikum Augsburg <\/b><\/span><\/p><p class=\"western\"><span style=\"font-size: small;\">Klinik f\u00fcr Diagnostische und Interventionelle Radiologie und Neuroradiologie <\/span><\/p><p class=\"western\"><span style=\"font-size: small;\">Direktor: Prof. Dr. med. Thomas Kr\u00f6ncke <\/span><\/p><p class=\"western\"><span style=\"font-size: small;\">Stenglinstr. 2 <\/span><\/p><p class=\"western\"><span style=\"font-size: small;\">86156 Augsburg <\/span><\/p><p class=\"western\"><span style=\"font-size: small;\"><b>Universit\u00e4tsklinikum Berlin <\/b><\/span><\/p><p class=\"western\"><span style=\"font-size: small;\">Charit\u00e9 \u2013 Universit\u00e4tsmedizin Berlin <\/span><\/p><p class=\"western\"><span style=\"font-size: small;\">Diagnostische und interventionelle Radiologie und Nuklearmedizin (CC 6) <\/span><\/p><p class=\"western\"><span style=\"font-size: small;\">Direktor: Univ. Prof. Dr. med. Bernd Hamm <\/span><\/p><p class=\"western\"><span style=\"font-size: small;\">Charit\u00e9platz 1 <\/span><\/p><p class=\"western\"><span style=\"font-size: small;\">10117 Berlin <\/span><\/p><p class=\"western\"><span style=\"font-size: small;\"><b>Universit\u00e4tsklinikum der Ruhr-Universit\u00e4t Bochum <\/b><\/span><\/p><p class=\"western\"><span style=\"font-size: small;\">Diagnostische und Interventionelle Radiologie, Neuroradiologie und Nuklearmedizin <\/span><\/p><p class=\"western\"><span style=\"font-size: small;\">Direktor: Prof. Dr. Volkmar Nicolas <\/span><\/p><p class=\"western\"><span style=\"font-size: small;\">In der Schornau 23-25 <\/span><\/p><p class=\"western\"><span style=\"font-size: small;\">44892 Bochum <\/span><\/p><p class=\"western\"><span style=\"font-size: small;\"><b>Universit\u00e4tsklinikum Bonn <\/b><\/span><\/p><p class=\"western\"><span style=\"font-size: small;\">Klinik f\u00fcr Interventionelle und Diagnostische Radiologie <\/span><\/p><p class=\"western\"><span style=\"font-size: small;\">Klinikdirektorin: Univ.-Prof. Dr. med. Ulrike Attenberger <\/span><\/p><p class=\"western\"><span style=\"font-size: small;\">Venusberg-Campus 1 <\/span><\/p><p class=\"western\"><span style=\"font-size: small;\">53127 Bonn <\/span><\/p><p class=\"western\"><span style=\"font-size: small;\"><b>Deutsches Krebsforschungszentrum Heidelberg <\/b><\/span><\/p><p class=\"western\"><span style=\"font-size: small;\">Abteilung Radiologie <\/span><\/p><p class=\"western\"><span style=\"font-size: small;\">Direktor: Prof. Dr. Dipl.- Phys. Heinz-Peter Schlemmer <\/span><\/p><p class=\"western\"><span style=\"font-size: small;\">Im Neuenheimer Feld 280 <\/span><\/p><p class=\"western\"><span style=\"font-size: small;\">69120 Heidelberg <\/span><\/p><p class=\"western\"><span style=\"font-size: small;\"><b>Universit\u00e4tsklinikum Carl Gustav Carus Dresden <\/b><\/span><\/p><p class=\"western\"><span style=\"font-size: small;\">Institut und Poliklinik f\u00fcr Diagnostische und Interventionelle Radiologie <\/span><\/p><p class=\"western\"><span style=\"font-size: small;\">Direktor: Prof. Dr. med. Ralf-Thorsten Hoffmann <\/span><\/p><p class=\"western\"><span style=\"font-size: small;\">Fetscherstra\u00dfe 74 <\/span><\/p><p class=\"western\"><span style=\"font-size: small;\">01307 Dresden <\/span><\/p><p class=\"western\"><span style=\"font-size: small;\"><b>Universit\u00e4tsklinikum D\u00fcsseldorf <\/b><\/span><\/p><p class=\"western\"><span style=\"font-size: small;\">Institut f\u00fcr Diagnostische und Interventionelle Radiologie <\/span><\/p><p class=\"western\"><span style=\"font-size: small;\">Direktor: Univ.-Prof. Dr. med. Gerald Antoch <\/span><\/p><p class=\"western\"><span style=\"font-size: small;\">Moorenstr. 5 <\/span><\/p><p class=\"western\"><span style=\"font-size: small;\">40225 D\u00fcsseldorf <\/span><\/p><p class=\"western\"><span style=\"font-size: small;\"><b>Universit\u00e4tsklinikum Erlangen <\/b><\/span><\/p><p class=\"western\"><span style=\"font-size: small;\">Radiologisches Institut <\/span><\/p><p class=\"western\"><span style=\"font-size: small;\">Direktor: Prof. Dr. med. Michael Uder <\/span><\/p><p class=\"western\"><span style=\"font-size: small;\">Maximiliansplatz 3 <\/span><\/p><p class=\"western\"><span style=\"font-size: small;\">91054 Erlangen <\/span><\/p><p class=\"western\"><span style=\"font-size: small;\"><b>Universit\u00e4tsklinikum Essen <\/b><\/span><\/p><p class=\"western\"><span style=\"font-size: small;\">Institut f\u00fcr Diagnostische und Interventionelle Radiologie und Neuroradiologie <\/span><\/p><p class=\"western\"><span style=\"font-size: small;\">Direktor: Univ.-Prof. Dr. med. Michael Forsting <\/span><\/p><p class=\"western\"><span style=\"font-size: small;\">Hufelandstra\u00dfe 55 <\/span><\/p><p class=\"western\"><span style=\"font-size: small;\">45147 Essen <\/span><\/p><p class=\"western\"><span style=\"font-size: small;\"><b>Universit\u00e4tsklinikum Freiburg <\/b><\/span><\/p><p class=\"western\"><span style=\"font-size: small;\">Klinik f\u00fcr Diagnostische und Interventionelle Radiologie <\/span><\/p><p class=\"western\"><span style=\"font-size: small;\">Direktor: Prof. Dr. Fabian Bamberg <\/span><\/p><p class=\"western\"><span style=\"font-size: small;\">Hugstetter Stra\u00dfe 55 <\/span><\/p><p class=\"western\"><span style=\"font-size: small;\">79106 Freiburg <\/span><\/p><p class=\"western\"><span style=\"font-size: small;\"><b>Universtit\u00e4tsklinikum Giessen <\/b><\/span><\/p><p class=\"western\"><span style=\"font-size: small;\">Klinik f\u00fcr Diagnostische und Interventionelle Radiologie <\/span><\/p><p class=\"western\"><span style=\"font-size: small;\">Direktorin: Univ.-Prof. Dr. Gabriele A. Krombach <\/span><\/p><p class=\"western\"><span style=\"font-size: small;\">Evelyn Bohrer <\/span><\/p><p class=\"western\"><span style=\"font-size: small;\">Klinikstr. 33 <\/span><\/p><p class=\"western\"><span style=\"font-size: small;\">35392 Gie\u00dfen <\/span><\/p><p class=\"western\"><span style=\"font-size: small;\"><b>Universit\u00e4tsmedizin G\u00f6ttingen <\/b><\/span><\/p><p class=\"western\"><span style=\"font-size: small;\">Georg-August-Universit\u00e4t <\/span><\/p><p class=\"western\"><span style=\"font-size: small;\">Institut f\u00fcr Diagnostische und Interventionelle Radiologie <\/span><\/p><p class=\"western\"><span style=\"font-size: small;\"><span lang=\"en-US\">Direktor: Prof. Dr. med. Joachim Lotz <\/span><\/span><\/p><p class=\"western\"><span style=\"font-size: small;\">Robert-Koch-Stra\u00dfe 40 <\/span><\/p><p class=\"western\"><span style=\"font-size: small;\">37075 G\u00f6ttingen <\/span><\/p><p class=\"western\"><span style=\"font-size: small;\"><b>Universit\u00e4tsmedizin Greifswald <\/b><\/span><\/p><p class=\"western\"><span style=\"font-size: small;\">Zentrum f\u00fcr Radiologie <\/span><\/p><p class=\"western\"><span style=\"font-size: small;\">Klinik und Poliklinik f\u00fcr Nuklearmedizin <\/span><\/p><p class=\"western\"><span style=\"font-size: small;\">Prof. Dr. med. Norbert Hosten <\/span><\/p><p class=\"western\"><span style=\"font-size: small;\">Fleischmannstra\u00dfe 42 &#8211; 44 <\/span><\/p><p class=\"western\"><span style=\"font-size: small;\">17475 Greifswald <\/span><\/p><p class=\"western\"><span style=\"font-size: small;\"><b>Universit\u00e4tsklinikum Halle (Saale) <\/b><\/span><\/p><p class=\"western\"><span style=\"font-size: small;\">Universit\u00e4tsklinik und Poliklinik f\u00fcr Radiologie <\/span><\/p><p class=\"western\"><span style=\"font-size: small;\">Direktor: Univ.-Prof. Dr. Dr. Walter A. Wohlgemuth <\/span><\/p><p class=\"western\"><span style=\"font-size: small;\">Ernst-Grube-Str. 40 <\/span><\/p><p class=\"western\"><span style=\"font-size: small;\">06097 Halle (Saale) <\/span><\/p><p class=\"western\"><span style=\"font-size: small;\"><b>Universit\u00e4tsklinikum Hamburg-Eppendorf <\/b><\/span><\/p><p class=\"western\"><span style=\"font-size: small;\">Diagnostische und Interventionelle Radiologie und Nuklearmedizin <\/span><\/p><p class=\"western\"><span style=\"font-size: small;\">Prof. Dr. med. Gerhard Adam <\/span><\/p><p class=\"western\"><span style=\"font-size: small;\">Martinistra\u00dfe 52 <\/span><\/p><p class=\"western\"><span style=\"font-size: small;\">20246 Hamburg <\/span><\/p><p class=\"western\"><span style=\"font-size: small;\"><b>Universit\u00e4tsklinikum Heidelberg <\/b><\/span><\/p><p class=\"western\"><span style=\"font-size: small;\">Institut f\u00fcr Diagnostische und Interventionelle Radiologie <\/span><\/p><p class=\"western\"><span style=\"font-size: small;\">und Deutsches Zentrum f\u00fcr Lungenforschung <\/span><\/p><p class=\"western\"><span style=\"font-size: small;\">Direktor: Prof. Dr. med. H.-U. Kauczor <\/span><\/p><p class=\"western\"><span style=\"font-size: small;\">Im Neuenheimer Feld 110 <\/span><\/p><p class=\"western\"><span style=\"font-size: small;\">69120 Heidelberg <\/span><\/p><p class=\"western\"><span style=\"font-size: small;\"><b>Universit\u00e4tsklinikum des Saarlandes<\/b><\/span><\/p><p class=\"western\"><span style=\"font-size: small;\">Medizinische Fakult\u00e4t der Universit\u00e4t des Saarlandes <\/span><\/p><p class=\"western\"><span style=\"font-size: small;\">Klinik f\u00fcr Diagnostische und Interventionelle Radiologie <\/span><\/p><p class=\"western\"><span style=\"font-size: small;\">Klinikdirektor: Prof. Dr. med. Arno B\u00fccker <\/span><\/p><p class=\"western\"><span style=\"font-size: small;\">Frau Dr. med. Wagner-Jochem <\/span><\/p><p class=\"western\"><span style=\"font-size: small;\">Prof. Dr. Arno B\u00fccker <\/span><\/p><p class=\"western\"><span style=\"font-size: small;\">Kirrbergerstra\u00dfe <\/span><\/p><p class=\"western\"><span style=\"font-size: small;\">66424 Homburg \/Saar <\/span><\/p><p class=\"western\"><span style=\"font-size: small;\"><b>Universit\u00e4tsklinikum Jena <\/b><\/span><\/p><p class=\"western\"><span style=\"font-size: small;\">Institut f\u00fcr Diagnostische und Interventionelle Radiologie <\/span><\/p><p class=\"western\"><span style=\"font-size: small;\">Direktor: Prof. Dr. med. Ulf Teichgr\u00e4ber <\/span><\/p><p class=\"western\"><span style=\"font-size: small;\">Am Klinikum 1 <\/span><\/p><p class=\"western\"><span style=\"font-size: small;\">07747 Jena <\/span><\/p><p class=\"western\"><span style=\"font-size: small;\"><b>Universit\u00e4tsklinikum Schleswig-Holstein, Campus Kiel <\/b><\/span><\/p><p class=\"western\"><span style=\"font-size: small;\">Klinik f\u00fcr Radiologie und Neuroradiologie <\/span><\/p><p class=\"western\"><span style=\"font-size: small;\">Direktor: Prof. Dr. Olav Jansen <\/span><\/p><p class=\"western\"><span style=\"font-size: small;\">Anorld-Heller-Strasse 3 <\/span><\/p><p class=\"western\"><span style=\"font-size: small;\">24105 Kiel <\/span><\/p><p class=\"western\"><span style=\"font-size: small;\"><b>Universit\u00e4tsklinikum K\u00f6ln <\/b><\/span><\/p><p class=\"western\"><span style=\"font-size: small;\">Institut f\u00fcr Diagnostische und Interventionelle Radiologie <\/span><\/p><p class=\"western\"><span style=\"font-size: small;\">Direktor: Univ.-Prof. Dr. David Maintz <\/span><\/p><p class=\"western\"><span style=\"font-size: small;\">Kerpener Stra\u00dfe 62 <\/span><\/p><p class=\"western\"><span style=\"font-size: small;\">50937 K\u00f6ln <\/span><\/p><p class=\"western\"><span style=\"font-size: small;\"><b>Universit\u00e4tsklinikum Leipzig <\/b><\/span><\/p><p class=\"western\"><span style=\"font-size: small;\">Klinik und Poliklinik f\u00fcr Diagnostische und Interventionelle Radiologie <\/span><\/p><p class=\"western\"><span style=\"font-size: small;\">Prof. Dr. med. Timm Denecke <\/span><\/p><p class=\"western\"><span style=\"font-size: small;\">Liebigstra\u00dfe 20, Haus 4 <\/span><\/p><p class=\"western\"><span style=\"font-size: small;\">04103 Leipzig <\/span><\/p><p class=\"western\"><span style=\"font-size: small;\"><b>Universit\u00e4tsklinikum Schleswig-Holstein, Campus L\u00fcbeck <\/b><\/span><\/p><p class=\"western\"><span style=\"font-size: small;\">Klinik f\u00fcr Radiologie und Nuklearmedizin <\/span><\/p><p class=\"western\"><span style=\"font-size: small;\">Direktor: Prof. Dr. J\u00f6rg Barkhausen <\/span><\/p><p class=\"western\"><span style=\"font-size: small;\">Ratzeburger Allee 160 <\/span><\/p><p class=\"western\"><span style=\"font-size: small;\">23538 L\u00fcbeck <\/span><\/p><p class=\"western\"><span style=\"font-size: small;\"><b>Universit\u00e4tsklinikum Magdeburg A.\u00f6.R. <\/b><\/span><\/p><p class=\"western\"><span style=\"font-size: small;\">Universit\u00e4tsklinik f\u00fcr Radiologie und Nuklearmedizin <\/span><\/p><p class=\"western\"><span style=\"font-size: small;\">Direktor: Prof. Dr. med. Maciej Pech <\/span><\/p><p class=\"western\"><span style=\"font-size: small;\">Leipziger Str. 44 <\/span><\/p><p class=\"western\"><span style=\"font-size: small;\">39120 Magdeburg<\/span><\/p><p class=\"western\"><span style=\"font-size: small;\"><b>Universit\u00e4tsklinikum Mainz <\/b><\/span><\/p><p class=\"western\"><span style=\"font-size: small;\">Institut f\u00fcr Diagnostische und Interventionelle Radiologie <\/span><\/p><p class=\"western\"><span style=\"font-size: small;\">Direktor: Prof. Dr. C. D\u00fcber <\/span><\/p><p class=\"western\"><span style=\"font-size: small;\">Langenbeckstr. 1 <\/span><\/p><p class=\"western\"><span style=\"font-size: small;\">55131 Mainz<\/span><\/p><p class=\"western\"><span style=\"font-size: small;\"><b>Universit\u00e4tsklinikum Mannheim <\/b><\/span><\/p><p class=\"western\"><span style=\"font-size: small;\">Klinik f\u00fcr Radiologie und Nuklearmedizin <\/span><\/p><p class=\"western\"><span style=\"font-size: small;\">Direktor: Prof. Dr. med. Stefan Sch\u00f6nberg <\/span><\/p><p class=\"western\"><span style=\"font-size: small;\">Theodor-Kutzer-Ufer 1-3 <\/span><\/p><p class=\"western\"><span style=\"font-size: small;\">68167 Mannheim <\/span><\/p><p class=\"western\"><span style=\"font-size: small;\"><b>Universit\u00e4tsklinikum Marburg <\/b><\/span><\/p><p class=\"western\"><span style=\"font-size: small;\">Klinik f\u00fcr Diagnostische und Interventionelle Radiologie <\/span><\/p><p class=\"western\"><span style=\"font-size: small;\">Klinikdirektor: Prof. Dr. Andreas H. Mahnken <\/span><\/p><p class=\"western\"><span style=\"font-size: small;\">Baldingerstrasse <\/span><\/p><p class=\"western\"><span style=\"font-size: small;\">35043 Marburg <\/span><\/p><p class=\"western\">\u00a0<\/p><p class=\"western\"><span style=\"font-size: small;\"><b>Universit\u00e4tsklinikum M\u00fcnchen LMU <\/b><\/span><\/p><p class=\"western\"><span style=\"font-size: small;\">Klinik und Poliklinik f\u00fcr Radiologie <\/span><\/p><p class=\"western\"><span style=\"font-size: small;\">Klinikdirektor: Prof. Dr. med. Jens Ricke <\/span><\/p><p class=\"western\"><span style=\"font-size: small;\">Marchioninistr. 15 <\/span><\/p><p class=\"western\"><span style=\"font-size: small;\">81377 M\u00fcnchen<\/span><\/p><p class=\"western\"><span style=\"font-size: small;\"><b>Universit\u00e4tsklinikum M\u00fcnchen TU <\/b><\/span><\/p><p class=\"western\"><span style=\"font-size: small;\">Institut f\u00fcr diagnostische und interventionelle Radiologie <\/span><\/p><p class=\"western\"><span style=\"font-size: small;\">Klinikum rechts der Isar der Technischen Universit\u00e4t M\u00fcnchen <\/span><\/p><p class=\"western\"><span style=\"font-size: small;\"><span lang=\"en-US\">Prof. Dr. med. Marcus R. Makowski <\/span><\/span><\/p><p class=\"western\"><span style=\"font-size: small;\">Ismaninger Stra\u00dfe 22 <\/span><\/p><p class=\"western\"><span style=\"font-size: small;\">D &#8211; 81675 M\u00fcnchen <\/span><\/p><p class=\"western\"><span style=\"font-size: small;\"><b>Universit\u00e4tsklinikum M\u00fcnster <\/b><\/span><\/p><p class=\"western\"><span style=\"font-size: small;\">Institut f\u00fcr klinische Radiologie <\/span><\/p><p class=\"western\"><span style=\"font-size: small;\">Univ.-Prof. Dr. med. Walter Heindel <\/span><\/p><p class=\"western\"><span style=\"font-size: small;\">Albert-Schweitzer-Campus 1 <\/span><\/p><p class=\"western\"><span style=\"font-size: small;\">48149 M\u00fcnster <\/span><\/p><p class=\"western\"><span style=\"font-size: small;\"><b>Universit\u00e4tsklinikum Regensburg <\/b><\/span><\/p><p class=\"western\"><span style=\"font-size: small;\">Institut f\u00fcr R\u00f6ntgendiagnostik <\/span><\/p><p class=\"western\"><span style=\"font-size: small;\">Direktor: Prof. Dr. Christian Stroszczynski <\/span><\/p><p class=\"western\"><span style=\"font-size: small;\">Franz-Josef-Strau\u00df-Allee 11 <\/span><\/p><p class=\"western\"><span style=\"font-size: small;\">93053 Regensburg <\/span><\/p><p class=\"western\">\u00a0<\/p><p class=\"western\"><span style=\"font-size: small;\"><b>Universit\u00e4tsklinikum Rostock <\/b><\/span><\/p><p class=\"western\"><span style=\"font-size: small;\">Institut f\u00fcr Diagnostische und Interventionelle Radiologie <\/span><\/p><p class=\"western\"><span style=\"font-size: small;\">Direktor: Prof. Dr. med. Marc-Andr\u00e9 Weber, M.Sc. <\/span><\/p><p class=\"western\"><span style=\"font-size: small;\">Ernst-Heydemann-Str. 6 <\/span><\/p><p class=\"western\"><span style=\"font-size: small;\">18057 Rostock <\/span><\/p><p class=\"western\">\u00a0<\/p><p class=\"western\"><span style=\"font-size: small;\"><b>Universit\u00e4tsklinikum T\u00fcbingen <\/b><\/span><\/p><p class=\"western\"><span style=\"font-size: small;\">Abteilung f\u00fcr Diagnostische und Interventionelle Radiologie <\/span><\/p><p class=\"western\"><span style=\"font-size: small;\">Direktor: Prof. Dr. med. Konstantin Nikolaou <\/span><\/p><p class=\"western\"><span style=\"font-size: small;\">Hoppe-Seyler-Stra\u00dfe 3 <\/span><\/p><p class=\"western\"><span style=\"font-size: small;\">72076 T\u00fcbingen <\/span><\/p><p class=\"western\">\u00a0<\/p><p class=\"western\"><span style=\"font-size: small;\"><b>Universit\u00e4tsklinikum Ulm <\/b><\/span><\/p><p class=\"western\"><span style=\"font-size: small;\">Klinik f\u00fcr Diagnostische und Interventionelle Radiologie <\/span><\/p><p class=\"western\"><span style=\"font-size: small;\">Klinikdirektor: Prof. Dr. Meinrad Beer <\/span><\/p><p class=\"western\"><span style=\"font-size: small;\">Albert-Einstein-Allee 23 <\/span><\/p><p class=\"western\"><span style=\"font-size: small;\">89081 Ulm <\/span><\/p><p class=\"western\">\u00a0<\/p><p class=\"western\"><span style=\"font-size: small;\"><b>Universit\u00e4tsklinikum W\u00fcrzburg <\/b><\/span><\/p><p class=\"western\"><span style=\"font-size: small;\">Institut f\u00fcr Diagnostische und Interventionelle Radiologie <\/span><\/p><p class=\"western\"><span style=\"font-size: small;\">Direktor: Univ.-Prof. Dr. med. Thorsten Bley <\/span><\/p><p class=\"western\"><span style=\"font-size: small;\">Oberd\u00fcrrbacher Stra\u00dfe 6 <\/span><\/p><p class=\"western\"><span style=\"font-size: small;\">97080 W\u00fcrzburg <\/span><\/p><p class=\"western\"><span style=\"font-size: small;\"><b>Deutsches Krebsforschungszentrum Heidelberg <\/b><\/span><\/p><p class=\"western\"><span style=\"font-size: small;\">Abteilung f\u00fcr Medizinische Bildverarbeitung (E230) <\/span><\/p><p class=\"western\"><span style=\"font-size: small;\">Direktor: Prof. Dr. Klaus Maier-Hein <\/span><\/p><p class=\"western\"><span style=\"font-size: small;\">Im Neuenheimer Feld 223 <\/span><\/p><p class=\"western\"><span style=\"font-size: small;\">69120 Heidelberg <\/span><\/p><p class=\"western\">\u00a0<\/p><p class=\"western\"><span style=\"font-size: small;\"><b>Technische Universit\u00e4t Darmstadt <\/b><\/span><\/p><p class=\"western\"><span style=\"font-size: small;\">Graphisch-Interaktive Systeme <\/span><\/p><p class=\"western\"><span style=\"font-size: small;\">Prof. Dr. Dieter Fellner <\/span><\/p><p class=\"western\"><span style=\"font-size: small;\">Fraunhoferstr. 5 <\/span><\/p><p class=\"western\"><span style=\"font-size: small;\">64283 Darmstadt <\/span><\/p><p class=\"western\"><span style=\"font-size: small;\"><b>Fraunhofer Institut f\u00fcr Digitale Medizin MEVIS <\/b><\/span><\/p><p class=\"western\"><span style=\"font-size: small;\">Direktor: Prof. Dr.-Ing. Horst Hahn <\/span><\/p><p class=\"western\"><span style=\"font-size: small;\">Am Fallturm 1 <\/span><\/p><p class=\"western\"><span style=\"font-size: small;\">28359 Bremen<\/span><\/p><div id=\"sdfootnote1\"><p class=\"sdfootnote-western\"><a class=\"sdfootnotesym\" href=\"#sdfootnote1anc\" name=\"sdfootnote1sym\">1<\/a> <span style=\"font-family: Calibri, serif;\"><span style=\"font-size: small;\">Andere Subprojektpartner ordnen Ihre Daten m\u00f6glicherweise aufgrund unterschiedlicher gesetzlicher Anforderungen in anderen Bundesl\u00e4ndern anders ein als wir. Die Sicherheit Ihrer Daten ist jedoch gleichbleibend gew\u00e4hrleistet.<\/span><\/span><\/p><\/div><p>\u00a0<\/p>\t\t\t\t\t\t\t\t<\/div>\n\t\t\t\t<\/div>\n\t\t\t\t\t<\/div>\n\t\t<\/div>\n\t\t\t\t\t<\/div>\n\t\t<\/section>\n\t\t\t\t<\/div>\n\t\t","protected":false},"excerpt":{"rendered":"<p>Datenschutzinformationen nach Art. 13, 14, 26 DSGVO Wir, das Institut f\u00fcr diagnostische und interventionelle Radiologie der Medizinischen Hochschule Hannover, und die im Folgenden unter 1. Genannten Stellen (Subprojektpartner) f\u00fchren das RACOON Subprojekt RACOON Combine (RACOON Phase 2) durch. Ziel des Subprojekts ist systematische Testung von krankheitsspezifischen Candidate Imaging Biomarkern in &hellip;<\/p>\n<p class=\"read-more\"> <a class=\"\" href=\"https:\/\/racoon.network\/?page_id=5722\"> <span class=\"screen-reader-text\">Hannover &#8211; MHH &#8211; COMBINE<\/span>Read More &raquo;<\/a><\/p>\n","protected":false},"author":1,"featured_media":0,"parent":0,"menu_order":0,"comment_status":"closed","ping_status":"closed","template":"","meta":{"inline_featured_image":false,"footnotes":""},"class_list":["post-5722","page","type-page","status-publish","hentry"],"pbg_featured_image_src":{"full":false,"thumbnail":false,"medium":false,"medium_large":false,"large":false,"leap-image-100x100":false,"1536x1536":false,"2048x2048":false},"pbg_author_info":{"display_name":"admin","author_link":"https:\/\/racoon.network\/?author=1","author_img":"<img alt='admin' src='https:\/\/secure.gravatar.com\/avatar\/8931e98758e400caba5ef80ef255d639487b3d190ea2bc1f3e8bc8317605a2a5?s=128&#038;d=mm&#038;r=g' srcset='https:\/\/secure.gravatar.com\/avatar\/8931e98758e400caba5ef80ef255d639487b3d190ea2bc1f3e8bc8317605a2a5?s=256&#038;d=mm&#038;r=g 2x' class='avatar avatar-128 photo' height='128' width='128' decoding='async'\/>"},"pbg_comment_info":" No Comments","pbg_excerpt":"Datenschutzinformationen nach Art. 13, 14, 26 DSGVO Wir, das Institut f\u00fcr diagnostische und interventionelle Radiologie der Medizinischen Hochschule Hannover, und die im Folgenden unter 1. Genannten Stellen (Subprojektpartner) f\u00fchren das RACOON Subprojekt RACOON Combine (RACOON Phase 2) durch. Ziel des Subprojekts ist systematische Testung von krankheitsspezifischen Candidate Imaging Biomarkern in &hellip; Hannover &#8211; MHH &#8211;&hellip;","_links":{"self":[{"href":"https:\/\/racoon.network\/index.php?rest_route=\/wp\/v2\/pages\/5722","targetHints":{"allow":["GET"]}}],"collection":[{"href":"https:\/\/racoon.network\/index.php?rest_route=\/wp\/v2\/pages"}],"about":[{"href":"https:\/\/racoon.network\/index.php?rest_route=\/wp\/v2\/types\/page"}],"author":[{"embeddable":true,"href":"https:\/\/racoon.network\/index.php?rest_route=\/wp\/v2\/users\/1"}],"replies":[{"embeddable":true,"href":"https:\/\/racoon.network\/index.php?rest_route=%2Fwp%2Fv2%2Fcomments&post=5722"}],"version-history":[{"count":6,"href":"https:\/\/racoon.network\/index.php?rest_route=\/wp\/v2\/pages\/5722\/revisions"}],"predecessor-version":[{"id":9063,"href":"https:\/\/racoon.network\/index.php?rest_route=\/wp\/v2\/pages\/5722\/revisions\/9063"}],"wp:attachment":[{"href":"https:\/\/racoon.network\/index.php?rest_route=%2Fwp%2Fv2%2Fmedia&parent=5722"}],"curies":[{"name":"wp","href":"https:\/\/api.w.org\/{rel}","templated":true}]}}