{"id":5892,"date":"2023-05-03T17:55:57","date_gmt":"2023-05-03T17:55:57","guid":{"rendered":"https:\/\/racoon.network\/?page_id=5892"},"modified":"2024-05-15T08:54:44","modified_gmt":"2024-05-15T08:54:44","slug":"essen-uke-combine","status":"publish","type":"page","link":"https:\/\/racoon.network\/?page_id=5892","title":{"rendered":"Essen &#8211; UME &#8211; COMBINE"},"content":{"rendered":"\t\t<div data-elementor-type=\"wp-page\" data-elementor-id=\"5892\" class=\"elementor elementor-5892\">\n\t\t\t\t\t\t<section class=\"elementor-section elementor-top-section elementor-element elementor-element-4e236075 elementor-section-boxed elementor-section-height-default elementor-section-height-default\" data-id=\"4e236075\" data-element_type=\"section\" data-e-type=\"section\">\n\t\t\t\t\t\t<div class=\"elementor-container elementor-column-gap-default\">\n\t\t\t\t\t<div class=\"elementor-column elementor-col-100 elementor-top-column elementor-element elementor-element-74a940b1\" data-id=\"74a940b1\" data-element_type=\"column\" data-e-type=\"column\">\n\t\t\t<div class=\"elementor-widget-wrap elementor-element-populated\">\n\t\t\t\t\t\t<div class=\"elementor-element elementor-element-1614380 elementor-widget elementor-widget-text-editor\" data-id=\"1614380\" data-element_type=\"widget\" data-e-type=\"widget\" data-widget_type=\"text-editor.default\">\n\t\t\t\t<div class=\"elementor-widget-container\">\n\t\t\t\t\t\t\t\t\t<p><b data-stringify-type=\"bold\">Information nach Art. 13, 14, 26 DS-GVO<\/b><\/p><p><strong>RACOON<\/strong><\/p><p>Unser Klinikum nimmt an dem deutschlandweiten Projekt RACOON teil. RACOON ist ein vom Bundesministerium f\u00fcr Bildung und Forschung gef\u00f6rdertes Projekt zur Entwicklung von Bildanalyseverfahren und k\u00fcnstlicher Intelligenz zum besseren Verst\u00e4ndnis von COVID-19 und \u00e4hnlichen Erkrankungen. Es soll helfen, die Diagnostik und Therapieentscheidungen im Management von COVID-19 und verwandten Erkrankungen zu verbessern.<\/p><p>RACOON ist eine Forschungsinfrastruktur, die auf einem einzigartigen hybriden Netzwerkinfrastrukturkonzept aufbaut. Mithilfe der RACOON Infrastruktur soll es Forschenden erm\u00f6glicht gemacht werden, Forschungsprojekte mit mehreren Universit\u00e4tskliniken gemeinsam durchzuf\u00fchren, um daraus belastbare Erkenntnisse f\u00fcr die Verbesserung der Krankenversorgung abzuleiten. RACOON besteht aus bundesweit verteilten Hardwareknoten an jeder Universit\u00e4tsklinik (<strong>RACOON-NODEs<\/strong>) und einer zentralen Umgebung am Universit\u00e4tsklinikum Essen (<strong>RACOON-CENTRAL<\/strong>). Durch die erstmalige Anbindung aller universit\u00e4tsmedizinischen Institute in Deutschland entsteht die M\u00f6glichkeiten zu gro\u00dffl\u00e4chigen, bundesweiten Forschungsprojekten, welche bisher nicht umsetzbare Forschung m\u00f6glich macht. So k\u00f6nnen Wirkmechanismen von Erkrankungen, relevante Einflussfaktoren auf deren Verl\u00e4ufe untersucht werden und Erkenntnisse zu Risikofaktoren vulnerabler Patientengruppen und der Wirksamkeit von Therapieans\u00e4tzen abgeleitet werden. Mit RACOON k\u00f6nnen Forschungsprojekte mit innovativen Ans\u00e4tzen durchgef\u00fchrt werden, f\u00fcr die bisher der Zugang zu ausreichend gro\u00dfen und gut aufgearbeiteten Patientenkohorten fehlte; mittelbar flie\u00dfen die Ergebnisse erfolgreicher Studien in das Gesundheitswesen zur\u00fcck und verbessern die Behandlungsqualit\u00e4t jedes einzelnen Patienten.<\/p><p>Weitere Informationen zu RACOON finden Sie unter <a href=\"https:\/\/racoon.network\/\">https:\/\/racoon.network\/<\/a>.<\/p><p><strong>RACOON Subprojekt <em>COMBINE<\/em><\/strong><\/p><p>Wir, das Universit\u00e4tsklinikum Essen, und die im Folgenden unter 1. Genannten Stellen (<strong>Subprojektpartner<\/strong>) f\u00fchren das RACOON <em>COMBINE<\/em> (<strong>RACOON Subprojekt<\/strong>) durch. Ziel des RACOON Subprojekts ist die Entwicklung und Umsetzung einer Pipeline f\u00fcr die Extraktion COVID-spezifischer, pr\u00e4diktiver und prognostischer quantitativer Bildgebungs-Biomarker (C-QIBs), um eine umfassende Ph\u00e4notypisierung nicht nur der Erkrankung, sondern auch des Erkrankten, also seines k\u00f6rperlichen Zustands und seiner Begleiterkrankungen zu erm\u00f6glichen.<\/p><p>F\u00fcr das RACOON Subprojekt verarbeiten wir Ihre Daten, die wir im Rahmen Ihrer Behandlung bei uns erhoben haben. Vor der Verwendung f\u00fcr das RACOON Subprojekt werden zun\u00e4chst die identifizierenden Attribute (Name, Geburtsdatum, Adresse usw.) aus Ihrem Datensatz entfernt und die verbleibenden Daten (siehe Ziffer 3) im Rahmen eines aufw\u00e4ndigen Verfahrens in unserer RACOON-NODE unumkehrbar verhasht, sodass ein R\u00fcckschluss auf Ihre Identit\u00e4t anhand des verbleibenden Datensatzes nicht m\u00f6glich ist. Aufgrund des eingesetzten Verfahrens behandeln wir diese Daten als pseudonymisiert.<a href=\"#_ftn1\" name=\"_ftnref1\">[1]<\/a> Anschlie\u00dfend werden die Daten in RACOON-CENTRAL hochgeladen und unseren Subprojektpartnern freigegeben und von uns und unseren Subprojektpartnern zur Durchf\u00fchrung des RACOON Subprojekts verarbeitet. Ihre Daten werden von den Subprojektpartnern nicht aus RACOON-CENTRAL heruntergeladen oder lokal gespeichert. Unsere Subprojektpartner geben uns f\u00fcr diesen Zweck auch entsprechend anonymisierte Daten ihrer Patienten \u00fcber RACOON-CENTRAL frei. Ziel ist die Verbesserung der Datenlage zur Beantwortung relevanter, medizinischer Fragen und die langfristig resultierende Verbesserung der medizinischen Infrastruktur.<\/p><ol><li><strong>Wer sind die Verantwortlichen und Datenschutzbeauftragten?<\/strong><\/li><\/ol><p>Wir, und die im Folgenden genannten Stellen, arbeiten bei dem RACOON Subprojekt eng zusammen. Aufgrund der Zusammenarbeit verarbeiten wir Ihre personenbezogenen Daten auch teilweise gemeinsam.<\/p><p>Zur Gew\u00e4hrleistung Ihrer Rechte und unter Ber\u00fccksichtigung der Vorgaben der EU-Datenschutz-Grundverordnung (DS-GVO) haben wir eine Vereinbarung geschlossen, die Regeln \u00fcber die Verarbeitung Ihrer personenbezogenen Daten aufstellt. Als sog. Gemeinsame Verantwortliche (nach Art. 26 DS-GVO) sind wir gemeinsam f\u00fcr die Verarbeitung Ihrer Daten verantwortlich.<\/p><p>Verantwortliche gem. Art. 4 Abs. 7 DS-GVO sind:<\/p><ol><li>Universit\u00e4tsklinikum <em><u>Aachen<\/u><\/em><\/li><li>Universit\u00e4tsklinikum <em><u>Augsburg<\/u><\/em><\/li><li>Charite &#8211; Universit\u00e4tsmedizin <em><u>Berlin<\/u><\/em><\/li><li>Universit\u00e4tsklinikum <em><u>Bielefeld<\/u><\/em><\/li><li>Universit\u00e4tsklinikum <em><u>Bochum<\/u><\/em><\/li><li>Universit\u00e4tsklinikum <em><u>Bonn<\/u><\/em><\/li><li>Universit\u00e4tsklinikum <em><u>Dresden<\/u><\/em><\/li><li>Universit\u00e4tsklinikum <em><u>D\u00fcsseldorf<\/u><\/em><\/li><li>Universit\u00e4tsklinikum <em><u>Erlangen<\/u><\/em><\/li><li>Universit\u00e4tsklinikum <em><u>Essen<\/u><\/em><\/li><li>Universit\u00e4tsklinikum <em><u>Frankfurt<\/u><\/em><\/li><li>Universit\u00e4tsklinikum <em><u>Freiburg<\/u><\/em><\/li><li>Universit\u00e4tsklinikum <em><u>Gie\u00dfen-Marburg, Gie\u00dfen<\/u><\/em><\/li><li>Universit\u00e4tsklinikum <em><u>Gie\u00dfen-Marburg, Marburg<\/u><\/em><\/li><li>Universit\u00e4tsklinikum <em><u>G\u00f6ttingen<\/u><\/em><\/li><li>Universit\u00e4tsklinikum <em><u>Greifswald<\/u><\/em><\/li><li>Universit\u00e4tsklinikum <em><u>Halle<\/u><\/em><\/li><li>Universit\u00e4tsklinikum <em><u>Hamburg<\/u><\/em><\/li><li>Universit\u00e4tsklinikum <em><u>Hannover<\/u><\/em><\/li><li>Universit\u00e4tsklinikum <em><u>Heidelberg<\/u><\/em><\/li><li>Universit\u00e4tsklinikum <em><u>Homburg<\/u><\/em><\/li><li>Universit\u00e4tsklinikum <em><u>Jena<\/u><\/em><\/li><li>Universit\u00e4tsklinikum <em><u>K\u00f6ln<\/u><\/em><\/li><li>Universit\u00e4tsklinikum <em><u>Leipzig<\/u><\/em><\/li><li>Universit\u00e4tsklinikum <em><u>Magdeburg<\/u><\/em><\/li><li>Universit\u00e4tsklinikum <em><u>Mainz<\/u><\/em><\/li><li>Universit\u00e4tsklinikum <em><u>Mannheim<\/u><\/em><\/li><li>Universit\u00e4tsklinikum der <em><u>LMU M\u00fcnchen<\/u><\/em><\/li><li>Universit\u00e4tsklinikum der <em><u>TU M\u00fcnchen<\/u><\/em><\/li><li>Universit\u00e4tsklinikum <em><u>M\u00fcnster<\/u><\/em><\/li><li>Universit\u00e4tsklinikum <em><u>Oldenburg<\/u><\/em><\/li><li>Universit\u00e4tsklinikum <em><u>Regensburg<\/u><\/em><\/li><li>Universit\u00e4tsklinikum <em><u>Rostock<\/u><\/em><\/li><li>Universit\u00e4tsklinikum <em><u>Schleswig-Holstein, L\u00fcbeck<\/u><\/em><\/li><li>Universit\u00e4tsklinikum <em><u>Schleswig-Holstein Kiel<\/u><\/em><\/li><li>Universit\u00e4tsklinikum <em><u>T\u00fcbingen<\/u><\/em><\/li><li>Universit\u00e4tsklinikum <em><u>Ulm<\/u><\/em><\/li><li>Universit\u00e4tsklinikum <em><u>W\u00fcrzburg<\/u><\/em><\/li><\/ol><p>\u00a0<\/p><p>Die Anschriften der verantwortlichen Institutionen finden Sie in Abschnitt 10.<\/p><p>Unsere Datenschutzbeauftragten erreichen Sie unter:<\/p><p>Universit\u00e4tsklinikum Essen<br \/>Anstalt des \u00f6ffentlichen Rechts<br \/>Herr Christian Hecke<br \/>Datenschutzbeauftragter<br \/>Hufelandstr. 55, 45147 Essen<br \/>E-Mail-Adresse: <a href=\"mailto:datenschutz@uk-essen.de\">datenschutz@uk-essen.de<\/a><br \/>Telefon: 0049\/ (0)201-7236315<\/p><ol start=\"2\"><li><strong>Zu welchem Zweck und nach welcher Rechtsgrundlage werden die Daten verarbeitet?<\/strong><\/li><\/ol><p>Wir und unsere Subprojektpartner verarbeiten die Daten zum Zwecke der Durchf\u00fchrung des RACOON Subprojekt. Rechtsgrundlage ist Art. 6 Abs. 1 lit. e bzw. f, Art. 9 Abs. 2 lit. j DS-GVO in Verbindung mit den f\u00fcr die Projektpartner einschl\u00e4gigen (landes-)rechtlichen Vorschriften.<\/p><p><strong>\u00a0<\/strong><\/p><ol start=\"3\"><li><strong>Welche Kategorien von Daten werden verarbeitet?<\/strong><\/li><\/ol><p>Wir verarbeiten im Rahmen des RACOON Subprojekts Ihre pseudonymisierten Behandlungsdaten. Hierzu geh\u00f6ren eine gehashte (verschl\u00fcsselte) Patienten-ID sowie medizinische Daten, wie medizinische Bilddaten (CT- und R\u00f6ntgenaufnahmen) und deren Metainformationen, anamnestische Informationen, Arztbriefe und Diagnosen, Laborwerte, Ergebnisse histologischer, mikrobiologischer, virologischer und pathologischer Untersuchungen, Krankheitsverl\u00e4ufe, Vitalparameter und Outcome Parameter, Messwerte oder statistische Auswertungen, welche auf Basis der medizinischen Bilddatens\u00e4tze und komplement\u00e4ren Datens\u00e4tzen erstellt werden. Dies umfasst besondere Kategorien personenbezogener Daten i.S.d. Art. 9 Abs. 1 DS-GVO, n\u00e4mlich Gesundheitsdaten i.S.d. Art. 4 Nr. 15 DS-GVO.<\/p><ol start=\"4\"><li><strong>Wer sind die Empf\u00e4nger der Daten?<\/strong><\/li><\/ol><p>Ihre Daten werden streng zweckgebunden und nur im notwendigen Umfang im Rahmen einer Auftragsverarbeitung an unseren IT- und Hostingdienstleister Mint Medical GmbH weitergeleitet. Au\u00dferdem erhalten unsere Subprojektpartner Zugang zu den freigegeben Daten in RACOON-CENTRAL.<\/p><ol start=\"5\"><li><strong>Wie lange werden die Daten gespeichert?<\/strong><\/li><\/ol><p>Ihre Daten werden so lange gespeichert, wie wir sie zur Durchf\u00fchrung des RACOON Subprojekts ben\u00f6tigen. Das RACOON Subprojekt ist nach aktuellem Projektstand bis Ende 2023 angelegt. Danach werden Ihre Daten im Rahmen der uns obliegenden Aufbewahrungsfristen (in der Regel 10 Jahre) in unserer RACOON-NODE und in RACOON-CENTRAL gespeichert. Sofern wir Ihre Daten nicht im Rahmen anderer Forschungsprojekte verwenden oder aufgrund daraus resultierender Aufbewahrungsfristen speichern m\u00fcssen, werden Ihre Daten im Anschluss gel\u00f6scht.<\/p><ol start=\"6\"><li><strong>Woher stammen die Daten?<\/strong><\/li><\/ol><p>Wir verarbeiten Daten, die wir von unseren Patienten im Rahmen der Behandlung erhoben haben. Wir verarbeiten auch die anonymisierten Daten von Patienten unserer Subprojektpartner.<\/p><ol start=\"7\"><li><strong>Rechte<\/strong><\/li><\/ol><p>Als von der Datenverarbeitung betroffene Person stehen Ihnen folgende Rechte zu, sofern diese nicht aufgrund eines Gesetzes eingeschr\u00e4nkt sind:<\/p><ul><li>Recht auf Auskunft<\/li><li>Recht auf Berichtigung<\/li><li>Recht auf L\u00f6schung<\/li><li>Recht auf Einschr\u00e4nkung der Verarbeitung<\/li><li>Recht auf Daten\u00fcbertragbarkeit<\/li><li>Recht auf Widerspruch<\/li><\/ul><p>Sie haben das Recht, sich bei einer Aufsichtsbeh\u00f6rde zu beschweren.<\/p><p>Die f\u00fcr uns zust\u00e4ndige Aufsichtsbeh\u00f6rde ist die die Landesbeauftragte f\u00fcr Datenschutz und Informationsfreiheit des Landes NRW (LDI).<\/p><ol start=\"8\"><li><strong>Wer ist mein Ansprechpartner f\u00fcr Rechte wie Auskunft oder L\u00f6schung?<\/strong><\/li><\/ol><p>Wir haben uns mit unseren Subprojektpartnern gemeinsam dar\u00fcber verst\u00e4ndigt, wie wir Ihre Rechte sicherstellen und n\u00e4her festgelegt, wer welche uns nach der DS-GVO obliegenden Verpflichtungen erf\u00fcllt. Dies betrifft insbesondere die Gew\u00e4hrleistung Ihrer Rechte als betroffene Personen und die Erf\u00fcllung der Informationspflichten nach Art. 13 und 14 DS-GVO.<\/p><p>Ansprechpartner zur Geltendmachung Ihrer Rechte ist<\/p><p><em>Prof. Dr. Dr. Jens Kleesiek (<\/em><a href=\"mailto:Jens.Kleesiek@uk-essen.de\"><em>Jens.Kleesiek@uk-essen.de<\/em><\/a><em>, Tel: 0201 723 77810)<br \/>Kim, Moon-Sung ( <\/em><a href=\"mailto:Moon-Sung.Kim@uk-essen.de\"><em>Moon-Sung.Kim@uk-essen.de<\/em><\/a><em>, Tel: 0201 723 77822)<\/em><\/p><p><em>\u00a0<\/em><\/p><p>Sie k\u00f6nnen sich zur Geltendmachung Ihrer Rechte grunds\u00e4tzlich jedoch an jede der beteiligten Stellen wenden.<\/p><ol start=\"9\"><li><strong>Wie kann ich mehr Informationen zur Datenverarbeitung erhalten?<\/strong><\/li><\/ol><p>Weitere Informationen erhalten Sie unter: <a href=\"https:\/\/racoon.network\/\">https:\/\/racoon.network\/<\/a><\/p><p>\u00a0<\/p><ol start=\"10\"><li><strong>Anschriften der verantwortlichen Institutionen<\/strong><\/li><li>Universit\u00e4tsklinikum Aachen<br \/>Klinik f\u00fcr Interventionelle und Diagnostische Radiologie<br \/>Klinikdirektorin: Univ.-Prof. Dr. med. Christiane Kuhl<br \/>Prof. Dr. Peter Isfort<br \/>Klinik f\u00fcr Diagnostische und Interventionelle Neuroradiologie<br \/>Univ.-Prof. Dr. med. Martin Wiesmann<br \/>Prof. Dr. Med. Omid Nikoubashman<br \/>Universit\u00e4tsklinikum Aachen, A\u00f6R<br \/>Pauwelsstra\u00dfe 30<br \/>52074 Aachen<\/li><li>Universit\u00e4tsklinikum Augsburg A\u00f6R<br \/>Klinik f\u00fcr Diagnostische Radiologie und Neuroradiologie<br \/>Direktor Diagnostische und Interventionelle Radiologie: Prof. Dr. Thomas Kr\u00f6ncke<br \/>Direktor Diagnostische und Interventionelle Neuroradiologie: Prof. Dr. Ansgar Berlis<br \/>Stenglinstr. 2<br \/>86156 Augsburg<\/li><li>Universit\u00e4tsklinikum Berlin<br \/>ChariteCentrum<br \/>Diagnostische und interventionelle Radiologie und Nuklearmedizin (CC 6)<br \/>Direktor: Univ. Prof. Dr. med. Bernd Hamm<br \/>PD Dr. Tobias Penzkofer<br \/>Charit\u00e9 \u2013 Universit\u00e4tsmedizin Berlin<br \/>Charit\u00e9platz 1<br \/>10117 Berlin<\/li><li>Universit\u00e4tsklinikum OWL der Universit\u00e4t Bielefeld<br \/>Campus Klinikum Lippe<br \/>Institut f\u00fcr Neuroradiologie<br \/>Ltd. OA Dr. med. Johann Philipp Addicks<br \/>Rintelner Stra\u00dfe 85<br \/>32657 Lemgo<\/li><li>Universit\u00e4tsklinikum der Ruhr-Universit\u00e4t Bochum<br \/>Diagnostische und Interventionelle Radiologie und Nuklearmedizin<br \/>Direktor: Prof. Dr. med. Volkmar Nicolas<br \/>B\u00fcrkle de la Camp Platz 1<br \/>44789 Bochum<br \/>Prof. Abolmaali (Kinderradiologie)<br \/>Katholisches Klinikum Bochum St. Josef Hospital<br \/>Gudrunstrasse 56<br \/>44791 Bochum<br \/>BG Universit\u00e4tsklinikum Bergmannsheil<br \/>Institut f\u00fcr Radiologische Diagnostik, Interventionelle Radiologie und Nuklearmedizin<br \/>Direktor: Prof. Dr. med. Volkmar Nicolas<br \/>B\u00fcrkle de la Camp-Platz 1<br \/>44789 Bochum<\/li><li>Universit\u00e4tsklinikum Bonn<br \/>Klinik f\u00fcr Interventionelle und Diagnostische Radiologie<br \/>Klinikdirektorin: Univ.-Prof. Dr. med. Ulrike Attenberger<br \/>Venusberg-Campus 1<br \/>53127 Bonn<\/li><li>Universit\u00e4tsklinikum Carl Gustav Carus Dresden<\/li><\/ol><p>Institut und Poliklinik f\u00fcr Diagnostische und Interventionelle Radiologie<\/p><p>Direktor: Prof. Dr. med. Ralf-Thorsten Hoffmann<\/p><p>Institut und Poliklinik f\u00fcr Diagnostische und Interventionelle Neuroradiologie<\/p><p>Direktor: Prof. Dr. med. Jennifer Linn<\/p><p>Fetscherstra\u00dfe 74<\/p><p>01307 Dresden<\/p><ol start=\"8\"><li>Universit\u00e4tsklinikum D\u00fcsseldorf<\/li><\/ol><p>Institut f\u00fcr Diagnostische und Interventionelle Radiologie<\/p><p>Direktor: Univ.-Prof. Dr. med. Gerald Antoch<\/p><p>Moorenstr. 5<\/p><p>40225 D\u00fcsseldorf<\/p><ol start=\"9\"><li>Universit\u00e4tsklinikum Erlangen<\/li><\/ol><p>Radiologisches Institut<\/p><p>Direktor: Prof. Dr. med. Michael Uder<\/p><p>PD Dr. med. Matthias May<\/p><p>Maximiliansplatz 3<\/p><p>91054 Erlangen<\/p><p>Neuroradiologisches Institut<\/p><p>Direktor: Prof. Dr. med. Arnd D\u00f6rfler<\/p><p>PD Dr. Med. Manuel Schmidt<\/p><p>Schwabachanlage 6<\/p><p>91054 Erlangen<\/p><ol start=\"10\"><li>Universit\u00e4tsklinikum Essen<\/li><\/ol><p>Institut f\u00fcr Diagnostische und Interventionelle Radiologie und Neuroradiologie<\/p><p>Direktor: Univ.-Prof. Dr. med. Michael Forsting<\/p><p>Prof. Dr. Dr. Jens Kleesiek<\/p><p>Hufelandstra\u00dfe 55<\/p><p>45147 Essen<\/p><ol start=\"11\"><li>Universit\u00e4tsklinikum Frankfurt<\/li><\/ol><p>Institut f\u00fcr Interventionelle und Diagnostische Radiologie<\/p><p>Klinikdirektor: Prof. Dr. Thomas J. Vogl<\/p><p>Dr. Andreas Bucher<\/p><p>Kinderradiologie: Prof. Dr. Thomas J. Vogl<\/p><p>Dr. Sebastian Fischer<\/p><p>Theodor-Stern-Kai 7<\/p><p>Haus 23C, UG, Radiologie<\/p><p>60590 Frankfurt<\/p><p>Institut f\u00fcr Neuroradiologie<\/p><p>Prof. Dr. Elke Hattingen<\/p><p>Universit\u00e4tsklinikum Frankfurt<\/p><p>Schleusenweg 2-16<\/p><p>Haus 95, EG<\/p><p>60528 Frankfurt am Main<\/p><ol start=\"12\"><li>Universit\u00e4tsklinikum Freiburg<\/li><\/ol><p>Klinik f\u00fcr Diagnostische und Interventionelle Radiologie<\/p><p>Direktor: Prof. Dr. Fabian Bamberg<\/p><p>Hugstetter Stra\u00dfe 55<\/p><p>Klinik f\u00fcr Neuroradiologie<\/p><p>Direktor: Prof. Dr. Horst Urbauch<\/p><p>Breisacher Stra\u00dfe 64<\/p><p>79106 Freiburg<\/p><ol start=\"13\"><li>Justus-Liebig-Universit\u00e4t Gie\u00dfen<\/li><\/ol><p>Klinik f\u00fcr Diagnostische und Interventionelle Radiologie<\/p><p>Direktorin: Univ.-Prof. Dr. Gabriele A. Krombach<\/p><p>Abteilung f\u00fcr Neuroradiologie: Prof. Dr. Tobias Struffert<\/p><p>Klinikstr. 33<\/p><p>35392 Gie\u00dfen<\/p><ol start=\"14\"><li>Philipps-Universit\u00e4t Marburg<\/li><\/ol><p>Klinik f\u00fcr Diagnostische und Interventionelle Radiologie<\/p><p>Klinikdirektor: Prof. Dr. Andreas H. Mahnken<\/p><p>\u00c4rztlicher Direktor Klinik f\u00fcr Neuroradiologie Prof. Dr. med. Andr\u00e9 Kemmling<\/p><p>Baldingerstrasse<\/p><p>35043 Marburg<\/p><ol start=\"15\"><li>Universit\u00e4tsmedizin G\u00f6ttingen<\/li><\/ol><p>Institut f\u00fcr Diagnostische und Interventionelle Radiologie<\/p><p>Direktor: Prof. Dr. med. Joachim Lotz<\/p><p>Bereichsleiter Kinderradiologie: Dr. J\u00fcrgen Gronau<\/p><p>Institut f\u00fcr Diagnostische und Interventionelle Neuroradiologie<\/p><p>Direktor: Prof. Dr. Christian Riedel<\/p><p>Georg-August-Universit\u00e4t<\/p><p>Robert-Koch-Stra\u00dfe 40<\/p><p>37075 G\u00f6ttingen<\/p><ol start=\"16\"><li>Universit\u00e4tsmedizin Greifswald<\/li><\/ol><p>Zentrum f\u00fcr Radiologie<\/p><p>Klinik und Poliklinik f\u00fcr Nuklearmedizin<\/p><p>Prof. Dr. med. Norbert Hosten<\/p><p>Fleischmannstra\u00dfe 42 &#8211; 44<\/p><p>17475 Greifswald<\/p><p>Institut f\u00fcr Diagnostische Radiologie und Neuroradiologie<\/p><p>Prof. Dr. med. Norbert Hosten<\/p><p>Ferdinand-Sauerbruch-Stra\u00dfe<\/p><p>17475 Greifswald<\/p><ol start=\"17\"><li>Universit\u00e4tsklinikum Halle (Saale)<\/li><\/ol><p>Universit\u00e4tsklinik und Poliklinik f\u00fcr Radiologie<\/p><p>Direktor: Univ.-Prof. Dr. Dr. Walter A. Wohlgemuth<\/p><p>Ernst-Grube-Str. 40<\/p><p>06097 Halle (Saale)<\/p><ol start=\"18\"><li>Universit\u00e4tsklinikum Hamburg-Eppendorf (Kd\u00f6R)<\/li><\/ol><p>dieses vertreten durch den Vorstand<\/p><p>mit der Klinik f\u00fcr Diagnostische und Interventionelle Radiologie und Nuklearmedizin<\/p><p>unter der Leitung von Prof. Dr. med. Gerhard Adam<\/p><p>mit der P\u00e4diatrischen Radiologie<\/p><p>unter der Leitung von PD Dr. med. Jochen Herrmann<\/p><p>mit der Klinik f\u00fcr Neuroradiologische Diagnostik und Intervention<\/p><p>unter der Leitung von PD Dr. med. Gabriel Broocks<\/p><p>Martinistra\u00dfe 52<\/p><p>20246 Hamburg<\/p><ol start=\"19\"><li>Medizinische Hochschule Hannover<\/li><\/ol><p>Institut f\u00fcr Diagnostische und Interventionelle Radiologie<\/p><p>Direktor: Prof. Dr. med. F. Wacker<\/p><p>Institut f\u00fcr Diagnostische und Interventionelle Neuroradiologie<\/p><p>Direktor: Prof. Dr. med. Heinrich Lanfermann<\/p><p>Carl-Neuberg-Str. 1<\/p><p>30625 Hannover<\/p><ol start=\"20\"><li>Universit\u00e4tsklinikum Heidelberg<\/li><\/ol><p>Institut f\u00fcr Diagnostische und Interventionelle Radiologie<\/p><p>und Deutsches Zentrum f\u00fcr Lungenforschung<\/p><p>Direktor: Prof. Dr. med. H.-U. Kauczor<\/p><p>Im Neuenheimer Feld 110<\/p><p>69120 Heidelberg<\/p><p>Deutsches Krebsforschungszentrum Heidelberg<\/p><p>Abteilung Radiologie<\/p><p>Direktor: Prof. Dr. Dipl.- Phys. Heinz-Peter Schlemmer<\/p><p>Im Neuenheimer Feld 280<\/p><p>69120 Heidelberg<\/p><p>Abteilung f\u00fcr Neuroradiologie<\/p><p>Direktor: Prof. Dr. med. Martin Bendszus<\/p><p>Im Neuenheimer Feld 400<\/p><p>69120 Heidelberg<\/p><ol start=\"21\"><li>Universit\u00e4t des Saarlandes<\/li><\/ol><p>Klinik f\u00fcr Diagnostische und Interventionelle Radiologie<\/p><p>Klinikdirektor: Prof. Dr. med. Arno B\u00fccker<\/p><p>Kirrbergerstra\u00dfe<\/p><p>66424 Homburg \/Saar<\/p><ol start=\"22\"><li>Universit\u00e4tsklinikum Jena<\/li><\/ol><p>Institut f\u00fcr Diagnostische und Interventionelle Radiologie<\/p><p>Klinikdirektor: Prof. Dr. med. Ulf Teichgr\u00e4ber<\/p><p>Dipl.-Inf. Felix G\u00fcttler<\/p><p>Am Klinikum 1<\/p><p>07747 Jena<\/p><ol start=\"23\"><li>Universit\u00e4tsklinikum K\u00f6ln<\/li><\/ol><p>Institut f\u00fcr Diagnostische und Interventionelle Radiologie<\/p><p>Direktor: Univ.-Prof. Dr. David Maintz<\/p><p>Kerpener Stra\u00dfe 62<\/p><p>50937 K\u00f6ln<\/p><ol start=\"24\"><li>Universit\u00e4tsklinikum Leipzig<\/li><\/ol><p>Klinik und Poliklinik f\u00fcr Diagnostische und Interventionelle Radiologie<\/p><p>Prof. Dr. Timm Denecke<\/p><p>Institut f\u00fcr Neuroradiologie<\/p><p>Prof. Dr. Karl-Titus Hoffmann<\/p><p>Liebigstra\u00dfe 20, Haus 4<\/p><p>04103 Leipzig<\/p><p>Institut f\u00fcr Kinderradiologie<\/p><p>Prof. Dr. Franz Wolfgang Hirsch<\/p><p>Liebigstra\u00dfe 20a, Haus 6<\/p><p>04103 Leipzig<\/p><p>Stiftungsprofessur f\u00fcr kardiale Bildgebung am Herzzentrum Leipzig<\/p><p>Prof. Dr. Matthias Gutberlet<\/p><p>Str\u00fcmpellstra\u00dfe 39<\/p><p>04289 Leipzig<\/p><ol start=\"25\"><li>Universit\u00e4tsmedizin Magdeburg<\/li><\/ol><p>Medizinische Fakult\u00e4t der Otto-von-Guericke-Universit\u00e4t Magdeburg und Universit\u00e4tsklinikum Magdeburg A.\u00f6.R.<\/p><p>Universit\u00e4tsklinik f\u00fcr Radiologie und Nuklearmedizin<\/p><p>Direktor: Prof. Dr. med. Maciej Pech<\/p><p>Leipziger Str. 44<\/p><p>39120 Magdeburg<\/p><ol start=\"26\"><li>Universit\u00e4tsmedizin der Johannes-Gutenberg-Universit\u00e4t Mainz<\/li><\/ol><p>Klinik und Poliklinik f\u00fcr Diagnostische und Interventionelle Radiologie<\/p><p>Direktor: Univ.-Prof. Dr. C. D\u00fcber<\/p><p>Leitung Sektion Kinderradiologie: Univ.-Prof. Dr. G. Staatz<\/p><p>Klinik und Poliklinik f\u00fcr Neuroradiologie<\/p><p>Direktor: Univ.-Prof. Dr. M. Brockmann<\/p><p>Langenbeckstr. 1<\/p><p>55131 Mainz<\/p><ol start=\"27\"><li>Universit\u00e4tsmedizin Mannheim<\/li><\/ol><p>Medizinische Fakult\u00e4t Mannheim der Universit\u00e4t Heidelberg<\/p><p>Klinik f\u00fcr Radiologie und Nuklearmedizin<\/p><p>Direktor: Prof. Dr. med. Stefan Sch\u00f6nberg<\/p><p>Abteilung f\u00fcr Neuroradiologie<\/p><p>Direktor: Prof. Dr. med. Christoph Groden<\/p><p>Sektion f\u00fcr Kinderradiologie<\/p><p>Leitung: PD Dr. med. Meike Weis.<\/p><p>Theodor-Kutzer-Ufer 1-3<\/p><p>68167 Mannheim<\/p><ol start=\"28\"><li>Universit\u00e4tsklinikum M\u00fcnchen LMU<\/li><\/ol><p>Klinik und Poliklinik f\u00fcr Radiologie<\/p><p>Klinikdirektor: Prof. Dr. med. Jens Ricke<\/p><p>Prof. Dr. Michael Ingrisch<\/p><p>Klinik und Poliklinik f\u00fcr Radiologie Institut f\u00fcr Diagnostische und Interventionelle Neuroradiologie<\/p><p>Institutsdirektor: Prof. Dr. Thomas Liebig<\/p><p>Klinikum der Universit\u00e4t M\u00fcnchen<\/p><p>Marchioninistr. 15<\/p><p>81377 M\u00fcnchen<\/p><ol start=\"29\"><li>Universit\u00e4tsklinikum M\u00fcnchen TU<\/li><\/ol><p>Institut f\u00fcr diagnostische und interventionelle Radiologie<\/p><p>Klinikum rechts der Isar der Technischen Universit\u00e4t M\u00fcnchen<\/p><p>Prof. Dr. med. Marcus R. Makowski<\/p><p>PD Dr. Rickmer Braren<\/p><p>Ismaninger Stra\u00dfe 22<\/p><p>81675 M\u00fcnchen<\/p><ol start=\"30\"><li>Universit\u00e4tsklinikum M\u00fcnster<\/li><\/ol><p>Klinik f\u00fcr Radiologie<\/p><p>Univ.-Prof. Dr. med. Walter Heindel<\/p><p>Albert-Schweitzer-Campus 1<\/p><p>Geb\u00e4ude A1<\/p><p>48149 M\u00fcnster<\/p><ol start=\"31\"><li>Carl von Ossietzky Universit\u00e4t Oldenburg<\/li><\/ol><p>Vertreten durch den Pr\u00e4sidenten Prof. Dr. Ralph Bruder<\/p><p>Ammerl\u00e4nder Heerstr. 114-118<\/p><p>26129 Oldenburg<\/p><p>Ausf\u00fchrende Stelle: Fakult\u00e4t VI \u2013 Department f\u00fcr Medizinische Physik und Akustik, Abt. f\u00fcr Medizinische Strahlenphysik<\/p><p>Verantwortlicher Hochschullehrer: Prof. Dr. Bj\u00f6rn Poppe<\/p><p>Pius-Hospital Oldenburg<\/p><p>Institut f\u00fcr Diagnostische und Interventionelle Radiologie<\/p><p>Institutsleitung: PD Dr. med. Alexander Kluge<\/p><p>Georgstra\u00dfe 12<\/p><p>26121 Oldenburg<\/p><p>Evangelisches Krankenhaus Oldenburg<\/p><p>Institut f\u00fcr Radiologie und Neuroradiologie<\/p><p>Institutsleitung: PD. Dr. med. Christian Mathys<\/p><p>Steinweg 13-17<\/p><p>26122 Oldenburg<\/p><ol start=\"32\"><li>Universit\u00e4tsklinikum Regensburg<\/li><\/ol><p>Institut f\u00fcr R\u00f6ntgendiagnostik<\/p><p>Direktor: Prof. Dr. Christian Stroszczynski<\/p><p>Franz-Josef-Strau\u00df-Allee 11<\/p><p>93053 Regensburg<\/p><ol start=\"33\"><li>Universit\u00e4tsmedizin Rostock<\/li><\/ol><p>Institut f\u00fcr Diagnostische und Interventionelle Radiologie,<\/p><p>Kinder- und Neuroradiologie<\/p><p>Direktor: Prof. Dr. med. Marc-Andr\u00e9 Weber, M. Sc.<\/p><p>Ernst-Heydemann-Str. 6<\/p><p>18057 Rostock<\/p><ol start=\"34\"><li>Universit\u00e4tsklinikum Schleswig-Holstein, Campus L\u00fcbeck<\/li><\/ol><p>Klinik f\u00fcr Radiologie und Nuklearmedizin<\/p><p>Direktor: Prof. Dr. J\u00f6rg Barkhausen<\/p><p>Institut f\u00fcr Neuroradiologie<\/p><p>Direktor: Prof. Dr. Peter Schramm<\/p><p>Ratzeburger Allee 160<\/p><p>23538 L\u00fcbeck<\/p><ol start=\"35\"><li>Universit\u00e4tsklinikum Schleswig-Holstein, Campus Kiel<\/li><\/ol><p>Klinik f\u00fcr Radiologie und Neuroradiologie<\/p><p>Direktor: Prof. Dr. Olav Jansen<\/p><p>Anorld-Heller-Stra\u00dfe 3<\/p><p>24105 Kiel<\/p><ol start=\"36\"><li>Universit\u00e4tsklinikum T\u00fcbingen<\/li><\/ol><p>Abteilung f\u00fcr Diagnostische und Interventionelle Radiologie<\/p><p>Direktor: Prof. Dr. med. Konstantin Nikolaou<\/p><p>PD Dr. Ahmed Othman, Dr. Saif Afat<\/p><p>\u00c4rztliche Direktorin: Prof. Dr. Ulrike Ernemann<\/p><p>Abteilung f\u00fcr Kinderradiologie<\/p><p>Leitung: Prof. Dr. J\u00fcrgen Sch\u00e4fer<\/p><p>Hoppe-Seyler-Stra\u00dfe 3<\/p><p>72076 T\u00fcbingen<\/p><ol start=\"37\"><li>Universit\u00e4tsklinikum Ulm<\/li><\/ol><p>Klinik f\u00fcr Diagnostische und Interventionelle Radiologie<\/p><p>Klinikdirektor: Prof. Dr. Meinrad Beer<\/p><p>Sektion Neuroradiologie: Prof. Dr. Bernd Schmitz<\/p><p>Albert-Einstein-Allee 23<\/p><p>89081 Ulm<\/p><ol start=\"38\"><li>Universit\u00e4tsklinikum W\u00fcrzburg<\/li><\/ol><p>Institut f\u00fcr Diagnostische und Interventionelle Radiologie<\/p><p>Direktor: Univ.-Prof. Dr. med. Thorsten Bley<\/p><p>Dr. med. Philipp Feldle, Philipp Josef Kuhl<\/p><p>Abteilung: Kinderradiologie<\/p><p>Leiter: Dr. Med. Clemens Benoit<\/p><p>Oberd\u00fcrrbacher Stra\u00dfe 6<\/p><p>Haus A2\/A3<\/p><p>97080 W\u00fcrzburg<\/p><p>Institut f\u00fcr Diagnostische und Interventionelle Neuroradiologie<\/p><p>Direktor: Univ.-Prof. Dr. med. Mirko Pham<\/p><p>Josef-Schneider-Stra\u00dfe 11<\/p><p>Haus B1<\/p><p>97080 W\u00fcrzburg<\/p><p>\u00a0<\/p><p>\u00a0<\/p><p><a href=\"#_ftnref1\" name=\"_ftn1\">[1]<\/a>\u00a0\u00a0 Andere Subprojektpartner ordnen Ihre Daten m\u00f6glicherweise aufgrund unterschiedlicher gesetzlicher Anforderungen in anderen Bundesl\u00e4ndern anders ein als wir. Die Sicherheit Ihrer Daten ist jedoch gleichbleibend gew\u00e4hrleistet.<\/p><p>\u00a0<\/p>\t\t\t\t\t\t\t\t<\/div>\n\t\t\t\t<\/div>\n\t\t\t\t\t<\/div>\n\t\t<\/div>\n\t\t\t\t\t<\/div>\n\t\t<\/section>\n\t\t\t\t<\/div>\n\t\t","protected":false},"excerpt":{"rendered":"<p>Information nach Art. 13, 14, 26 DS-GVO RACOON Unser Klinikum nimmt an dem deutschlandweiten Projekt RACOON teil. RACOON ist ein vom Bundesministerium f\u00fcr Bildung und Forschung gef\u00f6rdertes Projekt zur Entwicklung von Bildanalyseverfahren und k\u00fcnstlicher Intelligenz zum besseren Verst\u00e4ndnis von COVID-19 und \u00e4hnlichen Erkrankungen. Es soll helfen, die Diagnostik und Therapieentscheidungen &hellip;<\/p>\n<p class=\"read-more\"> <a class=\"\" href=\"https:\/\/racoon.network\/?page_id=5892\"> <span class=\"screen-reader-text\">Essen &#8211; UME &#8211; COMBINE<\/span>Read More &raquo;<\/a><\/p>\n","protected":false},"author":1,"featured_media":0,"parent":0,"menu_order":0,"comment_status":"closed","ping_status":"closed","template":"","meta":{"inline_featured_image":false,"footnotes":""},"class_list":["post-5892","page","type-page","status-publish","hentry"],"pbg_featured_image_src":{"full":false,"thumbnail":false,"medium":false,"medium_large":false,"large":false,"leap-image-100x100":false,"1536x1536":false,"2048x2048":false},"pbg_author_info":{"display_name":"admin","author_link":"https:\/\/racoon.network\/?author=1","author_img":"<img alt='admin' src='https:\/\/secure.gravatar.com\/avatar\/8931e98758e400caba5ef80ef255d639487b3d190ea2bc1f3e8bc8317605a2a5?s=128&#038;d=mm&#038;r=g' srcset='https:\/\/secure.gravatar.com\/avatar\/8931e98758e400caba5ef80ef255d639487b3d190ea2bc1f3e8bc8317605a2a5?s=256&#038;d=mm&#038;r=g 2x' class='avatar avatar-128 photo' height='128' width='128' decoding='async'\/>"},"pbg_comment_info":" No Comments","pbg_excerpt":"Information nach Art. 13, 14, 26 DS-GVO RACOON Unser Klinikum nimmt an dem deutschlandweiten Projekt RACOON teil. RACOON ist ein vom Bundesministerium f\u00fcr Bildung und Forschung gef\u00f6rdertes Projekt zur Entwicklung von Bildanalyseverfahren und k\u00fcnstlicher Intelligenz zum besseren Verst\u00e4ndnis von COVID-19 und \u00e4hnlichen Erkrankungen. Es soll helfen, die Diagnostik und Therapieentscheidungen &hellip; Essen &#8211; UME &#8211;&hellip;","_links":{"self":[{"href":"https:\/\/racoon.network\/index.php?rest_route=\/wp\/v2\/pages\/5892","targetHints":{"allow":["GET"]}}],"collection":[{"href":"https:\/\/racoon.network\/index.php?rest_route=\/wp\/v2\/pages"}],"about":[{"href":"https:\/\/racoon.network\/index.php?rest_route=\/wp\/v2\/types\/page"}],"author":[{"embeddable":true,"href":"https:\/\/racoon.network\/index.php?rest_route=\/wp\/v2\/users\/1"}],"replies":[{"embeddable":true,"href":"https:\/\/racoon.network\/index.php?rest_route=%2Fwp%2Fv2%2Fcomments&post=5892"}],"version-history":[{"count":7,"href":"https:\/\/racoon.network\/index.php?rest_route=\/wp\/v2\/pages\/5892\/revisions"}],"predecessor-version":[{"id":7578,"href":"https:\/\/racoon.network\/index.php?rest_route=\/wp\/v2\/pages\/5892\/revisions\/7578"}],"wp:attachment":[{"href":"https:\/\/racoon.network\/index.php?rest_route=%2Fwp%2Fv2%2Fmedia&parent=5892"}],"curies":[{"name":"wp","href":"https:\/\/api.w.org\/{rel}","templated":true}]}}