{"id":6339,"date":"2023-06-09T13:35:53","date_gmt":"2023-06-09T13:35:53","guid":{"rendered":"https:\/\/racoon.network\/?page_id=6339"},"modified":"2023-06-09T13:40:29","modified_gmt":"2023-06-09T13:40:29","slug":"muenster-ukm-combine","status":"publish","type":"page","link":"https:\/\/racoon.network\/?page_id=6339","title":{"rendered":"M\u00fcnster &#8211; UKM &#8211; COMBINE"},"content":{"rendered":"\n<h6 class=\"wp-block-heading\">Anlage 7: Information nach Art. 13, 14,&nbsp;26 DS-GVO<\/h6>\n\n\n\n<p><strong>RACOON<\/strong><\/p>\n\n\n\n<p>Unser Klinikum nimmt an dem deutschlandweiten Projekt RACOON (RECO) teil. RACOON (RECO) ist ein vom Bundesministerium f\u00fcr Bildung und Forschung gef\u00f6rdertes Projekt zur Entwicklung von Bildanalyseverfahren und k\u00fcnstlicher Intelligenz zum besseren Verst\u00e4ndnis von COVID-19 und \u00e4hnlichen Erkrankungen. Es soll helfen, die Diagnostik und Therapieentscheidungen im Management von COVID-19 und verwandten Erkrankungen zu verbessern.<\/p>\n\n\n\n<p>RACOON ist eine Forschungsinfrastruktur, die auf einem einzigartigen hybriden Netzwerkinfrastrukturkonzept aufbaut. Mithilfe der RACOON Infrastruktur soll es Forschenden erm\u00f6glicht gemacht werden, Forschungsprojekte mit mehreren Universit\u00e4tskliniken gemeinsam durchzuf\u00fchren, um daraus belastbare Erkenntnisse f\u00fcr die Verbesserung der Krankenversorgung abzuleiten. RACOON besteht aus bundesweit verteilten Hardwareknoten an jeder Universit\u00e4tsklinik (<strong>RACOON-NODEs<\/strong>) und einer zentralen Umgebung am Universit\u00e4tsklinikum Essen (<strong>RACOON-CENTRAL<\/strong>). Durch die erstmalige Anbindung aller universit\u00e4tsmedizinischen Institute in Deutschland entsteht die M\u00f6glichkeiten zu gro\u00dffl\u00e4chigen, bundesweiten Forschungsprojekten, welche bisher nicht umsetzbare Forschung m\u00f6glich macht. So k\u00f6nnen Wirkmechanismen von Erkrankungen, relevante Einflussfaktoren auf deren Verl\u00e4ufe untersucht werden und Erkenntnisse zu Risikofaktoren vulnerabler Patientengruppen und der Wirksamkeit von Therapieans\u00e4tzen abgeleitet werden. Mit RACOON k\u00f6nnen Forschungsprojekte mit innovativen Ans\u00e4tzen durchgef\u00fchrt werden, f\u00fcr die bisher der Zugang zu ausreichend gro\u00dfen und gut aufgearbeiteten Patientenkohorten fehlte; mittelbar flie\u00dfen die Ergebnisse erfolgreicher Studien in das Gesundheitswesen zur\u00fcck und verbessern die Behandlungsqualit\u00e4t jedes einzelnen Patienten.<\/p>\n\n\n\n<p>Weitere Informationen zu RACOON finden Sie unter <a href=\"https:\/\/racoon.network\/\">https:\/\/racoon.network\/<\/a>.<\/p>\n\n\n\n<p><strong>RACOON Subprojekt Phase 1 (RACOON RECO)<\/strong><\/p>\n\n\n\n<p>Wir, das Universit\u00e4tsklinikum M\u00fcnster, und die im Folgenden unter 1. Genannten Stellen (Subprojektpartner) f\u00fchren das RACOON Subprojekt RACOON-COMBINE (RACOON Subprojekt) durch. Ziel des RACOON Subprojekts ist die Entwicklung und Umsetzung einer Pipeline f\u00fcr die Extraktion COVID-spezifischer, pr\u00e4diktiver und prognostischer quantitativer Bildgebungs-Biomarker (C-QIBs), um eine umfassende Ph\u00e4notypisierung nicht nur der Erkrankung, sondern auch des Erkrankten, also seines k\u00f6rperlichen Zustands und seiner Begleiterkrankungen zu erm\u00f6glichen.<\/p>\n\n\n\n<ul class=\"wp-block-list\"><\/ul>\n\n\n\n<ol class=\"wp-block-list\" type=\"1\">\n<li><strong>Wer sind die Verantwortlichen und Datenschutzbeauftragten?<\/strong><\/li>\n<\/ol>\n\n\n\n<p>Wir, und die im Folgenden genannten Stellen, arbeiten bei dem RACOON Subprojekt eng zusammen. Aufgrund der Zusammenarbeit verarbeiten wir Ihre personenbezogenen Daten auch teilweise gemeinsam.<\/p>\n\n\n\n<p>Zur Gew\u00e4hrleistung Ihrer Rechte und unter Ber\u00fccksichtigung der Vorgaben der EU-Datenschutz-Grundverordnung (DS-GVO) haben wir eine Vereinbarung geschlossen, die Regeln \u00fcber die Verarbeitung Ihrer personenbezogenen Daten aufstellt. Als sog. Gemeinsame Verantwortliche (nach Art. 26 DS-GVO) sind wir gemeinsam f\u00fcr die Verarbeitung Ihrer Daten verantwortlich.<\/p>\n\n\n\n<p>Verantwortliche gem. Art. 4 Abs. 7 DS-GVO sind<\/p>\n\n\n\n<p><em>Universit\u00e4tsklinikum M\u00fcnster<br>Klinik f\u00fcr Radiologie<br>Univ.-Prof. Dr. med. Walter Heindel<br>Albert-Schweitzer-Campus 1, Geb\u00e4ude A1<br>48149 M\u00fcnster<br><\/em><a href=\"mailto:radiologie@ukmuenster.de\"><em>radiologie@ukmuenster.de<\/em><\/a><\/p>\n\n\n\n<p>und au\u00dferdem unsere Subprojektpartner<\/p>\n\n\n\n<ol class=\"wp-block-list\" type=\"1\">\n<li>Universit\u00e4tsklinikum Aachen, Klinik f\u00fcr Interventionelle und Diagnostische Radiologie<\/li>\n\n\n\n<li>Universit\u00e4tsklinikum Augsburg, Klinik f\u00fcr Diagnostische Radiologie und Neuroradiologie<\/li>\n\n\n\n<li>Universit\u00e4tsklinikum Berlin (Charit\u00e9), Diagnostische und interventionelle Radiologie und Nuklearmedizin<\/li>\n\n\n\n<li>Universit\u00e4tsklinikum OWL der Universit\u00e4t Bielefeld, Campus Klinikum Lippe, Institut f\u00fcr Neuroradiologie<\/li>\n\n\n\n<li>Universit\u00e4tsklinikum der Ruhr-Universit\u00e4t Bochum, Diagnostische und Interventionelle Radiologie und Nuklearmedizin<\/li>\n\n\n\n<li>Universit\u00e4tsklinikum Bonn, Klinik f\u00fcr Interventionelle und Diagnostische Radiologie<\/li>\n\n\n\n<li>Universit\u00e4tsklinikum Carl Gustav Carus Dresden, Institut und Poliklinik f\u00fcr Diagnostische und Interventionelle Radiologie<\/li>\n\n\n\n<li>Universit\u00e4tsklinikum D\u00fcsseldorf, Institut f\u00fcr Diagnostische und Interventionelle Radiologie<\/li>\n\n\n\n<li>Universit\u00e4tsklinikum Erlangen, Radiologisches Institut<\/li>\n\n\n\n<li>Universit\u00e4tsklinikum Essen, Institut f\u00fcr Diagnostische und Interventionelle Radiologie und Neuroradiologie<\/li>\n\n\n\n<li>Universit\u00e4tsklinikum Frankfurt, Institut f\u00fcr Interventionelle und Diagnostische Radiologie<\/li>\n\n\n\n<li>Universit\u00e4tsklinikum Freiburg, Klinik f\u00fcr Diagnostische und Interventionelle Radiologie<\/li>\n\n\n\n<li>Universit\u00e4tsklinikum G\u00f6ttingen, Institut f\u00fcr Diagnostische und Interventionelle Radiologie<\/li>\n\n\n\n<li>Justus-Liebig-Universit\u00e4t Gie\u00dfen, Klinik f\u00fcr Diagnostische und Interventionelle Radiologie<\/li>\n\n\n\n<li>Universit\u00e4tsmedizin G\u00f6ttingen, Institut f\u00fcr Diagnostische und Interventionelle Radiologie<\/li>\n\n\n\n<li>Universit\u00e4tsmedizin Greifswald, Zentrum f\u00fcr Radiologie<\/li>\n\n\n\n<li>Universit\u00e4tsklinikum Halle (Saale), Universit\u00e4tsklinik und Poliklinik f\u00fcr Radiologie<\/li>\n\n\n\n<li>Universit\u00e4tsklinikum Hamburg-Eppendorf, Diagnostische und Interventionelle Radiologie und Nuklearmedizin, P\u00e4diatrische Radiologie und Klinik f\u00fcr Neuroradiologische Diagnostik und Intervention<\/li>\n\n\n\n<li>Medizinische Hochschule Hannover, Institut f\u00fcr Diagnostische und Interventionelle Radiologie<\/li>\n\n\n\n<li>Universit\u00e4tsklinikum Heidelberg und Deutsches Zentrum f\u00fcr Lungenforschung, Institut f\u00fcr Diagnostische und Interventionelle Radiologie<\/li>\n\n\n\n<li>Universit\u00e4t des Saarlandes, Klinik f\u00fcr Diagnostische und Interventionelle Radiologie<\/li>\n\n\n\n<li>Universit\u00e4tsklinikum Homburg, Klinik f\u00fcr Diagnostische und Interventionelle Radiologie<\/li>\n\n\n\n<li>Universit\u00e4tsklinikum Jena, Institut f\u00fcr Diagnostische und Interventionelle Radiologie<\/li>\n\n\n\n<li>Universit\u00e4tsklinikum K\u00f6ln, Institut f\u00fcr Diagnostische und Interventionelle Radiologie<\/li>\n\n\n\n<li>Universit\u00e4tsklinikum Leipzig, Klinik und Poliklinik f\u00fcr Diagnostische und Interventionelle Radiologie, Institut f\u00fcr Neuroradiologie, Institut f\u00fcr Kinderradiologie, Stiftungsprofessur f\u00fcr kardiale Bildgebung am Herzzentrum Leipzig<\/li>\n\n\n\n<li>Universit\u00e4tsklinikum Magdeburg, Universit\u00e4tsklinik f\u00fcr Radiologie und Nuklearmedizin<\/li>\n\n\n\n<li>Universit\u00e4tsmedizin der Johannes-Gutenberg-Universit\u00e4t Mainz, Klinik und Poliklinik f\u00fcr Diagnostische und Interventionelle Radiologie<\/li>\n\n\n\n<li>Universit\u00e4tsmedizin Mannheim, Klinik f\u00fcr Radiologie und Nuklearmedizin<\/li>\n\n\n\n<li>Philipps-Universit\u00e4t Marburg, Klinik f\u00fcr Diagnostische und Interventionelle Radiologie<\/li>\n\n\n\n<li>Universit\u00e4tsklinikum M\u00fcnchen LMU, Klinik und Poliklinik f\u00fcr Radiologie, Klinik und Poliklinik f\u00fcr Radiologie Institut f\u00fcr Diagnostische und Interventionelle Neuroradiologie<\/li>\n\n\n\n<li>Universit\u00e4tsklinikum M\u00fcnchen TU, Institut f\u00fcr diagnostische und interventionelle Radiologie<\/li>\n\n\n\n<li>Carl von Ossietzky Universit\u00e4t Oldenburg, Institut f\u00fcr Diagnostische und Interventionelle Radiologie, Institut f\u00fcr Radiologie und Neuroradiologie<\/li>\n\n\n\n<li>Universit\u00e4tsklinikum Regensburg, Institut f\u00fcr R\u00f6ntgendiagnostik<\/li>\n\n\n\n<li>Universit\u00e4tsmedizin Rostock, Institut f\u00fcr Diagnostische und Interventionelle Radiologie, Kinder- und Neuroradiologie<\/li>\n\n\n\n<li>Universit\u00e4tsklinikum Schleswig-Holstein, Klinik f\u00fcr Radiologie und Neuroradiologie (Campus Kiel), Klinik f\u00fcr Radiologie und Nuklearmedizin (Campus L\u00fcbeck), Institut f\u00fcr Neuroradiologie<\/li>\n\n\n\n<li>Universit\u00e4tsklinikum T\u00fcbingen, Abteilung f\u00fcr Diagnostische und Interventionelle Radiologie<\/li>\n\n\n\n<li>Universit\u00e4tsklinikum Ulm, Klinik f\u00fcr Diagnostische und Interventionelle Radiologie<\/li>\n\n\n\n<li>Universit\u00e4tsklinikum W\u00fcrzburg, Institut f\u00fcr Diagnostische und Interventionelle Radiologie<\/li>\n<\/ol>\n\n\n\n<p>Die ladungsf\u00e4higen Anschriften der verantwortlichen Institutionen finden Sie in Abschnitt 10.<\/p>\n\n\n\n<p>Unsere Datenschutzbeauftragten erreichen Sie unter<\/p>\n\n\n\n<p><em>Datenschutzbeauftragter des Universit\u00e4tsklinikums M\u00fcnster<br>Albert-Schweizer-Campus 1, Geb\u00e4ude D5<br>48149 M\u00fcnster<br>datenschutz@ukmuenster.de<\/em><\/p>\n\n\n\n<ol class=\"wp-block-list\" start=\"2\">\n<li><strong>Zu welchem Zweck und nach welcher Rechtsgrundlage werden die Daten verarbeitet?<\/strong><\/li>\n<\/ol>\n\n\n\n<p>Wir und unsere Subprojektpartner verarbeiten die Daten zum Zwecke der Durchf\u00fchrung des RACOON Subprojekt. Rechtsgrundlage ist Art. 9 Abs. 2 lit. j DS-GVO i.V.m. \u00a7\u00a7 5, 6 Abs. 2 S. 2, Abs. 4 GDSG NW.<\/p>\n\n\n\n<p><strong>Welche Kategorien von Daten werden verarbeitet?<\/strong><\/p>\n\n\n\n<p>Wir verarbeiten im Rahmen des RACOON-Projekts Ihre pseudonymisierten Behandlungsdaten. Hierzu geh\u00f6ren eine gehashte (verschl\u00fcsselte) Patienten-ID sowie medizinische Daten, wie medizinische Bilddaten (CT- und R\u00f6ntgenaufnahmen) und deren Metainformationen, anamnestische Informationen, Arztbriefe und Diagnosen, Laborwerte, Ergebnisse histologischer, mikrobiologischer, virologischer und pathologischer Untersuchungen, Krankheitsverl\u00e4ufe, Vitalparameter und Outcome Parameter, Messwerte oder statistische Auswertungen, welche auf Basis der medizinischen Bilddatens\u00e4tze und komplement\u00e4ren Datens\u00e4tzen erstellt werden. Dies umfasst besondere Kategorien personenbezogener Daten i.S.d. Art. 9 Abs. 1 DS-GVO, n\u00e4mlich Gesundheitsdaten i.S.d. Art. 4 Nr. 15 DS-GVO.<\/p>\n\n\n\n<ol class=\"wp-block-list\" start=\"3\">\n<li><strong>Wer sind die Empf\u00e4nger der Daten?<\/strong><\/li>\n<\/ol>\n\n\n\n<p>Ihre Daten werden streng zweckgebunden und nur im notwendigen Umfang im Rahmen einer Auftragsverarbeitung an unseren IT- und Hostingdienstleister Mint Medical GmbH weitergeleitet. Au\u00dferdem erhalten unsere Subprojektpartner Zugang zu den freigegebenen Daten in RACOON-CENTRAL.<\/p>\n\n\n\n<ol class=\"wp-block-list\" start=\"4\">\n<li><strong>Wie lange werden die Daten gespeichert?<\/strong><\/li>\n<\/ol>\n\n\n\n<p>Ihre Daten werden so lange gespeichert, wie wir sie zur Durchf\u00fchrung des RACOON Projekts ben\u00f6tigen. Das RACOON Projekt ist nach aktuellem Projektstand bis Ende 2024 angelegt. Danach werden Ihre Daten im Rahmen der uns obliegenden Aufbewahrungsfristen (in der Regel bis zu 10 Jahre) in unserer RACOON-NODE und in RACOON-CENTRAL gespeichert. Sofern wir Ihre Daten nicht im Rahmen anderer Forschungsprojekte verwenden oder aufgrund daraus resultierender Aufbewahrungsfristen speichern m\u00fcssen, werden Ihre Daten im Anschluss gel\u00f6scht.<\/p>\n\n\n\n<ol class=\"wp-block-list\" start=\"5\">\n<li><strong>Woher stammen die Daten?<\/strong><\/li>\n<\/ol>\n\n\n\n<p>Wir verarbeiten ausschlie\u00dflich Daten, die wir von unseren Patienten im Rahmen der Routine-Behandlung erhoben haben. Wir verarbeiten auch die pseudonymisierten Daten von Patienten unserer Subprojektpartner.<\/p>\n\n\n\n<ol class=\"wp-block-list\" start=\"6\">\n<li><strong>Rechte<\/strong><\/li>\n<\/ol>\n\n\n\n<p>Als von der Datenverarbeitung betroffene Person stehen Ihnen folgende Rechte zu, sofern diese nicht aufgrund eines Gesetzes eingeschr\u00e4nkt sind:<\/p>\n\n\n\n<ul class=\"wp-block-list\">\n<li>Recht auf Auskunft<\/li>\n\n\n\n<li>Recht auf Berichtigung<\/li>\n\n\n\n<li>Recht auf L\u00f6schung<\/li>\n\n\n\n<li>Recht auf Einschr\u00e4nkung der Verarbeitung<\/li>\n\n\n\n<li>Recht auf Daten\u00fcbertragbarkeit<\/li>\n\n\n\n<li>Recht auf Widerspruch<\/li>\n<\/ul>\n\n\n\n<p>Sie haben das Recht, sich bei einer Aufsichtsbeh\u00f6rde zu beschweren.<\/p>\n\n\n\n<p>Die f\u00fcr uns zust\u00e4ndige Aufsichtsbeh\u00f6rde ist:<\/p>\n\n\n\n<p>Landesbeauftragte f\u00fcr Datenschutz und Informationsfreiheit<br>Nordrhein-Westfalen<br>Postfach 20 04 44<\/p>\n\n\n\n<p>40102 D\u00fcsseldorf<br>Tel.: 0211\/38424-0<\/p>\n\n\n\n<ol class=\"wp-block-list\" start=\"7\">\n<li><strong>Wer ist mein Ansprechpartner f\u00fcr Rechte wie Auskunft oder L\u00f6schung?<\/strong><\/li>\n<\/ol>\n\n\n\n<p>Wir haben uns mit unseren Subprojektpartnern gemeinsam dar\u00fcber verst\u00e4ndigt, wie wir Ihre Rechte sicherstellen und n\u00e4her festgelegt, wer welche uns nach der DS-GVO obliegenden Verpflichtungen erf\u00fcllt. Dies betrifft insbesondere die Gew\u00e4hrleistung Ihrer Rechte als betroffene Personen und die Erf\u00fcllung der Informationspflichten nach Art. 13 und 14 DS-GVO.<\/p>\n\n\n\n<p>Ansprechpartner zur Geltendmachung Ihrer Rechte ist<\/p>\n\n\n\n<p><em>Universit\u00e4tsklinikum M\u00fcnster<br>Klinik f\u00fcr Radiologie<br>Albert-Schweitzer-Campus 1, Geb\u00e4ude A1<br>48149 M\u00fcnster<br><\/em>radiologie@ukmuenster.de<\/p>\n\n\n\n<p>Sie k\u00f6nnen sich zur Geltendmachung Ihrer Rechte grunds\u00e4tzlich jedoch an jede der beteiligten Stellen wenden.<\/p>\n\n\n\n<ol class=\"wp-block-list\" start=\"8\">\n<li><strong>Wie kann ich mehr Informationen zur Datenverarbeitung erhalten?<\/strong><\/li>\n<\/ol>\n\n\n\n<p>Weitere Informationen erhalten Sie auf unserer Webseite https:\/\/racoon.network oder \u00fcber die Studienzentralen der Teilnehmenden Institute.<\/p>\n\n\n\n<ol class=\"wp-block-list\" type=\"1\" start=\"9\">\n<li><strong>Anschriften der verantwortlichen Institutionen<\/strong><\/li>\n<\/ol>\n\n\n\n<p><strong>Universit\u00e4tsklinikum Aachen<br><\/strong>Klinik f\u00fcr Interventionelle und Diagnostische Radiologie<br>Klinikdirektorin: Univ.-Prof. Dr. med. Christiane Kuhl<br>Prof. Dr. Peter Isfort<br>Klinik f\u00fcr Diagnostische und Interventionelle Neuroradiologie<br>Univ.-Prof. Dr. med. Martin Wiesmann<br>Prof. Dr. Med. Omid Nikoubashman<br>Universit\u00e4tsklinikum Aachen, A\u00f6R<br>Pauwelsstra\u00dfe 30<br>52074 Aachen<\/p>\n\n\n\n<p><strong>Universit\u00e4tsklinikum Augsburg A\u00f6R<br><\/strong>Klinik f\u00fcr Diagnostische Radiologie und Neuroradiologie<br>Direktor Diagnostische und Interventionelle Radiologie: Prof. Dr. Thomas Kr\u00f6ncke<br>Direktor Diagnostische und Interventionelle Neuroradiologie: Prof. Dr. Ansgar Berlis<br>Stenglinstr. 2<br>86156 Augsburg<\/p>\n\n\n\n<p><strong>Universit\u00e4tsklinikum Berlin<br><\/strong>ChariteCentrum<br>Diagnostische und interventionelle Radiologie und Nuklearmedizin (CC 6)<br>Direktor: Univ. Prof. Dr. med. Bernd Hamm<br>PD Dr. Tobias Penzkofer<br>Charit\u00e9 \u2013 Universit\u00e4tsmedizin Berlin<br>Charit\u00e9platz 1<br>10117 Berlin<\/p>\n\n\n\n<p><strong>Universit\u00e4tsklinikum OWL der Universit\u00e4t Bielefeld<br><\/strong>Campus Klinikum Lippe<br>Institut f\u00fcr Neuroradiologie<br>Ltd. OA Dr. med. Johann Philipp Addicks<br>Rintelner Stra\u00dfe 85<br>32657 Lemgo<br><strong>Universit\u00e4tsklinikum der Ruhr-Universit\u00e4t Bochum<br><\/strong>Diagnostische und Interventionelle Radiologie und Nuklearmedizin<br>Direktor: Prof. Dr. med. Volkmar Nicolas<br>B\u00fcrkle de la Camp Platz 1<br>44789 Bochum<br>Prof. Abolmaali (Kinderradiologie)<br>Katholisches Klinikum Bochum St. Josef Hospital<br>Gudrunstrasse 56<br>44791 Bochum<br>BG Universit\u00e4tsklinikum Bergmannsheil<br>Institut f\u00fcr Radiologische Diagnostik, Interventionelle Radiologie und Nuklearmedizin<br>Direktor: Prof. Dr. med. Volkmar Nicolas<br>B\u00fcrkle de la Camp-Platz 1<br>44789 Bochum<\/p>\n\n\n\n<p><strong>Universit\u00e4tsklinikum Bonn<br><\/strong>Klinik f\u00fcr Interventionelle und Diagnostische Radiologie<br>Klinikdirektorin: Univ.-Prof. Dr. med. Ulrike Attenberger<br>Venusberg-Campus 1<br>53127 Bonn<\/p>\n\n\n\n<p><strong>Universit\u00e4tsklinikum Carl Gustav Carus Dresden<br><\/strong>Institut und Poliklinik f\u00fcr Diagnostische und Interventionelle Radiologie<br>Direktor: Prof. Dr. med. Ralf-Thorsten Hoffmann<br>Institut und Poliklinik f\u00fcr Diagnostische und Interventionelle Neuroradiologie<br>Direktor: Prof. Dr. med. Jennifer Linn<br>Fetscherstra\u00dfe 74<br>01307 Dresden<\/p>\n\n\n\n<p><strong>Universit\u00e4tsklinikum D\u00fcsseldorf<br><\/strong>Institut f\u00fcr Diagnostische und Interventionelle Radiologie<br>Direktor: Univ.-Prof. Dr. med. Gerald Antoch<br>Moorenstr. 5<br>40225 D\u00fcsseldorf<\/p>\n\n\n\n<p><strong>Universit\u00e4tsklinikum Erlangen<br><\/strong>Radiologisches Institut<br>Direktor: Prof. Dr. med. Michael Uder<br>PD Dr. med. Matthias May<br>Maximiliansplatz 3<br>91054 Erlangen<br>Neuroradiologisches Institut<br>Direktor: Prof. Dr. med. Arnd D\u00f6rfler<br>PD Dr. Med. Manuel Schmidt<br>Schwabachanlage 6<br>91054 Erlangen<\/p>\n\n\n\n<p><strong>Universit\u00e4tsklinikum Essen<br><\/strong>Institut f\u00fcr Diagnostische und Interventionelle Radiologie und Neuroradiologie<br>Direktor: Univ.-Prof. Dr. med. Michael Forsting<br>Prof. Dr. Dr. Jens Kleesiek<br>Hufelandstra\u00dfe 55<br>45147 Essen<br><strong>Universit\u00e4tsklinikum Frankfurt<br><\/strong>Institut f\u00fcr Interventionelle und Diagnostische Radiologie<br>Klinikdirektor: Prof. Dr. Thomas J. Vogl<br>Dr. Andreas Bucher<br>Kinderradiologie: Prof. Dr. Thomas J. Vogl<br>Dr. Sebastian Fischer<br>Theodor-Stern-Kai 7<br>Haus 23C, UG, Radiologie<br>60590 Frankfurt<br>Institut f\u00fcr Neuroradiologie<br>Prof. Dr. Elke Hattingen Universit\u00e4tsklinikum Frankfurt Schleusenweg 2-16 Haus 95, EG 60528 Frankfurt am Main<br>Universit\u00e4tsklinikum Freiburg<br>Klinik f\u00fcr Diagnostische und Interventionelle Radiologie<br>Direktor: Prof. Dr. Fabian Bamberg<br>Hugstetter Stra\u00dfe 55<br>Klinik f\u00fcr Neuroradiologie<br>Direktor: Prof. Dr. Horst Urbauch<br>Breisacher Stra\u00dfe 64<br>79106 Freiburg<\/p>\n\n\n\n<p><strong>Justus-Liebig-Universit\u00e4t Gie\u00dfen<br><\/strong>Klinik f\u00fcr Diagnostische und Interventionelle Radiologie<br>Direktorin: Univ.-Prof. Dr. Gabriele A. Krombach<br>Abteilung f\u00fcr Neuroradiologie: Prof. Dr. Tobias Struffert<br>Klinikstr. 33<br>35392 Gie\u00dfen<\/p>\n\n\n\n<p><strong>Universit\u00e4tsmedizin G\u00f6ttingen<br><\/strong>Institut f\u00fcr Diagnostische und Interventionelle Radiologie<br>Direktor: Prof. Dr. med. Joachim Lotz<br>Bereichsleiter Kinderradiologie: Dr. J\u00fcrgen Gronau<br>Institut f\u00fcr Diagnostische und Interventionelle Neuroradiologie<br>Direktor: Prof. Dr. Christian Riedel<br>Georg-August-Universit\u00e4t<br>Robert-Koch-Stra\u00dfe 40<br>37075 G\u00f6ttingen<\/p>\n\n\n\n<p><strong>Universit\u00e4tsmedizin Greifswald<br><\/strong>Zentrum f\u00fcr Radiologie<br>Klinik und Poliklinik f\u00fcr Nuklearmedizin<br>Prof. Dr. med. Norbert Hosten<br>Fleischmannstra\u00dfe 42 &#8211; 44<br>17475 Greifswald<br>Institut f\u00fcr Diagnostische Radiologie und Neuroradiologie<br>Prof. Dr. med. Norbert Hosten<br>Ferdinand-Sauerbruch-Stra\u00dfe<br>17475 Greifswald<\/p>\n\n\n\n<p><strong>Universit\u00e4tsklinikum Halle (Saale)<br><\/strong>Universit\u00e4tsklinik und Poliklinik f\u00fcr Radiologie<br>Direktor: Univ.-Prof. Dr. Dr. Walter A. Wohlgemuth<br>Ernst-Grube-Str. 40<br>06097 Halle (Saale)<br><strong>Universit\u00e4tsklinikum Hamburg-Eppendorf (Kd\u00f6R)<br><\/strong>dieses vertreten durch den Vorstand<br>mit der Klinik f\u00fcr Diagnostische und Interventionelle Radiologie und Nuklearmedizin<br>unter der Leitung von Prof. Dr. med. Gerhard Adam<br>mit der P\u00e4diatrischen Radiologie<br>unter der Leitung von PD Dr. med. Jochen Herrmann<br>mit der Klinik f\u00fcr Neuroradiologische Diagnostik und Intervention<br>unter der Leitung von PD Dr. med. Gabriel Broocks<br>Martinistra\u00dfe 52<br>20246 Hamburg<\/p>\n\n\n\n<p><strong>Medizinische Hochschule Hannover<br><\/strong>Institut f\u00fcr Diagnostische und Interventionelle Radiologie<br>Direktor: Prof. Dr. med. F. Wacker<br>Institut f\u00fcr Diagnostische und Interventionelle Neuroradiologie Direktor: Prof. Dr. med. Heinrich Lanfermann<br>Carl-Neuberg-Str. 1<br>30625 Hannover<\/p>\n\n\n\n<p><strong>Universit\u00e4tsklinikum Heidelberg<br><\/strong>Institut f\u00fcr Diagnostische und Interventionelle Radiologie<br>und Deutsches Zentrum f\u00fcr Lungenforschung<br>Direktor: Prof. Dr. med. H.-U. Kauczor<br>Im Neuenheimer Feld 110<br>69120 Heidelberg<br>Deutsches Krebsforschungszentrum Heidelberg<br>Abteilung Radiologie<br>Direktor: Prof. Dr. Dipl.- Phys. Heinz-Peter Schlemmer<br>Im Neuenheimer Feld 280<br>69120 Heidelberg<br>Abteilung f\u00fcr Neuroradiologie<br>Direktor: Prof. Dr. med. Martin Bendszus<br>Im Neuenheimer Feld 400<br>69120 Heidelberg<\/p>\n\n\n\n<p><strong>Universit\u00e4t des Saarlandes<br><\/strong>Klinik f\u00fcr Diagnostische und Interventionelle Radiologie<br>Klinikdirektor: Prof. Dr. med. Arno B\u00fccker<br>Kirrbergerstra\u00dfe<br>66424 Homburg \/Saar<\/p>\n\n\n\n<p><strong>Universit\u00e4tsklinikum Jena<br><\/strong>Institut f\u00fcr Diagnostische und Interventionelle Radiologie<br>Klinikdirektor: Prof. Dr. med. Ulf Teichgr\u00e4ber<br>Dipl.-Inf. Felix G\u00fcttler<br>Am Klinikum 1<br>07747 Jena<\/p>\n\n\n\n<p><strong>Universit\u00e4tsklinikum K\u00f6ln<br><\/strong>Institut f\u00fcr Diagnostische und Interventionelle Radiologie<br>Direktor: Univ.-Prof. Dr. David Maintz<br>Kerpener Stra\u00dfe 62<br>50937 K\u00f6ln<br><strong>Universit\u00e4tsklinikum Leipzig<br><\/strong>Klinik und Poliklinik f\u00fcr Diagnostische und Interventionelle Radiologie<br>Prof. Dr. Timm Denecke<br>Institut f\u00fcr Neuroradiologie<br>Prof. Dr. Karl-Titus Hoffmann<br>Liebigstra\u00dfe 20, Haus 4<br>04103 Leipzig<br>Institut f\u00fcr Kinderradiologie<br>Prof. Dr. Franz Wolfgang Hirsch<br>Liebigstra\u00dfe 20a, Haus 6<br>04103 Leipzig<br>Stiftungsprofessur f\u00fcr kardiale Bildgebung am Herzzentrum Leipzig<br>Prof. Dr. Matthias Gutberlet<br>Str\u00fcmpellstra\u00dfe 39<br>04289 Leipzig<\/p>\n\n\n\n<p><strong>Universit\u00e4tsmedizin Magdeburg<\/strong><br>Medizinische Fakult\u00e4t der Otto-von-Guericke-Universit\u00e4t Magdeburg und Universit\u00e4tsklinikum Magdeburg A.\u00f6.R.<br>Universit\u00e4tsklinik f\u00fcr Radiologie und Nuklearmedizin<br>Direktor: Prof. Dr. med. Maciej Pech<br>Leipziger Str. 44<br>39120 Magdeburg<\/p>\n\n\n\n<p><strong>Universit\u00e4tsmedizin der Johannes-Gutenberg-Universit\u00e4t Mainz<\/strong><br>Klinik und Poliklinik f\u00fcr Diagnostische und Interventionelle Radiologie<br>Direktor: Univ.-Prof. Dr. C. D\u00fcber<br>Leitung Sektion Kinderradiologie: Univ.-Prof. Dr. G. Staatz<br>Klinik und Poliklinik f\u00fcr Neuroradiologie<br>Direktor: Univ.-Prof. Dr. M. Brockmann<br>Langenbeckstr. 1<br>55131 Mainz<\/p>\n\n\n\n<p><strong>Universit\u00e4tsmedizin Mannheim<\/strong><br>Medizinische Fakult\u00e4t Mannheim der Universit\u00e4t Heidelberg<br>Klinik f\u00fcr Radiologie und Nuklearmedizin<br>Direktor: Prof. Dr. med. Stefan Sch\u00f6nberg<br>&nbsp;Abteilung f\u00fcr Neuroradiologie<br>Direktor: Prof. Dr. med. Christoph Groden<br>Sektion f\u00fcr Kinderradiologie<br>&nbsp;Leitung: PD Dr. med. Meike Weis.<br>Theodor-Kutzer-Ufer 1-3<br>68167 Mannheim<br>Philipps-Universit\u00e4t Marburg<br>Klinik f\u00fcr Diagnostische und Interventionelle Radiologie<br>Klinikdirektor: Prof. Dr. Andreas H. Mahnken<br>\u00c4rztlicher Direktor Klinik f\u00fcr Neuroradiologie Prof. Dr. med. Andr\u00e9 Kemmling<br>Baldingerstrasse<br>35043 Marburg<\/p>\n\n\n\n<p><strong>Universit\u00e4tsklinikum M\u00fcnchen LMU<\/strong><br>Klinik und Poliklinik f\u00fcr Radiologie<br>Klinikdirektor: Prof. Dr. med. Jens Ricke<br>Prof. Dr. Michael Ingrisch<br>Klinik und Poliklinik f\u00fcr Radiologie Institut f\u00fcr Diagnostische und Interventionelle Neuroradiologie<br>Institutsdirektor: Prof. Dr. Thomas Liebig<br>Klinikum der Universit\u00e4t M\u00fcnchen<br>Marchioninistr. 15<br>81377 M\u00fcnchen<br><\/p>\n\n\n\n<p><strong>Universit\u00e4tsklinikum M\u00fcnchen TU<br><\/strong>Institut f\u00fcr diagnostische und interventionelle Radiologie<br>Klinikum rechts der Isar der Technischen Universit\u00e4t M\u00fcnchen<br>Prof. Dr. med. Marcus R. Makowski<br>PD Dr. Rickmer Braren<br>Ismaninger Stra\u00dfe 22<br>81675 M\u00fcnchen<\/p>\n\n\n\n<p><strong>Universit\u00e4tsklinikum M\u00fcnster<br><\/strong>Klinik f\u00fcr Radiologie<br>Univ.-Prof. Dr. med. Walter Heindel<br>Albert-Schweitzer-Campus 1<br>Geb\u00e4ude A1<br>48149 M\u00fcnster<\/p>\n\n\n\n<p><strong>Carl von Ossietzky Universit\u00e4t Oldenburg<br><\/strong>Vertreten durch den Pr\u00e4sidenten Prof. Dr. Ralph Bruder<br>Ammerl\u00e4nder Heerstr. 114-118<br>26129 Oldenburg<br>Ausf\u00fchrende Stelle: Fakult\u00e4t VI \u2013 Department f\u00fcr Medizinische Physik und Akustik, Abt. f\u00fcr Medizinische Strahlenphysik Verantwortlicher Hochschullehrer: Prof. Dr. Bj\u00f6rn Poppe<br>Pius-Hospital Oldenburg<br>Institut f\u00fcr Diagnostische und Interventionelle Radiologie<br>Institutsleitung: PD Dr. med. Alexander Kluge<br>Georgstra\u00dfe 12<br>26121 Oldenburg<br>Evangelisches Krankenhaus Oldenburg<br>Institut f\u00fcr Radiologie und Neuroradiologie<br>Institutsleitung: PD. Dr. med. Christian Mathys<br>Steinweg 13-17<br>26122 Oldenburg<\/p>\n\n\n\n<p><strong>Universit\u00e4tsklinikum Regensburg<br><\/strong>Institut f\u00fcr R\u00f6ntgendiagnostik<br>Direktor: Prof. Dr. Christian Stroszczynski<br>Franz-Josef-Strau\u00df-Allee 11<br>93053 Regensburg<\/p>\n\n\n\n<p><strong>Universit\u00e4tsmedizin Rostock<br><\/strong>Institut f\u00fcr Diagnostische und Interventionelle Radiologie,<br>Kinder- und Neuroradiologie<br>Direktor: Prof. Dr. med. Marc-Andr\u00e9 Weber, M. Sc.<br>Ernst-Heydemann-Str. 6<br>18057 Rostock<br><br><strong>Universit\u00e4tsklinikum Schleswig-Holstein, Campus Kiel<br><\/strong>Klinik f\u00fcr Radiologie und Neuroradiologie<br>Direktor: Prof. Dr. Olav Jansen<br>Anorld-Heller-Stra\u00dfe 3 24105 Kiel<br>Universit\u00e4tsklinikum Schleswig-Holstein, Campus L\u00fcbeck<br>Klinik f\u00fcr Radiologie und Nuklearmedizin<br>Direktor: Prof. Dr. J\u00f6rg Barkhausen<br>Institut f\u00fcr Neuroradiologie<br>Direktor: Prof. Dr. Peter Schramm<br>Ratzeburger Allee 160<br>23538 L\u00fcbeck<\/p>\n\n\n\n<p><strong>Universit\u00e4tsklinikum T\u00fcbingen<br><\/strong>Abteilung f\u00fcr Diagnostische und Interventionelle Radiologie<br>Direktor: Prof. Dr. med. Konstantin Nikolaou<br>PD Dr. Ahmed Othman, Dr. Saif Afat<br>\u00c4rztliche Direktorin: Prof. Dr. Ulrike Ernemann<br>Abteilung f\u00fcr Kinderradiologie<br>Leitung: Prof. Dr. J\u00fcrgen Sch\u00e4fer<br>Hoppe-Seyler-Stra\u00dfe 3<br>72076 T\u00fcbingen<\/p>\n\n\n\n<p><strong>Universit\u00e4tsklinikum Ulm<br><\/strong>Klinik f\u00fcr Diagnostische und Interventionelle Radiologie<br>Klinikdirektor: Prof. Dr. Meinrad Beer<br>Sektion Neuroradiologie: Prof. Dr. Bernd Schmitz<br>Albert-Einstein-Allee 23<br>89081 Ulm<\/p>\n\n\n\n<p><strong>Universit\u00e4tsklinikum W\u00fcrzburg<br><\/strong>Institut f\u00fcr Diagnostische und Interventionelle Radiologie<br>Direktor: Univ.-Prof. Dr. med. Thorsten Bley<br>Dr. med. Philipp Feldle, Philipp Josef Kuhl<br>Abteilung: Kinderradiologie<br>Leiter: Dr. Med. Clemens Benoit<br>Oberd\u00fcrrbacher Stra\u00dfe 6<br>Haus A2\/A3<br>97080 W\u00fcrzburg<br>Institut f\u00fcr Diagnostische und Interventionelle Neuroradiologie<br>Direktor: Univ.-Prof. Dr. med. Mirko Pham<br>Josef-Schneider-Stra\u00dfe 11<br>Haus B1<br>97080 W\u00fcrzburg<\/p>\n","protected":false},"excerpt":{"rendered":"<p>Anlage 7: Information nach Art. 13, 14,&nbsp;26 DS-GVO RACOON Unser Klinikum nimmt an dem deutschlandweiten Projekt RACOON (RECO) teil. RACOON (RECO) ist ein vom Bundesministerium f\u00fcr Bildung und Forschung gef\u00f6rdertes Projekt zur Entwicklung von Bildanalyseverfahren und k\u00fcnstlicher Intelligenz zum besseren Verst\u00e4ndnis von COVID-19 und \u00e4hnlichen Erkrankungen. Es soll helfen, die &hellip;<\/p>\n<p class=\"read-more\"> <a class=\"\" href=\"https:\/\/racoon.network\/?page_id=6339\"> <span class=\"screen-reader-text\">M\u00fcnster &#8211; UKM &#8211; COMBINE<\/span>Read More &raquo;<\/a><\/p>\n","protected":false},"author":1,"featured_media":0,"parent":0,"menu_order":0,"comment_status":"closed","ping_status":"closed","template":"","meta":{"inline_featured_image":false,"footnotes":""},"class_list":["post-6339","page","type-page","status-publish","hentry"],"pbg_featured_image_src":{"full":false,"thumbnail":false,"medium":false,"medium_large":false,"large":false,"leap-image-100x100":false,"1536x1536":false,"2048x2048":false},"pbg_author_info":{"display_name":"admin","author_link":"https:\/\/racoon.network\/?author=1","author_img":"<img alt='admin' src='https:\/\/secure.gravatar.com\/avatar\/8931e98758e400caba5ef80ef255d639487b3d190ea2bc1f3e8bc8317605a2a5?s=128&#038;d=mm&#038;r=g' srcset='https:\/\/secure.gravatar.com\/avatar\/8931e98758e400caba5ef80ef255d639487b3d190ea2bc1f3e8bc8317605a2a5?s=256&#038;d=mm&#038;r=g 2x' class='avatar avatar-128 photo' height='128' width='128' decoding='async'\/>"},"pbg_comment_info":" No Comments","pbg_excerpt":"Anlage 7: Information nach Art. 13, 14,&nbsp;26 DS-GVO RACOON Unser Klinikum nimmt an dem deutschlandweiten Projekt RACOON (RECO) teil. RACOON (RECO) ist ein vom Bundesministerium f\u00fcr Bildung und Forschung gef\u00f6rdertes Projekt zur Entwicklung von Bildanalyseverfahren und k\u00fcnstlicher Intelligenz zum besseren Verst\u00e4ndnis von COVID-19 und \u00e4hnlichen Erkrankungen. Es soll helfen, die &hellip; M\u00fcnster &#8211; UKM &#8211;&hellip;","_links":{"self":[{"href":"https:\/\/racoon.network\/index.php?rest_route=\/wp\/v2\/pages\/6339","targetHints":{"allow":["GET"]}}],"collection":[{"href":"https:\/\/racoon.network\/index.php?rest_route=\/wp\/v2\/pages"}],"about":[{"href":"https:\/\/racoon.network\/index.php?rest_route=\/wp\/v2\/types\/page"}],"author":[{"embeddable":true,"href":"https:\/\/racoon.network\/index.php?rest_route=\/wp\/v2\/users\/1"}],"replies":[{"embeddable":true,"href":"https:\/\/racoon.network\/index.php?rest_route=%2Fwp%2Fv2%2Fcomments&post=6339"}],"version-history":[{"count":3,"href":"https:\/\/racoon.network\/index.php?rest_route=\/wp\/v2\/pages\/6339\/revisions"}],"predecessor-version":[{"id":6347,"href":"https:\/\/racoon.network\/index.php?rest_route=\/wp\/v2\/pages\/6339\/revisions\/6347"}],"wp:attachment":[{"href":"https:\/\/racoon.network\/index.php?rest_route=%2Fwp%2Fv2%2Fmedia&parent=6339"}],"curies":[{"name":"wp","href":"https:\/\/api.w.org\/{rel}","templated":true}]}}